{"id":639025,"date":"2025-11-21T06:06:21","date_gmt":"2025-11-21T04:06:21","guid":{"rendered":"https:\/\/carpe-sol.com\/immobilien\/zadar-diklovac-wohnung-12911-m2-zu-verkaufen-neu-lage-garten\/"},"modified":"2025-06-04T17:07:05","modified_gmt":"2025-06-04T15:07:05","slug":"zadar-diklovac-wohnung-12911-m2-zu-verkaufen-neu-lage-garten","status":"publish","type":"immobilien","link":"https:\/\/carpe-sol.com\/de\/immobilien\/zadar-diklovac-wohnung-12911-m2-zu-verkaufen-neu-lage-garten\/","title":{"rendered":"ZADAR &#8211; DIKLOVAC, WOHNUNG 129,11 M2 ZU VERKAUFEN, NEU, LAGE, GARTEN!!!"},"content":{"rendered":"<p>Zadar &#8211; Diklovac, Dreizimmerwohnung von 129,11 m2 zum Verkauf im Erdgeschoss eines Wohngeb\u00e4udes mit insgesamt drei Wohnungen aus dem Jahr 2023, hochwertige Bauweise mit thermischem Ziegelsteinblock und AB-Konstruktion, W\u00e4rmed\u00e4mmung der Fassade mit einer Dicke von 10 cm Styropor, der Boden ist mit dreischichtigem Natureichenparkett und Fliesen ausgelegt, die Fenster sind aus PVC-Material, elektrische Fu\u00dfbodenheizung in der gesamten Wohnung \u00fcber W\u00e4rmepumpen, an den Schlafzimmerfenstern gibt es elektrische Jalousien und Moskitonetze. Im Wohnzimmer gibt es hebbare Schiebew\u00e4nde mit elektrischen Au\u00dfenjalousien, jedes Zimmer verf\u00fcgt \u00fcber eine eigene Multisplit-Klimaanlage, hochwertige feuer-, einbruch- und rauchsichere Eingangst\u00fcren.<br \/>\n .<br \/>\n Es besteht aus: drei Schlafzimmern, Wohnzimmer + K\u00fcche + Esszimmer, Flur, zwei Badezimmern und einer \u00fcberdachten Terrasse.<br \/>\n .<br \/>\n Es befindet sich in ausgezeichneter Lage, 500 m vom Meer und Strand entfernt, in der N\u00e4he von Gesch\u00e4ften, Caf\u00e9s, Restaurants und allen anderen Annehmlichkeiten, die f\u00fcr einen angenehmen Urlaub und ein angenehmes Leben notwendig sind!!!<br \/>\n .<br \/>\n Es verf\u00fcgt \u00fcber einen Garten von 103,10 m2, einen Au\u00dfenparkplatz, eine Garage von 24,70 m2 und einen Abstellraum von 11,92 m2.<br \/>\n .<br \/>\n Die Dokumentation ist in Ordnung.<br \/>\n .<br \/>\n Geplanter Einzug Sommer\/2024.<\/p>\n","protected":false},"author":4,"featured_media":1020756,"template":"","meta":{"_acf_changed":false,"footnotes":""},"building_condition":[252],"features":[171,225,173],"haus_typ":[],"heating":[288,228,175],"kategorie":[290],"location_feature":[],"parking":[],"utility":[179,232,231,261,180,257,230,260],"class_list":["post-639025","immobilien","type-immobilien","status-publish","has-post-thumbnail","hentry","building_condition-neu","features-garten","features-speisekammer","features-terrasse","heating-boden","heating-elektrizitat","heating-wechselstrom","kategorie-wohnung","utility-elektrizitaet","utility-dsl-de","utility-klaergrube","utility-kanal","utility-telefon","utility-voda","utility-wasser","utility-wasser-de"],"acf":[],"yoast_head":"<!-- This site is optimized with the Yoast SEO plugin v26.4 - https:\/\/yoast.com\/wordpress\/plugins\/seo\/ -->\n<title>ZADAR - DIKLOVAC, WOHNUNG 129,11 M2 ZU VERKAUFEN, NEU, LAGE, GARTEN!!! - CARPE SOL IMMOBILIEN<\/title>\n<meta name=\"description\" content=\"Zadar - Diklovac, Dreizimmerwohnung von 129,11 m2 zum Verkauf im Erdgeschoss eines Wohngeb\u00e4udes mit insgesamt drei Wohnungen aus dem Jahr 2023,\" \/>\n<meta name=\"robots\" content=\"index, follow, max-snippet:-1, max-image-preview:large, max-video-preview:-1\" \/>\n<link rel=\"canonical\" href=\"https:\/\/carpe-sol.com\/de\/immobilien\/zadar-diklovac-wohnung-12911-m2-zu-verkaufen-neu-lage-garten\/\" \/>\n<meta property=\"og:locale\" content=\"de_DE\" \/>\n<meta property=\"og:type\" content=\"article\" \/>\n<meta property=\"og:title\" content=\"ZADAR - DIKLOVAC, WOHNUNG 129,11 M2 ZU VERKAUFEN, NEU, LAGE, GARTEN!!! - CARPE SOL IMMOBILIEN\" \/>\n<meta property=\"og:description\" content=\"Zadar - Diklovac, Dreizimmerwohnung von 129,11 m2 zum Verkauf im Erdgeschoss eines Wohngeb\u00e4udes mit insgesamt drei Wohnungen aus dem Jahr 2023,\" \/>\n<meta property=\"og:url\" content=\"https:\/\/carpe-sol.com\/de\/immobilien\/zadar-diklovac-wohnung-12911-m2-zu-verkaufen-neu-lage-garten\/\" \/>\n<meta property=\"og:site_name\" content=\"CARPE SOL IMMOBILIEN\" \/>\n<meta property=\"og:image\" content=\"https:\/\/carpe-sol.com\/wp-content\/uploads\/2025\/09\/39561-1-1.jpg\" \/>\n\t<meta property=\"og:image:width\" content=\"1920\" \/>\n\t<meta property=\"og:image:height\" content=\"1030\" \/>\n\t<meta property=\"og:image:type\" content=\"image\/jpeg\" \/>\n<meta name=\"twitter:card\" content=\"summary_large_image\" \/>\n<meta name=\"twitter:label1\" content=\"Est. reading time\" \/>\n\t<meta name=\"twitter:data1\" content=\"1 minute\" \/>\n<script type=\"application\/ld+json\" class=\"yoast-schema-graph\">{\"@context\":\"https:\/\/schema.org\",\"@graph\":[{\"@type\":\"WebPage\",\"@id\":\"https:\/\/carpe-sol.com\/de\/immobilien\/zadar-diklovac-wohnung-12911-m2-zu-verkaufen-neu-lage-garten\/\",\"url\":\"https:\/\/carpe-sol.com\/de\/immobilien\/zadar-diklovac-wohnung-12911-m2-zu-verkaufen-neu-lage-garten\/\",\"name\":\"ZADAR - DIKLOVAC, WOHNUNG 129,11 M2 ZU VERKAUFEN, NEU, LAGE, GARTEN!!! - CARPE SOL IMMOBILIEN\",\"isPartOf\":{\"@id\":\"https:\/\/carpe-sol.com\/hr\/#website\"},\"primaryImageOfPage\":{\"@id\":\"https:\/\/carpe-sol.com\/de\/immobilien\/zadar-diklovac-wohnung-12911-m2-zu-verkaufen-neu-lage-garten\/#primaryimage\"},\"image\":{\"@id\":\"https:\/\/carpe-sol.com\/de\/immobilien\/zadar-diklovac-wohnung-12911-m2-zu-verkaufen-neu-lage-garten\/#primaryimage\"},\"thumbnailUrl\":\"https:\/\/carpe-sol.com\/wp-content\/uploads\/2025\/11\/39561-1-1.jpg\",\"datePublished\":\"2025-11-21T04:06:21+00:00\",\"description\":\"Zadar - Diklovac, Dreizimmerwohnung von 129,11 m2 zum Verkauf im Erdgeschoss eines Wohngeb\u00e4udes mit insgesamt drei Wohnungen aus dem Jahr 2023,\",\"breadcrumb\":{\"@id\":\"https:\/\/carpe-sol.com\/de\/immobilien\/zadar-diklovac-wohnung-12911-m2-zu-verkaufen-neu-lage-garten\/#breadcrumb\"},\"inLanguage\":\"de\",\"potentialAction\":[{\"@type\":\"ReadAction\",\"target\":[\"https:\/\/carpe-sol.com\/de\/immobilien\/zadar-diklovac-wohnung-12911-m2-zu-verkaufen-neu-lage-garten\/\"]}]},{\"@type\":\"ImageObject\",\"inLanguage\":\"de\",\"@id\":\"https:\/\/carpe-sol.com\/de\/immobilien\/zadar-diklovac-wohnung-12911-m2-zu-verkaufen-neu-lage-garten\/#primaryimage\",\"url\":\"https:\/\/carpe-sol.com\/wp-content\/uploads\/2025\/11\/39561-1-1.jpg\",\"contentUrl\":\"https:\/\/carpe-sol.com\/wp-content\/uploads\/2025\/11\/39561-1-1.jpg\",\"width\":1920,\"height\":1030},{\"@type\":\"BreadcrumbList\",\"@id\":\"https:\/\/carpe-sol.com\/de\/immobilien\/zadar-diklovac-wohnung-12911-m2-zu-verkaufen-neu-lage-garten\/#breadcrumb\",\"itemListElement\":[{\"@type\":\"ListItem\",\"position\":1,\"name\":\"Home\",\"item\":\"https:\/\/carpe-sol.com\/hr\/\"},{\"@type\":\"ListItem\",\"position\":2,\"name\":\"Immobilien\",\"item\":\"https:\/\/carpe-sol.com\/hr\/vlasni\u0161tvo\/\"},{\"@type\":\"ListItem\",\"position\":3,\"name\":\"ZADAR &#8211; DIKLOVAC, WOHNUNG 129,11 M2 ZU VERKAUFEN, NEU, LAGE, GARTEN!!!\"}]},{\"@type\":\"WebSite\",\"@id\":\"https:\/\/carpe-sol.com\/hr\/#website\",\"url\":\"https:\/\/carpe-sol.com\/hr\/\",\"name\":\"CARPE SOL IMMOBILIEN\",\"description\":\"Leben in Kroatien - Immobilien in Kroatien\",\"publisher\":{\"@id\":\"https:\/\/carpe-sol.com\/hr\/#organization\"},\"potentialAction\":[{\"@type\":\"SearchAction\",\"target\":{\"@type\":\"EntryPoint\",\"urlTemplate\":\"https:\/\/carpe-sol.com\/hr\/?s={search_term_string}\"},\"query-input\":{\"@type\":\"PropertyValueSpecification\",\"valueRequired\":true,\"valueName\":\"search_term_string\"}}],\"inLanguage\":\"de\"},{\"@type\":\"Organization\",\"@id\":\"https:\/\/carpe-sol.com\/hr\/#organization\",\"name\":\"CARPE SOL IMMOBILIEN\",\"url\":\"https:\/\/carpe-sol.com\/hr\/\",\"logo\":{\"@type\":\"ImageObject\",\"inLanguage\":\"de\",\"@id\":\"https:\/\/carpe-sol.com\/hr\/#\/schema\/logo\/image\/\",\"url\":\"https:\/\/carpe-sol.com\/wp-content\/uploads\/2023\/04\/logo.png\",\"contentUrl\":\"https:\/\/carpe-sol.com\/wp-content\/uploads\/2023\/04\/logo.png\",\"width\":393,\"height\":72,\"caption\":\"CARPE SOL IMMOBILIEN\"},\"image\":{\"@id\":\"https:\/\/carpe-sol.com\/hr\/#\/schema\/logo\/image\/\"}}]}<\/script>\n<!-- \/ Yoast SEO plugin. -->","yoast_head_json":{"title":"ZADAR - DIKLOVAC, WOHNUNG 129,11 M2 ZU VERKAUFEN, NEU, LAGE, GARTEN!!! - CARPE SOL IMMOBILIEN","description":"Zadar - Diklovac, Dreizimmerwohnung von 129,11 m2 zum Verkauf im Erdgeschoss eines Wohngeb\u00e4udes mit insgesamt drei Wohnungen aus dem Jahr 2023,","robots":{"index":"index","follow":"follow","max-snippet":"max-snippet:-1","max-image-preview":"max-image-preview:large","max-video-preview":"max-video-preview:-1"},"canonical":"https:\/\/carpe-sol.com\/de\/immobilien\/zadar-diklovac-wohnung-12911-m2-zu-verkaufen-neu-lage-garten\/","og_locale":"de_DE","og_type":"article","og_title":"ZADAR - DIKLOVAC, WOHNUNG 129,11 M2 ZU VERKAUFEN, NEU, LAGE, GARTEN!!! - CARPE SOL IMMOBILIEN","og_description":"Zadar - Diklovac, Dreizimmerwohnung von 129,11 m2 zum Verkauf im Erdgeschoss eines Wohngeb\u00e4udes mit insgesamt drei Wohnungen aus dem Jahr 2023,","og_url":"https:\/\/carpe-sol.com\/de\/immobilien\/zadar-diklovac-wohnung-12911-m2-zu-verkaufen-neu-lage-garten\/","og_site_name":"CARPE SOL IMMOBILIEN","og_image":[{"width":1920,"height":1030,"url":"https:\/\/carpe-sol.com\/wp-content\/uploads\/2025\/09\/39561-1-1.jpg","type":"image\/jpeg"}],"twitter_card":"summary_large_image","twitter_misc":{"Est. reading time":"1 minute"},"schema":{"@context":"https:\/\/schema.org","@graph":[{"@type":"WebPage","@id":"https:\/\/carpe-sol.com\/de\/immobilien\/zadar-diklovac-wohnung-12911-m2-zu-verkaufen-neu-lage-garten\/","url":"https:\/\/carpe-sol.com\/de\/immobilien\/zadar-diklovac-wohnung-12911-m2-zu-verkaufen-neu-lage-garten\/","name":"ZADAR - DIKLOVAC, WOHNUNG 129,11 M2 ZU VERKAUFEN, NEU, LAGE, GARTEN!!! - CARPE SOL IMMOBILIEN","isPartOf":{"@id":"https:\/\/carpe-sol.com\/hr\/#website"},"primaryImageOfPage":{"@id":"https:\/\/carpe-sol.com\/de\/immobilien\/zadar-diklovac-wohnung-12911-m2-zu-verkaufen-neu-lage-garten\/#primaryimage"},"image":{"@id":"https:\/\/carpe-sol.com\/de\/immobilien\/zadar-diklovac-wohnung-12911-m2-zu-verkaufen-neu-lage-garten\/#primaryimage"},"thumbnailUrl":"https:\/\/carpe-sol.com\/wp-content\/uploads\/2025\/11\/39561-1-1.jpg","datePublished":"2025-11-21T04:06:21+00:00","description":"Zadar - Diklovac, Dreizimmerwohnung von 129,11 m2 zum Verkauf im Erdgeschoss eines Wohngeb\u00e4udes mit insgesamt drei Wohnungen aus dem Jahr 2023,","breadcrumb":{"@id":"https:\/\/carpe-sol.com\/de\/immobilien\/zadar-diklovac-wohnung-12911-m2-zu-verkaufen-neu-lage-garten\/#breadcrumb"},"inLanguage":"de","potentialAction":[{"@type":"ReadAction","target":["https:\/\/carpe-sol.com\/de\/immobilien\/zadar-diklovac-wohnung-12911-m2-zu-verkaufen-neu-lage-garten\/"]}]},{"@type":"ImageObject","inLanguage":"de","@id":"https:\/\/carpe-sol.com\/de\/immobilien\/zadar-diklovac-wohnung-12911-m2-zu-verkaufen-neu-lage-garten\/#primaryimage","url":"https:\/\/carpe-sol.com\/wp-content\/uploads\/2025\/11\/39561-1-1.jpg","contentUrl":"https:\/\/carpe-sol.com\/wp-content\/uploads\/2025\/11\/39561-1-1.jpg","width":1920,"height":1030},{"@type":"BreadcrumbList","@id":"https:\/\/carpe-sol.com\/de\/immobilien\/zadar-diklovac-wohnung-12911-m2-zu-verkaufen-neu-lage-garten\/#breadcrumb","itemListElement":[{"@type":"ListItem","position":1,"name":"Home","item":"https:\/\/carpe-sol.com\/hr\/"},{"@type":"ListItem","position":2,"name":"Immobilien","item":"https:\/\/carpe-sol.com\/hr\/vlasni\u0161tvo\/"},{"@type":"ListItem","position":3,"name":"ZADAR &#8211; DIKLOVAC, WOHNUNG 129,11 M2 ZU VERKAUFEN, NEU, LAGE, GARTEN!!!"}]},{"@type":"WebSite","@id":"https:\/\/carpe-sol.com\/hr\/#website","url":"https:\/\/carpe-sol.com\/hr\/","name":"CARPE SOL IMMOBILIEN","description":"Leben in Kroatien - Immobilien in Kroatien","publisher":{"@id":"https:\/\/carpe-sol.com\/hr\/#organization"},"potentialAction":[{"@type":"SearchAction","target":{"@type":"EntryPoint","urlTemplate":"https:\/\/carpe-sol.com\/hr\/?s={search_term_string}"},"query-input":{"@type":"PropertyValueSpecification","valueRequired":true,"valueName":"search_term_string"}}],"inLanguage":"de"},{"@type":"Organization","@id":"https:\/\/carpe-sol.com\/hr\/#organization","name":"CARPE SOL IMMOBILIEN","url":"https:\/\/carpe-sol.com\/hr\/","logo":{"@type":"ImageObject","inLanguage":"de","@id":"https:\/\/carpe-sol.com\/hr\/#\/schema\/logo\/image\/","url":"https:\/\/carpe-sol.com\/wp-content\/uploads\/2023\/04\/logo.png","contentUrl":"https:\/\/carpe-sol.com\/wp-content\/uploads\/2023\/04\/logo.png","width":393,"height":72,"caption":"CARPE SOL IMMOBILIEN"},"image":{"@id":"https:\/\/carpe-sol.com\/hr\/#\/schema\/logo\/image\/"}}]}},"_links":{"self":[{"href":"https:\/\/carpe-sol.com\/de\/wp-json\/wp\/v2\/immobilien\/639025","targetHints":{"allow":["GET"]}}],"collection":[{"href":"https:\/\/carpe-sol.com\/de\/wp-json\/wp\/v2\/immobilien"}],"about":[{"href":"https:\/\/carpe-sol.com\/de\/wp-json\/wp\/v2\/types\/immobilien"}],"author":[{"embeddable":true,"href":"https:\/\/carpe-sol.com\/de\/wp-json\/wp\/v2\/users\/4"}],"version-history":[{"count":1,"href":"https:\/\/carpe-sol.com\/de\/wp-json\/wp\/v2\/immobilien\/639025\/revisions"}],"predecessor-version":[{"id":657594,"href":"https:\/\/carpe-sol.com\/de\/wp-json\/wp\/v2\/immobilien\/639025\/revisions\/657594"}],"wp:featuredmedia":[{"embeddable":true,"href":"https:\/\/carpe-sol.com\/de\/wp-json\/wp\/v2\/media\/1020756"}],"wp:attachment":[{"href":"https:\/\/carpe-sol.com\/de\/wp-json\/wp\/v2\/media?parent=639025"}],"wp:term":[{"taxonomy":"building_condition","embeddable":true,"href":"https:\/\/carpe-sol.com\/de\/wp-json\/wp\/v2\/building_condition?post=639025"},{"taxonomy":"features","embeddable":true,"href":"https:\/\/carpe-sol.com\/de\/wp-json\/wp\/v2\/features?post=639025"},{"taxonomy":"haus_typ","embeddable":true,"href":"https:\/\/carpe-sol.com\/de\/wp-json\/wp\/v2\/haus_typ?post=639025"},{"taxonomy":"heating","embeddable":true,"href":"https:\/\/carpe-sol.com\/de\/wp-json\/wp\/v2\/heating?post=639025"},{"taxonomy":"kategorie","embeddable":true,"href":"https:\/\/carpe-sol.com\/de\/wp-json\/wp\/v2\/kategorie?post=639025"},{"taxonomy":"location_feature","embeddable":true,"href":"https:\/\/carpe-sol.com\/de\/wp-json\/wp\/v2\/location_feature?post=639025"},{"taxonomy":"parking","embeddable":true,"href":"https:\/\/carpe-sol.com\/de\/wp-json\/wp\/v2\/parking?post=639025"},{"taxonomy":"utility","embeddable":true,"href":"https:\/\/carpe-sol.com\/de\/wp-json\/wp\/v2\/utility?post=639025"}],"curies":[{"name":"wp","href":"https:\/\/api.w.org\/{rel}","templated":true}]}}