{"id":639086,"date":"2026-01-22T13:02:23","date_gmt":"2026-01-22T11:02:23","guid":{"rendered":"https:\/\/carpe-sol.com\/immobilien\/zadar-privlaka-wohnung-21317-m2-zu-verkaufen-dachterrasse-aussicht-neu-lage\/"},"modified":"2025-06-04T17:07:03","modified_gmt":"2025-06-04T15:07:03","slug":"zadar-privlaka-wohnung-21317-m2-zu-verkaufen-dachterrasse-aussicht-neu-lage","status":"publish","type":"immobilien","link":"https:\/\/carpe-sol.com\/de\/immobilien\/zadar-privlaka-wohnung-21317-m2-zu-verkaufen-dachterrasse-aussicht-neu-lage\/","title":{"rendered":"ZADAR &#8211; PRIVLAKA, WOHNUNG 213,17 M2 ZU VERKAUFEN, DACHTERRASSE, AUSSICHT, NEU, LAGE!!!"},"content":{"rendered":"<p>Zadar &#8211; Privlaka (\u0160krapavac), eine luxuri\u00f6se Zweizimmerwohnung von 213,17 m2 steht im zweiten Stock eines im Jahr 2024 erbauten Wohngeb\u00e4udes mit insgesamt sechs Wohnungen zum Verkauf. Hochwertige Bauweise, Fassade 10 cm Styropor, Schreinerei Rehau 7 Kammern mit gro\u00dfen Schiebew\u00e4nden, elektrische Jalousien und Moskitonetze, Fu\u00dfbodenheizung mit WLAN-Thermostat in Badezimmern, Esszimmer und Wohnzimmer, Sanit\u00e4ranlagen von Villeroy &amp; Boch und Hansgrohe, Klimaanlage in jedes Zimmer, Keramik A-Klassen, etc&#8230;<br \/>\n.<br \/>\nEs besteht aus: zwei Schlafzimmern, Wohnzimmer + K\u00fcche + Esszimmer, Flur, zwei Badezimmern und einer Terrasse.<br \/>\n.<br \/>\nDIE WOHNUNG BIETET EINEN WUNDERSCH\u00d6NEN MEERBLICK!!!<br \/>\n.<br \/>\nEs befindet sich in ausgezeichneter Lage, 55 m vom Meer und Strand entfernt (zweite Reihe), in der N\u00e4he aller notwendigen Einrichtungen f\u00fcr einen angenehmen und ruhigen Urlaub!!!<br \/>\n.<br \/>\nEs verf\u00fcgt \u00fcber zwei Parkpl\u00e4tze und eine Dachterrasse von 88,30 m2, auf der Vorbereitungen f\u00fcr einen Whirlpool und eine Dachk\u00fcche getroffen wurden.<br \/>\n.<br \/>\nDie Dokumentation ist in Ordnung.<\/p>\n","protected":false},"author":4,"featured_media":1057668,"template":"","meta":{"_acf_changed":false,"footnotes":""},"building_condition":[252],"features":[173],"haus_typ":[],"heating":[288,228,175],"kategorie":[253],"location_feature":[167,259,256],"parking":[],"utility":[179,232,231,261,180],"class_list":["post-639086","immobilien","type-immobilien","status-publish","has-post-thumbnail","hentry","building_condition-neu","features-terrasse","heating-boden","heating-elektrizitat","heating-wechselstrom","kategorie-ferienwohnung","location_feature-beste-lage","location_feature-seeblick","location_feature-pogled-na-more","utility-elektrizitaet","utility-dsl-de","utility-klaergrube","utility-kanal","utility-telefon"],"acf":[],"yoast_head":"<!-- This site is optimized with the Yoast SEO plugin v26.4 - https:\/\/yoast.com\/wordpress\/plugins\/seo\/ -->\n<title>ZADAR - PRIVLAKA, WOHNUNG 213,17 M2 ZU VERKAUFEN, DACHTERRASSE, AUSSICHT, NEU, LAGE!!! - CARPE SOL IMMOBILIEN<\/title>\n<meta name=\"description\" content=\"Zadar - Privlaka (\u0160krapavac), eine luxuri\u00f6se Zweizimmerwohnung von 213,17 m2 steht im zweiten Stock eines im Jahr 2024 erbauten Wohngeb\u00e4udes mit insgesamt\" \/>\n<meta name=\"robots\" content=\"index, follow, max-snippet:-1, max-image-preview:large, max-video-preview:-1\" \/>\n<link rel=\"canonical\" href=\"https:\/\/carpe-sol.com\/de\/immobilien\/zadar-privlaka-wohnung-21317-m2-zu-verkaufen-dachterrasse-aussicht-neu-lage\/\" \/>\n<meta property=\"og:locale\" content=\"de_DE\" \/>\n<meta property=\"og:type\" content=\"article\" \/>\n<meta property=\"og:title\" content=\"ZADAR - PRIVLAKA, WOHNUNG 213,17 M2 ZU VERKAUFEN, DACHTERRASSE, AUSSICHT, NEU, LAGE!!! - CARPE SOL IMMOBILIEN\" \/>\n<meta property=\"og:description\" content=\"Zadar - Privlaka (\u0160krapavac), eine luxuri\u00f6se Zweizimmerwohnung von 213,17 m2 steht im zweiten Stock eines im Jahr 2024 erbauten Wohngeb\u00e4udes mit insgesamt\" \/>\n<meta property=\"og:url\" content=\"https:\/\/carpe-sol.com\/de\/immobilien\/zadar-privlaka-wohnung-21317-m2-zu-verkaufen-dachterrasse-aussicht-neu-lage\/\" \/>\n<meta property=\"og:site_name\" content=\"CARPE SOL IMMOBILIEN\" \/>\n<meta property=\"og:image\" content=\"https:\/\/carpe-sol.com\/wp-content\/uploads\/2025\/09\/39278-ZGRADA-BELLESTRA1-1.jpg\" \/>\n\t<meta property=\"og:image:width\" content=\"1377\" \/>\n\t<meta property=\"og:image:height\" content=\"1080\" \/>\n\t<meta property=\"og:image:type\" content=\"image\/jpeg\" \/>\n<meta name=\"twitter:card\" content=\"summary_large_image\" \/>\n<meta name=\"twitter:label1\" content=\"Est. reading time\" \/>\n\t<meta name=\"twitter:data1\" content=\"1 minute\" \/>\n<script type=\"application\/ld+json\" class=\"yoast-schema-graph\">{\"@context\":\"https:\/\/schema.org\",\"@graph\":[{\"@type\":\"WebPage\",\"@id\":\"https:\/\/carpe-sol.com\/de\/immobilien\/zadar-privlaka-wohnung-21317-m2-zu-verkaufen-dachterrasse-aussicht-neu-lage\/\",\"url\":\"https:\/\/carpe-sol.com\/de\/immobilien\/zadar-privlaka-wohnung-21317-m2-zu-verkaufen-dachterrasse-aussicht-neu-lage\/\",\"name\":\"ZADAR - PRIVLAKA, WOHNUNG 213,17 M2 ZU VERKAUFEN, DACHTERRASSE, AUSSICHT, NEU, LAGE!!! - CARPE SOL IMMOBILIEN\",\"isPartOf\":{\"@id\":\"https:\/\/carpe-sol.com\/hr\/#website\"},\"primaryImageOfPage\":{\"@id\":\"https:\/\/carpe-sol.com\/de\/immobilien\/zadar-privlaka-wohnung-21317-m2-zu-verkaufen-dachterrasse-aussicht-neu-lage\/#primaryimage\"},\"image\":{\"@id\":\"https:\/\/carpe-sol.com\/de\/immobilien\/zadar-privlaka-wohnung-21317-m2-zu-verkaufen-dachterrasse-aussicht-neu-lage\/#primaryimage\"},\"thumbnailUrl\":\"https:\/\/carpe-sol.com\/wp-content\/uploads\/2026\/01\/39278-ZGRADA-BELLESTRA1-1.jpg\",\"datePublished\":\"2026-01-22T11:02:23+00:00\",\"description\":\"Zadar - Privlaka (\u0160krapavac), eine luxuri\u00f6se Zweizimmerwohnung von 213,17 m2 steht im zweiten Stock eines im Jahr 2024 erbauten Wohngeb\u00e4udes mit insgesamt\",\"breadcrumb\":{\"@id\":\"https:\/\/carpe-sol.com\/de\/immobilien\/zadar-privlaka-wohnung-21317-m2-zu-verkaufen-dachterrasse-aussicht-neu-lage\/#breadcrumb\"},\"inLanguage\":\"de\",\"potentialAction\":[{\"@type\":\"ReadAction\",\"target\":[\"https:\/\/carpe-sol.com\/de\/immobilien\/zadar-privlaka-wohnung-21317-m2-zu-verkaufen-dachterrasse-aussicht-neu-lage\/\"]}]},{\"@type\":\"ImageObject\",\"inLanguage\":\"de\",\"@id\":\"https:\/\/carpe-sol.com\/de\/immobilien\/zadar-privlaka-wohnung-21317-m2-zu-verkaufen-dachterrasse-aussicht-neu-lage\/#primaryimage\",\"url\":\"https:\/\/carpe-sol.com\/wp-content\/uploads\/2026\/01\/39278-ZGRADA-BELLESTRA1-1.jpg\",\"contentUrl\":\"https:\/\/carpe-sol.com\/wp-content\/uploads\/2026\/01\/39278-ZGRADA-BELLESTRA1-1.jpg\",\"width\":1377,\"height\":1080},{\"@type\":\"BreadcrumbList\",\"@id\":\"https:\/\/carpe-sol.com\/de\/immobilien\/zadar-privlaka-wohnung-21317-m2-zu-verkaufen-dachterrasse-aussicht-neu-lage\/#breadcrumb\",\"itemListElement\":[{\"@type\":\"ListItem\",\"position\":1,\"name\":\"Home\",\"item\":\"https:\/\/carpe-sol.com\/hr\/\"},{\"@type\":\"ListItem\",\"position\":2,\"name\":\"Immobilien\",\"item\":\"https:\/\/carpe-sol.com\/hr\/vlasni\u0161tvo\/\"},{\"@type\":\"ListItem\",\"position\":3,\"name\":\"ZADAR &#8211; PRIVLAKA, WOHNUNG 213,17 M2 ZU VERKAUFEN, DACHTERRASSE, AUSSICHT, NEU, LAGE!!!\"}]},{\"@type\":\"WebSite\",\"@id\":\"https:\/\/carpe-sol.com\/hr\/#website\",\"url\":\"https:\/\/carpe-sol.com\/hr\/\",\"name\":\"CARPE SOL IMMOBILIEN\",\"description\":\"Leben in Kroatien - Immobilien in Kroatien\",\"publisher\":{\"@id\":\"https:\/\/carpe-sol.com\/hr\/#organization\"},\"potentialAction\":[{\"@type\":\"SearchAction\",\"target\":{\"@type\":\"EntryPoint\",\"urlTemplate\":\"https:\/\/carpe-sol.com\/hr\/?s={search_term_string}\"},\"query-input\":{\"@type\":\"PropertyValueSpecification\",\"valueRequired\":true,\"valueName\":\"search_term_string\"}}],\"inLanguage\":\"de\"},{\"@type\":\"Organization\",\"@id\":\"https:\/\/carpe-sol.com\/hr\/#organization\",\"name\":\"CARPE SOL IMMOBILIEN\",\"url\":\"https:\/\/carpe-sol.com\/hr\/\",\"logo\":{\"@type\":\"ImageObject\",\"inLanguage\":\"de\",\"@id\":\"https:\/\/carpe-sol.com\/hr\/#\/schema\/logo\/image\/\",\"url\":\"https:\/\/carpe-sol.com\/wp-content\/uploads\/2023\/04\/logo.png\",\"contentUrl\":\"https:\/\/carpe-sol.com\/wp-content\/uploads\/2023\/04\/logo.png\",\"width\":393,\"height\":72,\"caption\":\"CARPE SOL IMMOBILIEN\"},\"image\":{\"@id\":\"https:\/\/carpe-sol.com\/hr\/#\/schema\/logo\/image\/\"}}]}<\/script>\n<!-- \/ Yoast SEO plugin. -->","yoast_head_json":{"title":"ZADAR - PRIVLAKA, WOHNUNG 213,17 M2 ZU VERKAUFEN, DACHTERRASSE, AUSSICHT, NEU, LAGE!!! - CARPE SOL IMMOBILIEN","description":"Zadar - Privlaka (\u0160krapavac), eine luxuri\u00f6se Zweizimmerwohnung von 213,17 m2 steht im zweiten Stock eines im Jahr 2024 erbauten Wohngeb\u00e4udes mit insgesamt","robots":{"index":"index","follow":"follow","max-snippet":"max-snippet:-1","max-image-preview":"max-image-preview:large","max-video-preview":"max-video-preview:-1"},"canonical":"https:\/\/carpe-sol.com\/de\/immobilien\/zadar-privlaka-wohnung-21317-m2-zu-verkaufen-dachterrasse-aussicht-neu-lage\/","og_locale":"de_DE","og_type":"article","og_title":"ZADAR - PRIVLAKA, WOHNUNG 213,17 M2 ZU VERKAUFEN, DACHTERRASSE, AUSSICHT, NEU, LAGE!!! - CARPE SOL IMMOBILIEN","og_description":"Zadar - Privlaka (\u0160krapavac), eine luxuri\u00f6se Zweizimmerwohnung von 213,17 m2 steht im zweiten Stock eines im Jahr 2024 erbauten Wohngeb\u00e4udes mit insgesamt","og_url":"https:\/\/carpe-sol.com\/de\/immobilien\/zadar-privlaka-wohnung-21317-m2-zu-verkaufen-dachterrasse-aussicht-neu-lage\/","og_site_name":"CARPE SOL IMMOBILIEN","og_image":[{"width":1377,"height":1080,"url":"https:\/\/carpe-sol.com\/wp-content\/uploads\/2025\/09\/39278-ZGRADA-BELLESTRA1-1.jpg","type":"image\/jpeg"}],"twitter_card":"summary_large_image","twitter_misc":{"Est. reading time":"1 minute"},"schema":{"@context":"https:\/\/schema.org","@graph":[{"@type":"WebPage","@id":"https:\/\/carpe-sol.com\/de\/immobilien\/zadar-privlaka-wohnung-21317-m2-zu-verkaufen-dachterrasse-aussicht-neu-lage\/","url":"https:\/\/carpe-sol.com\/de\/immobilien\/zadar-privlaka-wohnung-21317-m2-zu-verkaufen-dachterrasse-aussicht-neu-lage\/","name":"ZADAR - PRIVLAKA, WOHNUNG 213,17 M2 ZU VERKAUFEN, DACHTERRASSE, AUSSICHT, NEU, LAGE!!! - CARPE SOL IMMOBILIEN","isPartOf":{"@id":"https:\/\/carpe-sol.com\/hr\/#website"},"primaryImageOfPage":{"@id":"https:\/\/carpe-sol.com\/de\/immobilien\/zadar-privlaka-wohnung-21317-m2-zu-verkaufen-dachterrasse-aussicht-neu-lage\/#primaryimage"},"image":{"@id":"https:\/\/carpe-sol.com\/de\/immobilien\/zadar-privlaka-wohnung-21317-m2-zu-verkaufen-dachterrasse-aussicht-neu-lage\/#primaryimage"},"thumbnailUrl":"https:\/\/carpe-sol.com\/wp-content\/uploads\/2026\/01\/39278-ZGRADA-BELLESTRA1-1.jpg","datePublished":"2026-01-22T11:02:23+00:00","description":"Zadar - Privlaka (\u0160krapavac), eine luxuri\u00f6se Zweizimmerwohnung von 213,17 m2 steht im zweiten Stock eines im Jahr 2024 erbauten Wohngeb\u00e4udes mit insgesamt","breadcrumb":{"@id":"https:\/\/carpe-sol.com\/de\/immobilien\/zadar-privlaka-wohnung-21317-m2-zu-verkaufen-dachterrasse-aussicht-neu-lage\/#breadcrumb"},"inLanguage":"de","potentialAction":[{"@type":"ReadAction","target":["https:\/\/carpe-sol.com\/de\/immobilien\/zadar-privlaka-wohnung-21317-m2-zu-verkaufen-dachterrasse-aussicht-neu-lage\/"]}]},{"@type":"ImageObject","inLanguage":"de","@id":"https:\/\/carpe-sol.com\/de\/immobilien\/zadar-privlaka-wohnung-21317-m2-zu-verkaufen-dachterrasse-aussicht-neu-lage\/#primaryimage","url":"https:\/\/carpe-sol.com\/wp-content\/uploads\/2026\/01\/39278-ZGRADA-BELLESTRA1-1.jpg","contentUrl":"https:\/\/carpe-sol.com\/wp-content\/uploads\/2026\/01\/39278-ZGRADA-BELLESTRA1-1.jpg","width":1377,"height":1080},{"@type":"BreadcrumbList","@id":"https:\/\/carpe-sol.com\/de\/immobilien\/zadar-privlaka-wohnung-21317-m2-zu-verkaufen-dachterrasse-aussicht-neu-lage\/#breadcrumb","itemListElement":[{"@type":"ListItem","position":1,"name":"Home","item":"https:\/\/carpe-sol.com\/hr\/"},{"@type":"ListItem","position":2,"name":"Immobilien","item":"https:\/\/carpe-sol.com\/hr\/vlasni\u0161tvo\/"},{"@type":"ListItem","position":3,"name":"ZADAR &#8211; PRIVLAKA, WOHNUNG 213,17 M2 ZU VERKAUFEN, DACHTERRASSE, AUSSICHT, NEU, LAGE!!!"}]},{"@type":"WebSite","@id":"https:\/\/carpe-sol.com\/hr\/#website","url":"https:\/\/carpe-sol.com\/hr\/","name":"CARPE SOL IMMOBILIEN","description":"Leben in Kroatien - Immobilien in Kroatien","publisher":{"@id":"https:\/\/carpe-sol.com\/hr\/#organization"},"potentialAction":[{"@type":"SearchAction","target":{"@type":"EntryPoint","urlTemplate":"https:\/\/carpe-sol.com\/hr\/?s={search_term_string}"},"query-input":{"@type":"PropertyValueSpecification","valueRequired":true,"valueName":"search_term_string"}}],"inLanguage":"de"},{"@type":"Organization","@id":"https:\/\/carpe-sol.com\/hr\/#organization","name":"CARPE SOL IMMOBILIEN","url":"https:\/\/carpe-sol.com\/hr\/","logo":{"@type":"ImageObject","inLanguage":"de","@id":"https:\/\/carpe-sol.com\/hr\/#\/schema\/logo\/image\/","url":"https:\/\/carpe-sol.com\/wp-content\/uploads\/2023\/04\/logo.png","contentUrl":"https:\/\/carpe-sol.com\/wp-content\/uploads\/2023\/04\/logo.png","width":393,"height":72,"caption":"CARPE SOL IMMOBILIEN"},"image":{"@id":"https:\/\/carpe-sol.com\/hr\/#\/schema\/logo\/image\/"}}]}},"_links":{"self":[{"href":"https:\/\/carpe-sol.com\/de\/wp-json\/wp\/v2\/immobilien\/639086","targetHints":{"allow":["GET"]}}],"collection":[{"href":"https:\/\/carpe-sol.com\/de\/wp-json\/wp\/v2\/immobilien"}],"about":[{"href":"https:\/\/carpe-sol.com\/de\/wp-json\/wp\/v2\/types\/immobilien"}],"author":[{"embeddable":true,"href":"https:\/\/carpe-sol.com\/de\/wp-json\/wp\/v2\/users\/4"}],"version-history":[{"count":1,"href":"https:\/\/carpe-sol.com\/de\/wp-json\/wp\/v2\/immobilien\/639086\/revisions"}],"predecessor-version":[{"id":657540,"href":"https:\/\/carpe-sol.com\/de\/wp-json\/wp\/v2\/immobilien\/639086\/revisions\/657540"}],"wp:featuredmedia":[{"embeddable":true,"href":"https:\/\/carpe-sol.com\/de\/wp-json\/wp\/v2\/media\/1057668"}],"wp:attachment":[{"href":"https:\/\/carpe-sol.com\/de\/wp-json\/wp\/v2\/media?parent=639086"}],"wp:term":[{"taxonomy":"building_condition","embeddable":true,"href":"https:\/\/carpe-sol.com\/de\/wp-json\/wp\/v2\/building_condition?post=639086"},{"taxonomy":"features","embeddable":true,"href":"https:\/\/carpe-sol.com\/de\/wp-json\/wp\/v2\/features?post=639086"},{"taxonomy":"haus_typ","embeddable":true,"href":"https:\/\/carpe-sol.com\/de\/wp-json\/wp\/v2\/haus_typ?post=639086"},{"taxonomy":"heating","embeddable":true,"href":"https:\/\/carpe-sol.com\/de\/wp-json\/wp\/v2\/heating?post=639086"},{"taxonomy":"kategorie","embeddable":true,"href":"https:\/\/carpe-sol.com\/de\/wp-json\/wp\/v2\/kategorie?post=639086"},{"taxonomy":"location_feature","embeddable":true,"href":"https:\/\/carpe-sol.com\/de\/wp-json\/wp\/v2\/location_feature?post=639086"},{"taxonomy":"parking","embeddable":true,"href":"https:\/\/carpe-sol.com\/de\/wp-json\/wp\/v2\/parking?post=639086"},{"taxonomy":"utility","embeddable":true,"href":"https:\/\/carpe-sol.com\/de\/wp-json\/wp\/v2\/utility?post=639086"}],"curies":[{"name":"wp","href":"https:\/\/api.w.org\/{rel}","templated":true}]}}