{"id":639151,"date":"2025-11-21T05:22:03","date_gmt":"2025-11-21T03:22:03","guid":{"rendered":"https:\/\/carpe-sol.com\/immobilien\/pag-povljana-wohnung-8434-m2-zu-verkaufen-neu-garten-lage\/"},"modified":"2025-06-04T17:07:01","modified_gmt":"2025-06-04T15:07:01","slug":"pag-povljana-wohnung-8434-m2-zu-verkaufen-neu-garten-lage","status":"publish","type":"immobilien","link":"https:\/\/carpe-sol.com\/de\/immobilien\/pag-povljana-wohnung-8434-m2-zu-verkaufen-neu-garten-lage\/","title":{"rendered":"PAG &#8211; POVLJANA, WOHNUNG 84,34 M2 ZU VERKAUFEN, NEU, GARTEN, LAGE!!!"},"content":{"rendered":"<p>Pag &#8211; Povljana, im Erdgeschoss eines im Jahr 2023 erbauten Wohngeb\u00e4udes mit insgesamt neun Wohnungen steht eine Zweizimmerwohnung von 84,34 m2 zum Verkauf. Hochwertige Bauweise, gro\u00dfe Glasfl\u00e4chen, Klimaanlagen in allen R\u00e4umen und im Wohnzimmer, Fu\u00dfbodenheizung im gesamten Geb\u00e4ude, hochwertige Boden- und Wandbel\u00e4ge, hochwertige Sanit\u00e4ranlagen, feuerbest\u00e4ndige und feuersichere Eingangst\u00fcren, hochwertige Au\u00dfenschreinerei aus PVC mit IZO-Glas, elektrisch betriebenen Jalousien an allen \u00d6ffnungen, Insektenschutznetzen usw.<br \/>\n.<br \/>\nEs besteht aus: zwei Schlafzimmern, Wohnzimmer + K\u00fcche + Esszimmer, Flur, zwei Badezimmern und einer Terrasse.<br \/>\n.<br \/>\nEs befindet sich in einer guten Lage, 180 m vom Meer und dem Hafen, 220 m vom Strand Mali Dubrovnik entfernt, in der N\u00e4he aller notwendigen Einrichtungen f\u00fcr einen angenehmen und ruhigen Urlaub.<br \/>\n.<br \/>\nEs verf\u00fcgt \u00fcber einen Parkplatz und einen Garten von 40,60 m2.<br \/>\n.<br \/>\nPARKPLATZ IST KOSTENLOS!!!!<br \/>\n.<br \/>\nGeplanter Einzug 06\/2023.<br \/>\n.<br \/>\nDie Dokumentation ist in Ordnung.<\/p>\n","protected":false},"author":4,"featured_media":1016537,"template":"","meta":{"_acf_changed":false,"footnotes":""},"building_condition":[252],"features":[171,173],"haus_typ":[],"heating":[288,175],"kategorie":[253],"location_feature":[],"parking":[],"utility":[179,232,231,261,180,257,230,260],"class_list":["post-639151","immobilien","type-immobilien","status-publish","has-post-thumbnail","hentry","building_condition-neu","features-garten","features-terrasse","heating-boden","heating-wechselstrom","kategorie-ferienwohnung","utility-elektrizitaet","utility-dsl-de","utility-klaergrube","utility-kanal","utility-telefon","utility-voda","utility-wasser","utility-wasser-de"],"acf":[],"yoast_head":"<!-- This site is optimized with the Yoast SEO plugin v26.4 - https:\/\/yoast.com\/wordpress\/plugins\/seo\/ -->\n<title>PAG - POVLJANA, WOHNUNG 84,34 M2 ZU VERKAUFEN, NEU, GARTEN, LAGE!!! - CARPE SOL IMMOBILIEN<\/title>\n<meta name=\"description\" content=\"Pag - Povljana, im Erdgeschoss eines im Jahr 2023 erbauten Wohngeb\u00e4udes mit insgesamt neun Wohnungen steht eine Zweizimmerwohnung von 84,34 m2 zum\" \/>\n<meta name=\"robots\" content=\"index, follow, max-snippet:-1, max-image-preview:large, max-video-preview:-1\" \/>\n<link rel=\"canonical\" href=\"https:\/\/carpe-sol.com\/de\/immobilien\/pag-povljana-wohnung-8434-m2-zu-verkaufen-neu-garten-lage\/\" \/>\n<meta property=\"og:locale\" content=\"de_DE\" \/>\n<meta property=\"og:type\" content=\"article\" \/>\n<meta property=\"og:title\" content=\"PAG - POVLJANA, WOHNUNG 84,34 M2 ZU VERKAUFEN, NEU, GARTEN, LAGE!!! - CARPE SOL IMMOBILIEN\" \/>\n<meta property=\"og:description\" content=\"Pag - Povljana, im Erdgeschoss eines im Jahr 2023 erbauten Wohngeb\u00e4udes mit insgesamt neun Wohnungen steht eine Zweizimmerwohnung von 84,34 m2 zum\" \/>\n<meta property=\"og:url\" content=\"https:\/\/carpe-sol.com\/de\/immobilien\/pag-povljana-wohnung-8434-m2-zu-verkaufen-neu-garten-lage\/\" \/>\n<meta property=\"og:site_name\" content=\"CARPE SOL IMMOBILIEN\" \/>\n<meta property=\"og:image\" content=\"https:\/\/carpe-sol.com\/wp-content\/uploads\/2025\/09\/39279-WhatsApp-Image-2023-07-14-at-11.07.32-1-1.jpeg\" \/>\n\t<meta property=\"og:image:width\" content=\"810\" \/>\n\t<meta property=\"og:image:height\" content=\"1080\" \/>\n\t<meta property=\"og:image:type\" content=\"image\/jpeg\" \/>\n<meta name=\"twitter:card\" content=\"summary_large_image\" \/>\n<meta name=\"twitter:label1\" content=\"Est. reading time\" \/>\n\t<meta name=\"twitter:data1\" content=\"1 minute\" \/>\n<script type=\"application\/ld+json\" class=\"yoast-schema-graph\">{\"@context\":\"https:\/\/schema.org\",\"@graph\":[{\"@type\":\"WebPage\",\"@id\":\"https:\/\/carpe-sol.com\/de\/immobilien\/pag-povljana-wohnung-8434-m2-zu-verkaufen-neu-garten-lage\/\",\"url\":\"https:\/\/carpe-sol.com\/de\/immobilien\/pag-povljana-wohnung-8434-m2-zu-verkaufen-neu-garten-lage\/\",\"name\":\"PAG - POVLJANA, WOHNUNG 84,34 M2 ZU VERKAUFEN, NEU, GARTEN, LAGE!!! - CARPE SOL IMMOBILIEN\",\"isPartOf\":{\"@id\":\"https:\/\/carpe-sol.com\/hr\/#website\"},\"primaryImageOfPage\":{\"@id\":\"https:\/\/carpe-sol.com\/de\/immobilien\/pag-povljana-wohnung-8434-m2-zu-verkaufen-neu-garten-lage\/#primaryimage\"},\"image\":{\"@id\":\"https:\/\/carpe-sol.com\/de\/immobilien\/pag-povljana-wohnung-8434-m2-zu-verkaufen-neu-garten-lage\/#primaryimage\"},\"thumbnailUrl\":\"https:\/\/carpe-sol.com\/wp-content\/uploads\/2025\/11\/39279-WhatsApp-Image-2023-07-14-at-11.07.32-1-1.jpeg\",\"datePublished\":\"2025-11-21T03:22:03+00:00\",\"description\":\"Pag - Povljana, im Erdgeschoss eines im Jahr 2023 erbauten Wohngeb\u00e4udes mit insgesamt neun Wohnungen steht eine Zweizimmerwohnung von 84,34 m2 zum\",\"breadcrumb\":{\"@id\":\"https:\/\/carpe-sol.com\/de\/immobilien\/pag-povljana-wohnung-8434-m2-zu-verkaufen-neu-garten-lage\/#breadcrumb\"},\"inLanguage\":\"de\",\"potentialAction\":[{\"@type\":\"ReadAction\",\"target\":[\"https:\/\/carpe-sol.com\/de\/immobilien\/pag-povljana-wohnung-8434-m2-zu-verkaufen-neu-garten-lage\/\"]}]},{\"@type\":\"ImageObject\",\"inLanguage\":\"de\",\"@id\":\"https:\/\/carpe-sol.com\/de\/immobilien\/pag-povljana-wohnung-8434-m2-zu-verkaufen-neu-garten-lage\/#primaryimage\",\"url\":\"https:\/\/carpe-sol.com\/wp-content\/uploads\/2025\/11\/39279-WhatsApp-Image-2023-07-14-at-11.07.32-1-1.jpeg\",\"contentUrl\":\"https:\/\/carpe-sol.com\/wp-content\/uploads\/2025\/11\/39279-WhatsApp-Image-2023-07-14-at-11.07.32-1-1.jpeg\",\"width\":810,\"height\":1080},{\"@type\":\"BreadcrumbList\",\"@id\":\"https:\/\/carpe-sol.com\/de\/immobilien\/pag-povljana-wohnung-8434-m2-zu-verkaufen-neu-garten-lage\/#breadcrumb\",\"itemListElement\":[{\"@type\":\"ListItem\",\"position\":1,\"name\":\"Home\",\"item\":\"https:\/\/carpe-sol.com\/hr\/\"},{\"@type\":\"ListItem\",\"position\":2,\"name\":\"Immobilien\",\"item\":\"https:\/\/carpe-sol.com\/hr\/vlasni\u0161tvo\/\"},{\"@type\":\"ListItem\",\"position\":3,\"name\":\"PAG &#8211; POVLJANA, WOHNUNG 84,34 M2 ZU VERKAUFEN, NEU, GARTEN, LAGE!!!\"}]},{\"@type\":\"WebSite\",\"@id\":\"https:\/\/carpe-sol.com\/hr\/#website\",\"url\":\"https:\/\/carpe-sol.com\/hr\/\",\"name\":\"CARPE SOL IMMOBILIEN\",\"description\":\"Leben in Kroatien - Immobilien in Kroatien\",\"publisher\":{\"@id\":\"https:\/\/carpe-sol.com\/hr\/#organization\"},\"potentialAction\":[{\"@type\":\"SearchAction\",\"target\":{\"@type\":\"EntryPoint\",\"urlTemplate\":\"https:\/\/carpe-sol.com\/hr\/?s={search_term_string}\"},\"query-input\":{\"@type\":\"PropertyValueSpecification\",\"valueRequired\":true,\"valueName\":\"search_term_string\"}}],\"inLanguage\":\"de\"},{\"@type\":\"Organization\",\"@id\":\"https:\/\/carpe-sol.com\/hr\/#organization\",\"name\":\"CARPE SOL IMMOBILIEN\",\"url\":\"https:\/\/carpe-sol.com\/hr\/\",\"logo\":{\"@type\":\"ImageObject\",\"inLanguage\":\"de\",\"@id\":\"https:\/\/carpe-sol.com\/hr\/#\/schema\/logo\/image\/\",\"url\":\"https:\/\/carpe-sol.com\/wp-content\/uploads\/2023\/04\/logo.png\",\"contentUrl\":\"https:\/\/carpe-sol.com\/wp-content\/uploads\/2023\/04\/logo.png\",\"width\":393,\"height\":72,\"caption\":\"CARPE SOL IMMOBILIEN\"},\"image\":{\"@id\":\"https:\/\/carpe-sol.com\/hr\/#\/schema\/logo\/image\/\"}}]}<\/script>\n<!-- \/ Yoast SEO plugin. -->","yoast_head_json":{"title":"PAG - POVLJANA, WOHNUNG 84,34 M2 ZU VERKAUFEN, NEU, GARTEN, LAGE!!! - CARPE SOL IMMOBILIEN","description":"Pag - Povljana, im Erdgeschoss eines im Jahr 2023 erbauten Wohngeb\u00e4udes mit insgesamt neun Wohnungen steht eine Zweizimmerwohnung von 84,34 m2 zum","robots":{"index":"index","follow":"follow","max-snippet":"max-snippet:-1","max-image-preview":"max-image-preview:large","max-video-preview":"max-video-preview:-1"},"canonical":"https:\/\/carpe-sol.com\/de\/immobilien\/pag-povljana-wohnung-8434-m2-zu-verkaufen-neu-garten-lage\/","og_locale":"de_DE","og_type":"article","og_title":"PAG - POVLJANA, WOHNUNG 84,34 M2 ZU VERKAUFEN, NEU, GARTEN, LAGE!!! - CARPE SOL IMMOBILIEN","og_description":"Pag - Povljana, im Erdgeschoss eines im Jahr 2023 erbauten Wohngeb\u00e4udes mit insgesamt neun Wohnungen steht eine Zweizimmerwohnung von 84,34 m2 zum","og_url":"https:\/\/carpe-sol.com\/de\/immobilien\/pag-povljana-wohnung-8434-m2-zu-verkaufen-neu-garten-lage\/","og_site_name":"CARPE SOL IMMOBILIEN","og_image":[{"width":810,"height":1080,"url":"https:\/\/carpe-sol.com\/wp-content\/uploads\/2025\/09\/39279-WhatsApp-Image-2023-07-14-at-11.07.32-1-1.jpeg","type":"image\/jpeg"}],"twitter_card":"summary_large_image","twitter_misc":{"Est. reading time":"1 minute"},"schema":{"@context":"https:\/\/schema.org","@graph":[{"@type":"WebPage","@id":"https:\/\/carpe-sol.com\/de\/immobilien\/pag-povljana-wohnung-8434-m2-zu-verkaufen-neu-garten-lage\/","url":"https:\/\/carpe-sol.com\/de\/immobilien\/pag-povljana-wohnung-8434-m2-zu-verkaufen-neu-garten-lage\/","name":"PAG - POVLJANA, WOHNUNG 84,34 M2 ZU VERKAUFEN, NEU, GARTEN, LAGE!!! - CARPE SOL IMMOBILIEN","isPartOf":{"@id":"https:\/\/carpe-sol.com\/hr\/#website"},"primaryImageOfPage":{"@id":"https:\/\/carpe-sol.com\/de\/immobilien\/pag-povljana-wohnung-8434-m2-zu-verkaufen-neu-garten-lage\/#primaryimage"},"image":{"@id":"https:\/\/carpe-sol.com\/de\/immobilien\/pag-povljana-wohnung-8434-m2-zu-verkaufen-neu-garten-lage\/#primaryimage"},"thumbnailUrl":"https:\/\/carpe-sol.com\/wp-content\/uploads\/2025\/11\/39279-WhatsApp-Image-2023-07-14-at-11.07.32-1-1.jpeg","datePublished":"2025-11-21T03:22:03+00:00","description":"Pag - Povljana, im Erdgeschoss eines im Jahr 2023 erbauten Wohngeb\u00e4udes mit insgesamt neun Wohnungen steht eine Zweizimmerwohnung von 84,34 m2 zum","breadcrumb":{"@id":"https:\/\/carpe-sol.com\/de\/immobilien\/pag-povljana-wohnung-8434-m2-zu-verkaufen-neu-garten-lage\/#breadcrumb"},"inLanguage":"de","potentialAction":[{"@type":"ReadAction","target":["https:\/\/carpe-sol.com\/de\/immobilien\/pag-povljana-wohnung-8434-m2-zu-verkaufen-neu-garten-lage\/"]}]},{"@type":"ImageObject","inLanguage":"de","@id":"https:\/\/carpe-sol.com\/de\/immobilien\/pag-povljana-wohnung-8434-m2-zu-verkaufen-neu-garten-lage\/#primaryimage","url":"https:\/\/carpe-sol.com\/wp-content\/uploads\/2025\/11\/39279-WhatsApp-Image-2023-07-14-at-11.07.32-1-1.jpeg","contentUrl":"https:\/\/carpe-sol.com\/wp-content\/uploads\/2025\/11\/39279-WhatsApp-Image-2023-07-14-at-11.07.32-1-1.jpeg","width":810,"height":1080},{"@type":"BreadcrumbList","@id":"https:\/\/carpe-sol.com\/de\/immobilien\/pag-povljana-wohnung-8434-m2-zu-verkaufen-neu-garten-lage\/#breadcrumb","itemListElement":[{"@type":"ListItem","position":1,"name":"Home","item":"https:\/\/carpe-sol.com\/hr\/"},{"@type":"ListItem","position":2,"name":"Immobilien","item":"https:\/\/carpe-sol.com\/hr\/vlasni\u0161tvo\/"},{"@type":"ListItem","position":3,"name":"PAG &#8211; POVLJANA, WOHNUNG 84,34 M2 ZU VERKAUFEN, NEU, GARTEN, LAGE!!!"}]},{"@type":"WebSite","@id":"https:\/\/carpe-sol.com\/hr\/#website","url":"https:\/\/carpe-sol.com\/hr\/","name":"CARPE SOL IMMOBILIEN","description":"Leben in Kroatien - Immobilien in Kroatien","publisher":{"@id":"https:\/\/carpe-sol.com\/hr\/#organization"},"potentialAction":[{"@type":"SearchAction","target":{"@type":"EntryPoint","urlTemplate":"https:\/\/carpe-sol.com\/hr\/?s={search_term_string}"},"query-input":{"@type":"PropertyValueSpecification","valueRequired":true,"valueName":"search_term_string"}}],"inLanguage":"de"},{"@type":"Organization","@id":"https:\/\/carpe-sol.com\/hr\/#organization","name":"CARPE SOL IMMOBILIEN","url":"https:\/\/carpe-sol.com\/hr\/","logo":{"@type":"ImageObject","inLanguage":"de","@id":"https:\/\/carpe-sol.com\/hr\/#\/schema\/logo\/image\/","url":"https:\/\/carpe-sol.com\/wp-content\/uploads\/2023\/04\/logo.png","contentUrl":"https:\/\/carpe-sol.com\/wp-content\/uploads\/2023\/04\/logo.png","width":393,"height":72,"caption":"CARPE SOL IMMOBILIEN"},"image":{"@id":"https:\/\/carpe-sol.com\/hr\/#\/schema\/logo\/image\/"}}]}},"_links":{"self":[{"href":"https:\/\/carpe-sol.com\/de\/wp-json\/wp\/v2\/immobilien\/639151","targetHints":{"allow":["GET"]}}],"collection":[{"href":"https:\/\/carpe-sol.com\/de\/wp-json\/wp\/v2\/immobilien"}],"about":[{"href":"https:\/\/carpe-sol.com\/de\/wp-json\/wp\/v2\/types\/immobilien"}],"author":[{"embeddable":true,"href":"https:\/\/carpe-sol.com\/de\/wp-json\/wp\/v2\/users\/4"}],"version-history":[{"count":1,"href":"https:\/\/carpe-sol.com\/de\/wp-json\/wp\/v2\/immobilien\/639151\/revisions"}],"predecessor-version":[{"id":657500,"href":"https:\/\/carpe-sol.com\/de\/wp-json\/wp\/v2\/immobilien\/639151\/revisions\/657500"}],"wp:featuredmedia":[{"embeddable":true,"href":"https:\/\/carpe-sol.com\/de\/wp-json\/wp\/v2\/media\/1016537"}],"wp:attachment":[{"href":"https:\/\/carpe-sol.com\/de\/wp-json\/wp\/v2\/media?parent=639151"}],"wp:term":[{"taxonomy":"building_condition","embeddable":true,"href":"https:\/\/carpe-sol.com\/de\/wp-json\/wp\/v2\/building_condition?post=639151"},{"taxonomy":"features","embeddable":true,"href":"https:\/\/carpe-sol.com\/de\/wp-json\/wp\/v2\/features?post=639151"},{"taxonomy":"haus_typ","embeddable":true,"href":"https:\/\/carpe-sol.com\/de\/wp-json\/wp\/v2\/haus_typ?post=639151"},{"taxonomy":"heating","embeddable":true,"href":"https:\/\/carpe-sol.com\/de\/wp-json\/wp\/v2\/heating?post=639151"},{"taxonomy":"kategorie","embeddable":true,"href":"https:\/\/carpe-sol.com\/de\/wp-json\/wp\/v2\/kategorie?post=639151"},{"taxonomy":"location_feature","embeddable":true,"href":"https:\/\/carpe-sol.com\/de\/wp-json\/wp\/v2\/location_feature?post=639151"},{"taxonomy":"parking","embeddable":true,"href":"https:\/\/carpe-sol.com\/de\/wp-json\/wp\/v2\/parking?post=639151"},{"taxonomy":"utility","embeddable":true,"href":"https:\/\/carpe-sol.com\/de\/wp-json\/wp\/v2\/utility?post=639151"}],"curies":[{"name":"wp","href":"https:\/\/api.w.org\/{rel}","templated":true}]}}