{"id":639166,"date":"2025-11-21T05:14:23","date_gmt":"2025-11-21T03:14:23","guid":{"rendered":"https:\/\/carpe-sol.com\/immobilien\/zadar-sali-baugrundstueck-1514-m2-zu-verkaufen-meerblick\/"},"modified":"2025-06-04T17:07:01","modified_gmt":"2025-06-04T15:07:01","slug":"zadar-sali-baugrundstueck-1514-m2-zu-verkaufen-meerblick","status":"publish","type":"immobilien","link":"https:\/\/carpe-sol.com\/de\/immobilien\/zadar-sali-baugrundstueck-1514-m2-zu-verkaufen-meerblick\/","title":{"rendered":"ZADAR &#8211; SALI, BAUGRUNDST\u00dcCK 1514 M2 ZU VERKAUFEN, MEERBLICK!!!"},"content":{"rendered":"<p>Zadar &#8211; Sali, Baugrundst\u00fcck von 1514 m2 zu verkaufen.<br \/>\n .<br \/>\n Das Grundst\u00fcck hat eine regelm\u00e4\u00dfige Form mit Abmessungen von ca. 38 m (Breite entlang der Stra\u00dfe) x 40 m, Zufahrtsstra\u00dfe asphaltiert. Es befindet sich in der Bauzone innerhalb des Baugebiets der Sali-Siedlung \u2013 unbebaut \u2013 angeordneter Teil der GP-Siedlung Sali, die Auflagen sind vorgegeben und der Bau ist m\u00f6glich.<br \/>\n .<br \/>\n DAS GRUNDST\u00dcCK BIETET EINEN BLICK AUF DAS MEER!!!<br \/>\n .<br \/>\n Es befindet sich in einer guten Lage, 150 m vom Meer entfernt, auf der Seite von Sali, wo sich die Marde\u0161i\u0107-Fabrik befindet, in der N\u00e4he des Stadtzentrums, von Restaurants, Caf\u00e9s und allen anderen Einrichtungen, die Sie f\u00fcr einen angenehmen und ruhigen Urlaub auf der Insel ben\u00f6tigen!! !<br \/>\n .<br \/>\n Die Dokumentation ist in Ordnung.<\/p>\n","protected":false},"author":4,"featured_media":1015784,"template":"","meta":{"_acf_changed":false,"footnotes":""},"building_condition":[],"features":[],"haus_typ":[],"heating":[],"kategorie":[166],"location_feature":[167,259,256],"parking":[],"utility":[],"class_list":["post-639166","immobilien","type-immobilien","status-publish","has-post-thumbnail","hentry","kategorie-land-de","location_feature-beste-lage","location_feature-seeblick","location_feature-pogled-na-more"],"acf":[],"yoast_head":"<!-- This site is optimized with the Yoast SEO plugin v26.4 - https:\/\/yoast.com\/wordpress\/plugins\/seo\/ -->\n<title>ZADAR - SALI, BAUGRUNDST\u00dcCK 1514 M2 ZU VERKAUFEN, MEERBLICK!!! - CARPE SOL IMMOBILIEN<\/title>\n<meta name=\"description\" content=\"Zadar - Sali, Baugrundst\u00fcck von 1514 m2 zu verkaufen. . Das Grundst\u00fcck hat eine regelm\u00e4\u00dfige Form mit Abmessungen von ca. 38 m (Breite entlang der Stra\u00dfe)\" \/>\n<meta name=\"robots\" content=\"index, follow, max-snippet:-1, max-image-preview:large, max-video-preview:-1\" \/>\n<link rel=\"canonical\" href=\"https:\/\/carpe-sol.com\/de\/immobilien\/zadar-sali-baugrundstueck-1514-m2-zu-verkaufen-meerblick\/\" \/>\n<meta property=\"og:locale\" content=\"de_DE\" \/>\n<meta property=\"og:type\" content=\"article\" \/>\n<meta property=\"og:title\" content=\"ZADAR - SALI, BAUGRUNDST\u00dcCK 1514 M2 ZU VERKAUFEN, MEERBLICK!!! - CARPE SOL IMMOBILIEN\" \/>\n<meta property=\"og:description\" content=\"Zadar - Sali, Baugrundst\u00fcck von 1514 m2 zu verkaufen. . Das Grundst\u00fcck hat eine regelm\u00e4\u00dfige Form mit Abmessungen von ca. 38 m (Breite entlang der Stra\u00dfe)\" \/>\n<meta property=\"og:url\" content=\"https:\/\/carpe-sol.com\/de\/immobilien\/zadar-sali-baugrundstueck-1514-m2-zu-verkaufen-meerblick\/\" \/>\n<meta property=\"og:site_name\" content=\"CARPE SOL IMMOBILIEN\" \/>\n<meta property=\"og:image\" content=\"https:\/\/carpe-sol.com\/wp-content\/uploads\/2025\/09\/39403-1-1.png\" \/>\n\t<meta property=\"og:image:width\" content=\"1170\" \/>\n\t<meta property=\"og:image:height\" content=\"567\" \/>\n\t<meta property=\"og:image:type\" content=\"image\/jpeg\" \/>\n<meta name=\"twitter:card\" content=\"summary_large_image\" \/>\n<meta name=\"twitter:label1\" content=\"Est. reading time\" \/>\n\t<meta name=\"twitter:data1\" content=\"1 minute\" \/>\n<script type=\"application\/ld+json\" class=\"yoast-schema-graph\">{\"@context\":\"https:\/\/schema.org\",\"@graph\":[{\"@type\":\"WebPage\",\"@id\":\"https:\/\/carpe-sol.com\/de\/immobilien\/zadar-sali-baugrundstueck-1514-m2-zu-verkaufen-meerblick\/\",\"url\":\"https:\/\/carpe-sol.com\/de\/immobilien\/zadar-sali-baugrundstueck-1514-m2-zu-verkaufen-meerblick\/\",\"name\":\"ZADAR - SALI, BAUGRUNDST\u00dcCK 1514 M2 ZU VERKAUFEN, MEERBLICK!!! - CARPE SOL IMMOBILIEN\",\"isPartOf\":{\"@id\":\"https:\/\/carpe-sol.com\/hr\/#website\"},\"primaryImageOfPage\":{\"@id\":\"https:\/\/carpe-sol.com\/de\/immobilien\/zadar-sali-baugrundstueck-1514-m2-zu-verkaufen-meerblick\/#primaryimage\"},\"image\":{\"@id\":\"https:\/\/carpe-sol.com\/de\/immobilien\/zadar-sali-baugrundstueck-1514-m2-zu-verkaufen-meerblick\/#primaryimage\"},\"thumbnailUrl\":\"https:\/\/carpe-sol.com\/wp-content\/uploads\/2025\/11\/39403-1-1.png\",\"datePublished\":\"2025-11-21T03:14:23+00:00\",\"description\":\"Zadar - Sali, Baugrundst\u00fcck von 1514 m2 zu verkaufen. . Das Grundst\u00fcck hat eine regelm\u00e4\u00dfige Form mit Abmessungen von ca. 38 m (Breite entlang der Stra\u00dfe)\",\"breadcrumb\":{\"@id\":\"https:\/\/carpe-sol.com\/de\/immobilien\/zadar-sali-baugrundstueck-1514-m2-zu-verkaufen-meerblick\/#breadcrumb\"},\"inLanguage\":\"de\",\"potentialAction\":[{\"@type\":\"ReadAction\",\"target\":[\"https:\/\/carpe-sol.com\/de\/immobilien\/zadar-sali-baugrundstueck-1514-m2-zu-verkaufen-meerblick\/\"]}]},{\"@type\":\"ImageObject\",\"inLanguage\":\"de\",\"@id\":\"https:\/\/carpe-sol.com\/de\/immobilien\/zadar-sali-baugrundstueck-1514-m2-zu-verkaufen-meerblick\/#primaryimage\",\"url\":\"https:\/\/carpe-sol.com\/wp-content\/uploads\/2025\/11\/39403-1-1.png\",\"contentUrl\":\"https:\/\/carpe-sol.com\/wp-content\/uploads\/2025\/11\/39403-1-1.png\",\"width\":1170,\"height\":567},{\"@type\":\"BreadcrumbList\",\"@id\":\"https:\/\/carpe-sol.com\/de\/immobilien\/zadar-sali-baugrundstueck-1514-m2-zu-verkaufen-meerblick\/#breadcrumb\",\"itemListElement\":[{\"@type\":\"ListItem\",\"position\":1,\"name\":\"Home\",\"item\":\"https:\/\/carpe-sol.com\/hr\/\"},{\"@type\":\"ListItem\",\"position\":2,\"name\":\"Immobilien\",\"item\":\"https:\/\/carpe-sol.com\/hr\/vlasni\u0161tvo\/\"},{\"@type\":\"ListItem\",\"position\":3,\"name\":\"ZADAR &#8211; SALI, BAUGRUNDST\u00dcCK 1514 M2 ZU VERKAUFEN, MEERBLICK!!!\"}]},{\"@type\":\"WebSite\",\"@id\":\"https:\/\/carpe-sol.com\/hr\/#website\",\"url\":\"https:\/\/carpe-sol.com\/hr\/\",\"name\":\"CARPE SOL IMMOBILIEN\",\"description\":\"Leben in Kroatien - Immobilien in Kroatien\",\"publisher\":{\"@id\":\"https:\/\/carpe-sol.com\/hr\/#organization\"},\"potentialAction\":[{\"@type\":\"SearchAction\",\"target\":{\"@type\":\"EntryPoint\",\"urlTemplate\":\"https:\/\/carpe-sol.com\/hr\/?s={search_term_string}\"},\"query-input\":{\"@type\":\"PropertyValueSpecification\",\"valueRequired\":true,\"valueName\":\"search_term_string\"}}],\"inLanguage\":\"de\"},{\"@type\":\"Organization\",\"@id\":\"https:\/\/carpe-sol.com\/hr\/#organization\",\"name\":\"CARPE SOL IMMOBILIEN\",\"url\":\"https:\/\/carpe-sol.com\/hr\/\",\"logo\":{\"@type\":\"ImageObject\",\"inLanguage\":\"de\",\"@id\":\"https:\/\/carpe-sol.com\/hr\/#\/schema\/logo\/image\/\",\"url\":\"https:\/\/carpe-sol.com\/wp-content\/uploads\/2023\/04\/logo.png\",\"contentUrl\":\"https:\/\/carpe-sol.com\/wp-content\/uploads\/2023\/04\/logo.png\",\"width\":393,\"height\":72,\"caption\":\"CARPE SOL IMMOBILIEN\"},\"image\":{\"@id\":\"https:\/\/carpe-sol.com\/hr\/#\/schema\/logo\/image\/\"}}]}<\/script>\n<!-- \/ Yoast SEO plugin. -->","yoast_head_json":{"title":"ZADAR - SALI, BAUGRUNDST\u00dcCK 1514 M2 ZU VERKAUFEN, MEERBLICK!!! - CARPE SOL IMMOBILIEN","description":"Zadar - Sali, Baugrundst\u00fcck von 1514 m2 zu verkaufen. . Das Grundst\u00fcck hat eine regelm\u00e4\u00dfige Form mit Abmessungen von ca. 38 m (Breite entlang der Stra\u00dfe)","robots":{"index":"index","follow":"follow","max-snippet":"max-snippet:-1","max-image-preview":"max-image-preview:large","max-video-preview":"max-video-preview:-1"},"canonical":"https:\/\/carpe-sol.com\/de\/immobilien\/zadar-sali-baugrundstueck-1514-m2-zu-verkaufen-meerblick\/","og_locale":"de_DE","og_type":"article","og_title":"ZADAR - SALI, BAUGRUNDST\u00dcCK 1514 M2 ZU VERKAUFEN, MEERBLICK!!! - CARPE SOL IMMOBILIEN","og_description":"Zadar - Sali, Baugrundst\u00fcck von 1514 m2 zu verkaufen. . Das Grundst\u00fcck hat eine regelm\u00e4\u00dfige Form mit Abmessungen von ca. 38 m (Breite entlang der Stra\u00dfe)","og_url":"https:\/\/carpe-sol.com\/de\/immobilien\/zadar-sali-baugrundstueck-1514-m2-zu-verkaufen-meerblick\/","og_site_name":"CARPE SOL IMMOBILIEN","og_image":[{"width":1170,"height":567,"url":"https:\/\/carpe-sol.com\/wp-content\/uploads\/2025\/09\/39403-1-1.png","type":"image\/jpeg"}],"twitter_card":"summary_large_image","twitter_misc":{"Est. reading time":"1 minute"},"schema":{"@context":"https:\/\/schema.org","@graph":[{"@type":"WebPage","@id":"https:\/\/carpe-sol.com\/de\/immobilien\/zadar-sali-baugrundstueck-1514-m2-zu-verkaufen-meerblick\/","url":"https:\/\/carpe-sol.com\/de\/immobilien\/zadar-sali-baugrundstueck-1514-m2-zu-verkaufen-meerblick\/","name":"ZADAR - SALI, BAUGRUNDST\u00dcCK 1514 M2 ZU VERKAUFEN, MEERBLICK!!! - CARPE SOL IMMOBILIEN","isPartOf":{"@id":"https:\/\/carpe-sol.com\/hr\/#website"},"primaryImageOfPage":{"@id":"https:\/\/carpe-sol.com\/de\/immobilien\/zadar-sali-baugrundstueck-1514-m2-zu-verkaufen-meerblick\/#primaryimage"},"image":{"@id":"https:\/\/carpe-sol.com\/de\/immobilien\/zadar-sali-baugrundstueck-1514-m2-zu-verkaufen-meerblick\/#primaryimage"},"thumbnailUrl":"https:\/\/carpe-sol.com\/wp-content\/uploads\/2025\/11\/39403-1-1.png","datePublished":"2025-11-21T03:14:23+00:00","description":"Zadar - Sali, Baugrundst\u00fcck von 1514 m2 zu verkaufen. . Das Grundst\u00fcck hat eine regelm\u00e4\u00dfige Form mit Abmessungen von ca. 38 m (Breite entlang der Stra\u00dfe)","breadcrumb":{"@id":"https:\/\/carpe-sol.com\/de\/immobilien\/zadar-sali-baugrundstueck-1514-m2-zu-verkaufen-meerblick\/#breadcrumb"},"inLanguage":"de","potentialAction":[{"@type":"ReadAction","target":["https:\/\/carpe-sol.com\/de\/immobilien\/zadar-sali-baugrundstueck-1514-m2-zu-verkaufen-meerblick\/"]}]},{"@type":"ImageObject","inLanguage":"de","@id":"https:\/\/carpe-sol.com\/de\/immobilien\/zadar-sali-baugrundstueck-1514-m2-zu-verkaufen-meerblick\/#primaryimage","url":"https:\/\/carpe-sol.com\/wp-content\/uploads\/2025\/11\/39403-1-1.png","contentUrl":"https:\/\/carpe-sol.com\/wp-content\/uploads\/2025\/11\/39403-1-1.png","width":1170,"height":567},{"@type":"BreadcrumbList","@id":"https:\/\/carpe-sol.com\/de\/immobilien\/zadar-sali-baugrundstueck-1514-m2-zu-verkaufen-meerblick\/#breadcrumb","itemListElement":[{"@type":"ListItem","position":1,"name":"Home","item":"https:\/\/carpe-sol.com\/hr\/"},{"@type":"ListItem","position":2,"name":"Immobilien","item":"https:\/\/carpe-sol.com\/hr\/vlasni\u0161tvo\/"},{"@type":"ListItem","position":3,"name":"ZADAR &#8211; SALI, BAUGRUNDST\u00dcCK 1514 M2 ZU VERKAUFEN, MEERBLICK!!!"}]},{"@type":"WebSite","@id":"https:\/\/carpe-sol.com\/hr\/#website","url":"https:\/\/carpe-sol.com\/hr\/","name":"CARPE SOL IMMOBILIEN","description":"Leben in Kroatien - Immobilien in Kroatien","publisher":{"@id":"https:\/\/carpe-sol.com\/hr\/#organization"},"potentialAction":[{"@type":"SearchAction","target":{"@type":"EntryPoint","urlTemplate":"https:\/\/carpe-sol.com\/hr\/?s={search_term_string}"},"query-input":{"@type":"PropertyValueSpecification","valueRequired":true,"valueName":"search_term_string"}}],"inLanguage":"de"},{"@type":"Organization","@id":"https:\/\/carpe-sol.com\/hr\/#organization","name":"CARPE SOL IMMOBILIEN","url":"https:\/\/carpe-sol.com\/hr\/","logo":{"@type":"ImageObject","inLanguage":"de","@id":"https:\/\/carpe-sol.com\/hr\/#\/schema\/logo\/image\/","url":"https:\/\/carpe-sol.com\/wp-content\/uploads\/2023\/04\/logo.png","contentUrl":"https:\/\/carpe-sol.com\/wp-content\/uploads\/2023\/04\/logo.png","width":393,"height":72,"caption":"CARPE SOL IMMOBILIEN"},"image":{"@id":"https:\/\/carpe-sol.com\/hr\/#\/schema\/logo\/image\/"}}]}},"_links":{"self":[{"href":"https:\/\/carpe-sol.com\/de\/wp-json\/wp\/v2\/immobilien\/639166","targetHints":{"allow":["GET"]}}],"collection":[{"href":"https:\/\/carpe-sol.com\/de\/wp-json\/wp\/v2\/immobilien"}],"about":[{"href":"https:\/\/carpe-sol.com\/de\/wp-json\/wp\/v2\/types\/immobilien"}],"author":[{"embeddable":true,"href":"https:\/\/carpe-sol.com\/de\/wp-json\/wp\/v2\/users\/4"}],"version-history":[{"count":1,"href":"https:\/\/carpe-sol.com\/de\/wp-json\/wp\/v2\/immobilien\/639166\/revisions"}],"predecessor-version":[{"id":657490,"href":"https:\/\/carpe-sol.com\/de\/wp-json\/wp\/v2\/immobilien\/639166\/revisions\/657490"}],"wp:featuredmedia":[{"embeddable":true,"href":"https:\/\/carpe-sol.com\/de\/wp-json\/wp\/v2\/media\/1015784"}],"wp:attachment":[{"href":"https:\/\/carpe-sol.com\/de\/wp-json\/wp\/v2\/media?parent=639166"}],"wp:term":[{"taxonomy":"building_condition","embeddable":true,"href":"https:\/\/carpe-sol.com\/de\/wp-json\/wp\/v2\/building_condition?post=639166"},{"taxonomy":"features","embeddable":true,"href":"https:\/\/carpe-sol.com\/de\/wp-json\/wp\/v2\/features?post=639166"},{"taxonomy":"haus_typ","embeddable":true,"href":"https:\/\/carpe-sol.com\/de\/wp-json\/wp\/v2\/haus_typ?post=639166"},{"taxonomy":"heating","embeddable":true,"href":"https:\/\/carpe-sol.com\/de\/wp-json\/wp\/v2\/heating?post=639166"},{"taxonomy":"kategorie","embeddable":true,"href":"https:\/\/carpe-sol.com\/de\/wp-json\/wp\/v2\/kategorie?post=639166"},{"taxonomy":"location_feature","embeddable":true,"href":"https:\/\/carpe-sol.com\/de\/wp-json\/wp\/v2\/location_feature?post=639166"},{"taxonomy":"parking","embeddable":true,"href":"https:\/\/carpe-sol.com\/de\/wp-json\/wp\/v2\/parking?post=639166"},{"taxonomy":"utility","embeddable":true,"href":"https:\/\/carpe-sol.com\/de\/wp-json\/wp\/v2\/utility?post=639166"}],"curies":[{"name":"wp","href":"https:\/\/api.w.org\/{rel}","templated":true}]}}