{"id":639245,"date":"2025-11-21T07:02:30","date_gmt":"2025-11-21T05:02:30","guid":{"rendered":"https:\/\/carpe-sol.com\/immobilien\/zadar-vinjerac-wohnung-141-m2-zu-verkaufen-erste-reihe-aussicht-dachterrasse\/"},"modified":"2025-06-04T17:07:10","modified_gmt":"2025-06-04T15:07:10","slug":"zadar-vinjerac-wohnung-141-m2-zu-verkaufen-erste-reihe-aussicht-dachterrasse","status":"publish","type":"immobilien","link":"https:\/\/carpe-sol.com\/de\/immobilien\/zadar-vinjerac-wohnung-141-m2-zu-verkaufen-erste-reihe-aussicht-dachterrasse\/","title":{"rendered":"ZADAR &#8211; VINJERAC, WOHNUNG 141 M2, ZU VERKAUFEN, ERSTE REIHE, AUSSICHT, DACHTERRASSE!!!"},"content":{"rendered":"<p>Zadar &#8211; Vinjerac, eine luxuri\u00f6se Dreizimmerwohnung von 141 m2 steht im ersten Stock eines 2023 erbauten Wohngeb\u00e4udes zum Verkauf. Die Wohnung ist in einem zeitgen\u00f6ssischen Stil gestaltet, hochwertig gebaut, mit luxuri\u00f6sen italienischen Fliesen f\u00fcr B\u00f6den und W\u00e4nde, Fu\u00dfbodenheizung und Klimaanlage (Heizung und K\u00fchlung) in allen Wohnungen usw.<br \/>\n .<br \/>\n Es besteht aus: drei Schlafzimmern, Wohnzimmer + K\u00fcche + Esszimmer, Flur, zwei Badezimmern, Balkon.<br \/>\n .<br \/>\n DIE WOHNUNG BIETET EINEN SCH\u00d6NEN OFFENEN BLICK AUF DAS MEER!!!<br \/>\n .<br \/>\n Es befindet sich in ausgezeichneter Lage, 30 m vom Meer und Strand entfernt (erste Reihe), in der N\u00e4he aller notwendigen Annehmlichkeiten f\u00fcr einen angenehmen und ruhigen Urlaub!!!<br \/>\n .<br \/>\n Es verf\u00fcgt \u00fcber einen Parkplatz, eine Dachterrasse von 101 m2 mit Swimmingpool, eine Sommerk\u00fcche und eine Au\u00dfendusche.<br \/>\n .<br \/>\n Die Dokumentation ist in Ordnung.<br \/>\n .<br \/>\n Schauen Sie sich den Grundriss mit der Markierung A5 (gelb) an.<\/p>\n","protected":false},"author":4,"featured_media":1024827,"template":"","meta":{"_acf_changed":false,"footnotes":""},"building_condition":[252],"features":[312,172,294,173],"haus_typ":[],"heating":[288,228,175],"kategorie":[253],"location_feature":[266,167,259,256],"parking":[],"utility":[179,232,231,261,180,257,230,260],"class_list":["post-639245","immobilien","type-immobilien","status-publish","has-post-thumbnail","hentry","building_condition-neu","features-sommerkuche","features-balkon-de","features-schwimmbad","features-terrasse","heating-boden","heating-elektrizitat","heating-wechselstrom","kategorie-ferienwohnung","location_feature-direkt-neben-dem-strand","location_feature-beste-lage","location_feature-seeblick","location_feature-pogled-na-more","utility-elektrizitaet","utility-dsl-de","utility-klaergrube","utility-kanal","utility-telefon","utility-voda","utility-wasser","utility-wasser-de"],"acf":[],"yoast_head":"<!-- This site is optimized with the Yoast SEO plugin v26.4 - https:\/\/yoast.com\/wordpress\/plugins\/seo\/ -->\n<title>ZADAR - VINJERAC, WOHNUNG 141 M2, ZU VERKAUFEN, ERSTE REIHE, AUSSICHT, DACHTERRASSE!!! - CARPE SOL IMMOBILIEN<\/title>\n<meta name=\"description\" content=\"Zadar - Vinjerac, eine luxuri\u00f6se Dreizimmerwohnung von 141 m2 steht im ersten Stock eines 2023 erbauten Wohngeb\u00e4udes zum Verkauf. Die Wohnung ist in einem\" \/>\n<meta name=\"robots\" content=\"index, follow, max-snippet:-1, max-image-preview:large, max-video-preview:-1\" \/>\n<link rel=\"canonical\" href=\"https:\/\/carpe-sol.com\/de\/immobilien\/zadar-vinjerac-wohnung-141-m2-zu-verkaufen-erste-reihe-aussicht-dachterrasse\/\" \/>\n<meta property=\"og:locale\" content=\"de_DE\" \/>\n<meta property=\"og:type\" content=\"article\" \/>\n<meta property=\"og:title\" content=\"ZADAR - VINJERAC, WOHNUNG 141 M2, ZU VERKAUFEN, ERSTE REIHE, AUSSICHT, DACHTERRASSE!!! - CARPE SOL IMMOBILIEN\" \/>\n<meta property=\"og:description\" content=\"Zadar - Vinjerac, eine luxuri\u00f6se Dreizimmerwohnung von 141 m2 steht im ersten Stock eines 2023 erbauten Wohngeb\u00e4udes zum Verkauf. Die Wohnung ist in einem\" \/>\n<meta property=\"og:url\" content=\"https:\/\/carpe-sol.com\/de\/immobilien\/zadar-vinjerac-wohnung-141-m2-zu-verkaufen-erste-reihe-aussicht-dachterrasse\/\" \/>\n<meta property=\"og:site_name\" content=\"CARPE SOL IMMOBILIEN\" \/>\n<meta property=\"og:image\" content=\"https:\/\/carpe-sol.com\/wp-content\/uploads\/2025\/09\/39760-stan-vinjerac-134.85m2-novogradnja-slika-204704315-1.jpg\" \/>\n\t<meta property=\"og:image:width\" content=\"1920\" \/>\n\t<meta property=\"og:image:height\" content=\"1080\" \/>\n\t<meta property=\"og:image:type\" content=\"image\/jpeg\" \/>\n<meta name=\"twitter:card\" content=\"summary_large_image\" \/>\n<meta name=\"twitter:label1\" content=\"Est. reading time\" \/>\n\t<meta name=\"twitter:data1\" content=\"1 minute\" \/>\n<script type=\"application\/ld+json\" class=\"yoast-schema-graph\">{\"@context\":\"https:\/\/schema.org\",\"@graph\":[{\"@type\":\"WebPage\",\"@id\":\"https:\/\/carpe-sol.com\/de\/immobilien\/zadar-vinjerac-wohnung-141-m2-zu-verkaufen-erste-reihe-aussicht-dachterrasse\/\",\"url\":\"https:\/\/carpe-sol.com\/de\/immobilien\/zadar-vinjerac-wohnung-141-m2-zu-verkaufen-erste-reihe-aussicht-dachterrasse\/\",\"name\":\"ZADAR - VINJERAC, WOHNUNG 141 M2, ZU VERKAUFEN, ERSTE REIHE, AUSSICHT, DACHTERRASSE!!! - CARPE SOL IMMOBILIEN\",\"isPartOf\":{\"@id\":\"https:\/\/carpe-sol.com\/hr\/#website\"},\"primaryImageOfPage\":{\"@id\":\"https:\/\/carpe-sol.com\/de\/immobilien\/zadar-vinjerac-wohnung-141-m2-zu-verkaufen-erste-reihe-aussicht-dachterrasse\/#primaryimage\"},\"image\":{\"@id\":\"https:\/\/carpe-sol.com\/de\/immobilien\/zadar-vinjerac-wohnung-141-m2-zu-verkaufen-erste-reihe-aussicht-dachterrasse\/#primaryimage\"},\"thumbnailUrl\":\"https:\/\/carpe-sol.com\/wp-content\/uploads\/2025\/11\/39760-stan-vinjerac-134.85m2-novogradnja-slika-204704315-1.jpg\",\"datePublished\":\"2025-11-21T05:02:30+00:00\",\"description\":\"Zadar - Vinjerac, eine luxuri\u00f6se Dreizimmerwohnung von 141 m2 steht im ersten Stock eines 2023 erbauten Wohngeb\u00e4udes zum Verkauf. Die Wohnung ist in einem\",\"breadcrumb\":{\"@id\":\"https:\/\/carpe-sol.com\/de\/immobilien\/zadar-vinjerac-wohnung-141-m2-zu-verkaufen-erste-reihe-aussicht-dachterrasse\/#breadcrumb\"},\"inLanguage\":\"de\",\"potentialAction\":[{\"@type\":\"ReadAction\",\"target\":[\"https:\/\/carpe-sol.com\/de\/immobilien\/zadar-vinjerac-wohnung-141-m2-zu-verkaufen-erste-reihe-aussicht-dachterrasse\/\"]}]},{\"@type\":\"ImageObject\",\"inLanguage\":\"de\",\"@id\":\"https:\/\/carpe-sol.com\/de\/immobilien\/zadar-vinjerac-wohnung-141-m2-zu-verkaufen-erste-reihe-aussicht-dachterrasse\/#primaryimage\",\"url\":\"https:\/\/carpe-sol.com\/wp-content\/uploads\/2025\/11\/39760-stan-vinjerac-134.85m2-novogradnja-slika-204704315-1.jpg\",\"contentUrl\":\"https:\/\/carpe-sol.com\/wp-content\/uploads\/2025\/11\/39760-stan-vinjerac-134.85m2-novogradnja-slika-204704315-1.jpg\",\"width\":1920,\"height\":1080},{\"@type\":\"BreadcrumbList\",\"@id\":\"https:\/\/carpe-sol.com\/de\/immobilien\/zadar-vinjerac-wohnung-141-m2-zu-verkaufen-erste-reihe-aussicht-dachterrasse\/#breadcrumb\",\"itemListElement\":[{\"@type\":\"ListItem\",\"position\":1,\"name\":\"Home\",\"item\":\"https:\/\/carpe-sol.com\/hr\/\"},{\"@type\":\"ListItem\",\"position\":2,\"name\":\"Immobilien\",\"item\":\"https:\/\/carpe-sol.com\/hr\/vlasni\u0161tvo\/\"},{\"@type\":\"ListItem\",\"position\":3,\"name\":\"ZADAR &#8211; VINJERAC, WOHNUNG 141 M2, ZU VERKAUFEN, ERSTE REIHE, AUSSICHT, DACHTERRASSE!!!\"}]},{\"@type\":\"WebSite\",\"@id\":\"https:\/\/carpe-sol.com\/hr\/#website\",\"url\":\"https:\/\/carpe-sol.com\/hr\/\",\"name\":\"CARPE SOL IMMOBILIEN\",\"description\":\"Leben in Kroatien - Immobilien in Kroatien\",\"publisher\":{\"@id\":\"https:\/\/carpe-sol.com\/hr\/#organization\"},\"potentialAction\":[{\"@type\":\"SearchAction\",\"target\":{\"@type\":\"EntryPoint\",\"urlTemplate\":\"https:\/\/carpe-sol.com\/hr\/?s={search_term_string}\"},\"query-input\":{\"@type\":\"PropertyValueSpecification\",\"valueRequired\":true,\"valueName\":\"search_term_string\"}}],\"inLanguage\":\"de\"},{\"@type\":\"Organization\",\"@id\":\"https:\/\/carpe-sol.com\/hr\/#organization\",\"name\":\"CARPE SOL IMMOBILIEN\",\"url\":\"https:\/\/carpe-sol.com\/hr\/\",\"logo\":{\"@type\":\"ImageObject\",\"inLanguage\":\"de\",\"@id\":\"https:\/\/carpe-sol.com\/hr\/#\/schema\/logo\/image\/\",\"url\":\"https:\/\/carpe-sol.com\/wp-content\/uploads\/2023\/04\/logo.png\",\"contentUrl\":\"https:\/\/carpe-sol.com\/wp-content\/uploads\/2023\/04\/logo.png\",\"width\":393,\"height\":72,\"caption\":\"CARPE SOL IMMOBILIEN\"},\"image\":{\"@id\":\"https:\/\/carpe-sol.com\/hr\/#\/schema\/logo\/image\/\"}}]}<\/script>\n<!-- \/ Yoast SEO plugin. -->","yoast_head_json":{"title":"ZADAR - VINJERAC, WOHNUNG 141 M2, ZU VERKAUFEN, ERSTE REIHE, AUSSICHT, DACHTERRASSE!!! - CARPE SOL IMMOBILIEN","description":"Zadar - Vinjerac, eine luxuri\u00f6se Dreizimmerwohnung von 141 m2 steht im ersten Stock eines 2023 erbauten Wohngeb\u00e4udes zum Verkauf. Die Wohnung ist in einem","robots":{"index":"index","follow":"follow","max-snippet":"max-snippet:-1","max-image-preview":"max-image-preview:large","max-video-preview":"max-video-preview:-1"},"canonical":"https:\/\/carpe-sol.com\/de\/immobilien\/zadar-vinjerac-wohnung-141-m2-zu-verkaufen-erste-reihe-aussicht-dachterrasse\/","og_locale":"de_DE","og_type":"article","og_title":"ZADAR - VINJERAC, WOHNUNG 141 M2, ZU VERKAUFEN, ERSTE REIHE, AUSSICHT, DACHTERRASSE!!! - CARPE SOL IMMOBILIEN","og_description":"Zadar - Vinjerac, eine luxuri\u00f6se Dreizimmerwohnung von 141 m2 steht im ersten Stock eines 2023 erbauten Wohngeb\u00e4udes zum Verkauf. Die Wohnung ist in einem","og_url":"https:\/\/carpe-sol.com\/de\/immobilien\/zadar-vinjerac-wohnung-141-m2-zu-verkaufen-erste-reihe-aussicht-dachterrasse\/","og_site_name":"CARPE SOL IMMOBILIEN","og_image":[{"width":1920,"height":1080,"url":"https:\/\/carpe-sol.com\/wp-content\/uploads\/2025\/09\/39760-stan-vinjerac-134.85m2-novogradnja-slika-204704315-1.jpg","type":"image\/jpeg"}],"twitter_card":"summary_large_image","twitter_misc":{"Est. reading time":"1 minute"},"schema":{"@context":"https:\/\/schema.org","@graph":[{"@type":"WebPage","@id":"https:\/\/carpe-sol.com\/de\/immobilien\/zadar-vinjerac-wohnung-141-m2-zu-verkaufen-erste-reihe-aussicht-dachterrasse\/","url":"https:\/\/carpe-sol.com\/de\/immobilien\/zadar-vinjerac-wohnung-141-m2-zu-verkaufen-erste-reihe-aussicht-dachterrasse\/","name":"ZADAR - VINJERAC, WOHNUNG 141 M2, ZU VERKAUFEN, ERSTE REIHE, AUSSICHT, DACHTERRASSE!!! - CARPE SOL IMMOBILIEN","isPartOf":{"@id":"https:\/\/carpe-sol.com\/hr\/#website"},"primaryImageOfPage":{"@id":"https:\/\/carpe-sol.com\/de\/immobilien\/zadar-vinjerac-wohnung-141-m2-zu-verkaufen-erste-reihe-aussicht-dachterrasse\/#primaryimage"},"image":{"@id":"https:\/\/carpe-sol.com\/de\/immobilien\/zadar-vinjerac-wohnung-141-m2-zu-verkaufen-erste-reihe-aussicht-dachterrasse\/#primaryimage"},"thumbnailUrl":"https:\/\/carpe-sol.com\/wp-content\/uploads\/2025\/11\/39760-stan-vinjerac-134.85m2-novogradnja-slika-204704315-1.jpg","datePublished":"2025-11-21T05:02:30+00:00","description":"Zadar - Vinjerac, eine luxuri\u00f6se Dreizimmerwohnung von 141 m2 steht im ersten Stock eines 2023 erbauten Wohngeb\u00e4udes zum Verkauf. Die Wohnung ist in einem","breadcrumb":{"@id":"https:\/\/carpe-sol.com\/de\/immobilien\/zadar-vinjerac-wohnung-141-m2-zu-verkaufen-erste-reihe-aussicht-dachterrasse\/#breadcrumb"},"inLanguage":"de","potentialAction":[{"@type":"ReadAction","target":["https:\/\/carpe-sol.com\/de\/immobilien\/zadar-vinjerac-wohnung-141-m2-zu-verkaufen-erste-reihe-aussicht-dachterrasse\/"]}]},{"@type":"ImageObject","inLanguage":"de","@id":"https:\/\/carpe-sol.com\/de\/immobilien\/zadar-vinjerac-wohnung-141-m2-zu-verkaufen-erste-reihe-aussicht-dachterrasse\/#primaryimage","url":"https:\/\/carpe-sol.com\/wp-content\/uploads\/2025\/11\/39760-stan-vinjerac-134.85m2-novogradnja-slika-204704315-1.jpg","contentUrl":"https:\/\/carpe-sol.com\/wp-content\/uploads\/2025\/11\/39760-stan-vinjerac-134.85m2-novogradnja-slika-204704315-1.jpg","width":1920,"height":1080},{"@type":"BreadcrumbList","@id":"https:\/\/carpe-sol.com\/de\/immobilien\/zadar-vinjerac-wohnung-141-m2-zu-verkaufen-erste-reihe-aussicht-dachterrasse\/#breadcrumb","itemListElement":[{"@type":"ListItem","position":1,"name":"Home","item":"https:\/\/carpe-sol.com\/hr\/"},{"@type":"ListItem","position":2,"name":"Immobilien","item":"https:\/\/carpe-sol.com\/hr\/vlasni\u0161tvo\/"},{"@type":"ListItem","position":3,"name":"ZADAR &#8211; VINJERAC, WOHNUNG 141 M2, ZU VERKAUFEN, ERSTE REIHE, AUSSICHT, DACHTERRASSE!!!"}]},{"@type":"WebSite","@id":"https:\/\/carpe-sol.com\/hr\/#website","url":"https:\/\/carpe-sol.com\/hr\/","name":"CARPE SOL IMMOBILIEN","description":"Leben in Kroatien - Immobilien in Kroatien","publisher":{"@id":"https:\/\/carpe-sol.com\/hr\/#organization"},"potentialAction":[{"@type":"SearchAction","target":{"@type":"EntryPoint","urlTemplate":"https:\/\/carpe-sol.com\/hr\/?s={search_term_string}"},"query-input":{"@type":"PropertyValueSpecification","valueRequired":true,"valueName":"search_term_string"}}],"inLanguage":"de"},{"@type":"Organization","@id":"https:\/\/carpe-sol.com\/hr\/#organization","name":"CARPE SOL IMMOBILIEN","url":"https:\/\/carpe-sol.com\/hr\/","logo":{"@type":"ImageObject","inLanguage":"de","@id":"https:\/\/carpe-sol.com\/hr\/#\/schema\/logo\/image\/","url":"https:\/\/carpe-sol.com\/wp-content\/uploads\/2023\/04\/logo.png","contentUrl":"https:\/\/carpe-sol.com\/wp-content\/uploads\/2023\/04\/logo.png","width":393,"height":72,"caption":"CARPE SOL IMMOBILIEN"},"image":{"@id":"https:\/\/carpe-sol.com\/hr\/#\/schema\/logo\/image\/"}}]}},"_links":{"self":[{"href":"https:\/\/carpe-sol.com\/de\/wp-json\/wp\/v2\/immobilien\/639245","targetHints":{"allow":["GET"]}}],"collection":[{"href":"https:\/\/carpe-sol.com\/de\/wp-json\/wp\/v2\/immobilien"}],"about":[{"href":"https:\/\/carpe-sol.com\/de\/wp-json\/wp\/v2\/types\/immobilien"}],"author":[{"embeddable":true,"href":"https:\/\/carpe-sol.com\/de\/wp-json\/wp\/v2\/users\/4"}],"version-history":[{"count":1,"href":"https:\/\/carpe-sol.com\/de\/wp-json\/wp\/v2\/immobilien\/639245\/revisions"}],"predecessor-version":[{"id":657704,"href":"https:\/\/carpe-sol.com\/de\/wp-json\/wp\/v2\/immobilien\/639245\/revisions\/657704"}],"wp:featuredmedia":[{"embeddable":true,"href":"https:\/\/carpe-sol.com\/de\/wp-json\/wp\/v2\/media\/1024827"}],"wp:attachment":[{"href":"https:\/\/carpe-sol.com\/de\/wp-json\/wp\/v2\/media?parent=639245"}],"wp:term":[{"taxonomy":"building_condition","embeddable":true,"href":"https:\/\/carpe-sol.com\/de\/wp-json\/wp\/v2\/building_condition?post=639245"},{"taxonomy":"features","embeddable":true,"href":"https:\/\/carpe-sol.com\/de\/wp-json\/wp\/v2\/features?post=639245"},{"taxonomy":"haus_typ","embeddable":true,"href":"https:\/\/carpe-sol.com\/de\/wp-json\/wp\/v2\/haus_typ?post=639245"},{"taxonomy":"heating","embeddable":true,"href":"https:\/\/carpe-sol.com\/de\/wp-json\/wp\/v2\/heating?post=639245"},{"taxonomy":"kategorie","embeddable":true,"href":"https:\/\/carpe-sol.com\/de\/wp-json\/wp\/v2\/kategorie?post=639245"},{"taxonomy":"location_feature","embeddable":true,"href":"https:\/\/carpe-sol.com\/de\/wp-json\/wp\/v2\/location_feature?post=639245"},{"taxonomy":"parking","embeddable":true,"href":"https:\/\/carpe-sol.com\/de\/wp-json\/wp\/v2\/parking?post=639245"},{"taxonomy":"utility","embeddable":true,"href":"https:\/\/carpe-sol.com\/de\/wp-json\/wp\/v2\/utility?post=639245"}],"curies":[{"name":"wp","href":"https:\/\/api.w.org\/{rel}","templated":true}]}}