{"id":639357,"date":"2025-11-21T07:32:34","date_gmt":"2025-11-21T05:32:34","guid":{"rendered":"https:\/\/carpe-sol.com\/immobilien\/zadar-branimir-wohnung-6513-m2-zu-verkaufen-erste-reihe-aussicht\/"},"modified":"2025-06-04T17:07:12","modified_gmt":"2025-06-04T15:07:12","slug":"zadar-branimir-wohnung-6513-m2-zu-verkaufen-erste-reihe-aussicht","status":"publish","type":"immobilien","link":"https:\/\/carpe-sol.com\/de\/immobilien\/zadar-branimir-wohnung-6513-m2-zu-verkaufen-erste-reihe-aussicht\/","title":{"rendered":"ZADAR &#8211; BRANIMIR, WOHNUNG 65,13 M2, ZU VERKAUFEN, ERSTE REIHE, AUSSICHT!!!!"},"content":{"rendered":"<p>Zadar &#8211; Branimir, Zweizimmerwohnung von 65,13 m2 zum Verkauf im dritten Stock eines Wohngeb\u00e4udes, komplett renoviert und<br \/>\n m\u00f6bliert. Die Wohnung befindet sich teilweise im Dachgeschoss und durch die Renovierung vergr\u00f6\u00dferte sich die Fl\u00e4che, die in den Unterlagen 65,13 betr\u00e4gt<br \/>\n m2 und in der Natur 82,57 m2, mit der M\u00f6glichkeit einer zus\u00e4tzlichen Erweiterung ins Dachgeschoss. Die H\u00f6he der Wohnung betr\u00e4gt ca. 4 m, es besteht die M\u00f6glichkeit, einen Galerieraum hinzuzuf\u00fcgen.<br \/>\n .<br \/>\n Es besteht aus: zwei Schlafzimmern, Wohnzimmer, K\u00fcche + Esszimmer, Flur, Badezimmer und Balkon.<br \/>\n .<br \/>\n DIE WOHNUNG BIETET EINEN SCH\u00d6NEN BLICK AUF DAS MEER, DEN MARINA UND DEN ALTSTADTTEIL!!!<br \/>\n .<br \/>\n Es befindet sich in ausgezeichneter Lage, 6 m vom Meer und dem Yachthafen entfernt, in erster Reihe, nach S\u00fcden ausgerichtet, sonnig, trocken &#8211; ohne Feuchtigkeit, nah an allen notwendigen Annehmlichkeiten f\u00fcr ein angenehmes Leben und einen angenehmen Urlaub!!!<br \/>\n .<br \/>\n Es verf\u00fcgt \u00fcber einen Keller von ca. 12 m2 mit separatem Eingang vom Innenhof des Geb\u00e4udes.<br \/>\n .<br \/>\n Gemeinsamer Parkplatz vor dem Geb\u00e4ude.<br \/>\n .<br \/>\n Die Dokumentation ist in Ordnung.   <\/p>\n","protected":false},"author":7,"featured_media":1027355,"template":"","meta":{"_acf_changed":false,"footnotes":""},"building_condition":[],"features":[172],"haus_typ":[],"heating":[228],"kategorie":[290],"location_feature":[266,167,259,256],"parking":[],"utility":[179,232,285,180,257,230,260],"class_list":["post-639357","immobilien","type-immobilien","status-publish","has-post-thumbnail","hentry","features-balkon-de","heating-elektrizitat","kategorie-wohnung","location_feature-direkt-neben-dem-strand","location_feature-beste-lage","location_feature-seeblick","location_feature-pogled-na-more","utility-elektrizitaet","utility-dsl-de","utility-kanal-de","utility-telefon","utility-voda","utility-wasser","utility-wasser-de"],"acf":[],"yoast_head":"<!-- This site is optimized with the Yoast SEO plugin v26.4 - https:\/\/yoast.com\/wordpress\/plugins\/seo\/ -->\n<title>ZADAR - BRANIMIR, WOHNUNG 65,13 M2, ZU VERKAUFEN, ERSTE REIHE, AUSSICHT!!!! - CARPE SOL IMMOBILIEN<\/title>\n<meta name=\"description\" content=\"Zadar - Branimir, Zweizimmerwohnung von 65,13 m2 zum Verkauf im dritten Stock eines Wohngeb\u00e4udes, komplett renoviert und m\u00f6bliert. Die Wohnung befindet\" \/>\n<meta name=\"robots\" content=\"index, follow, max-snippet:-1, max-image-preview:large, max-video-preview:-1\" \/>\n<link rel=\"canonical\" href=\"https:\/\/carpe-sol.com\/de\/immobilien\/zadar-branimir-wohnung-6513-m2-zu-verkaufen-erste-reihe-aussicht\/\" \/>\n<meta property=\"og:locale\" content=\"de_DE\" \/>\n<meta property=\"og:type\" content=\"article\" \/>\n<meta property=\"og:title\" content=\"ZADAR - BRANIMIR, WOHNUNG 65,13 M2, ZU VERKAUFEN, ERSTE REIHE, AUSSICHT!!!! - CARPE SOL IMMOBILIEN\" \/>\n<meta property=\"og:description\" content=\"Zadar - Branimir, Zweizimmerwohnung von 65,13 m2 zum Verkauf im dritten Stock eines Wohngeb\u00e4udes, komplett renoviert und m\u00f6bliert. Die Wohnung befindet\" \/>\n<meta property=\"og:url\" content=\"https:\/\/carpe-sol.com\/de\/immobilien\/zadar-branimir-wohnung-6513-m2-zu-verkaufen-erste-reihe-aussicht\/\" \/>\n<meta property=\"og:site_name\" content=\"CARPE SOL IMMOBILIEN\" \/>\n<meta property=\"og:image\" content=\"https:\/\/carpe-sol.com\/wp-content\/uploads\/2025\/05\/39916-WhatsApp-Image-2024-05-29-at-08.58.51-10.jpeg\" \/>\n\t<meta property=\"og:image:width\" content=\"810\" \/>\n\t<meta property=\"og:image:height\" content=\"1080\" \/>\n\t<meta property=\"og:image:type\" content=\"image\/jpeg\" \/>\n<meta name=\"twitter:card\" content=\"summary_large_image\" \/>\n<meta name=\"twitter:label1\" content=\"Est. reading time\" \/>\n\t<meta name=\"twitter:data1\" content=\"1 minute\" \/>\n<script type=\"application\/ld+json\" class=\"yoast-schema-graph\">{\"@context\":\"https:\/\/schema.org\",\"@graph\":[{\"@type\":\"WebPage\",\"@id\":\"https:\/\/carpe-sol.com\/de\/immobilien\/zadar-branimir-wohnung-6513-m2-zu-verkaufen-erste-reihe-aussicht\/\",\"url\":\"https:\/\/carpe-sol.com\/de\/immobilien\/zadar-branimir-wohnung-6513-m2-zu-verkaufen-erste-reihe-aussicht\/\",\"name\":\"ZADAR - BRANIMIR, WOHNUNG 65,13 M2, ZU VERKAUFEN, ERSTE REIHE, AUSSICHT!!!! - CARPE SOL IMMOBILIEN\",\"isPartOf\":{\"@id\":\"https:\/\/carpe-sol.com\/hr\/#website\"},\"primaryImageOfPage\":{\"@id\":\"https:\/\/carpe-sol.com\/de\/immobilien\/zadar-branimir-wohnung-6513-m2-zu-verkaufen-erste-reihe-aussicht\/#primaryimage\"},\"image\":{\"@id\":\"https:\/\/carpe-sol.com\/de\/immobilien\/zadar-branimir-wohnung-6513-m2-zu-verkaufen-erste-reihe-aussicht\/#primaryimage\"},\"thumbnailUrl\":\"https:\/\/carpe-sol.com\/wp-content\/uploads\/2025\/11\/39916-WhatsApp-Image-2024-05-29-at-08.58.51-10-1.jpeg\",\"datePublished\":\"2025-11-21T05:32:34+00:00\",\"description\":\"Zadar - Branimir, Zweizimmerwohnung von 65,13 m2 zum Verkauf im dritten Stock eines Wohngeb\u00e4udes, komplett renoviert und m\u00f6bliert. Die Wohnung befindet\",\"breadcrumb\":{\"@id\":\"https:\/\/carpe-sol.com\/de\/immobilien\/zadar-branimir-wohnung-6513-m2-zu-verkaufen-erste-reihe-aussicht\/#breadcrumb\"},\"inLanguage\":\"de\",\"potentialAction\":[{\"@type\":\"ReadAction\",\"target\":[\"https:\/\/carpe-sol.com\/de\/immobilien\/zadar-branimir-wohnung-6513-m2-zu-verkaufen-erste-reihe-aussicht\/\"]}]},{\"@type\":\"ImageObject\",\"inLanguage\":\"de\",\"@id\":\"https:\/\/carpe-sol.com\/de\/immobilien\/zadar-branimir-wohnung-6513-m2-zu-verkaufen-erste-reihe-aussicht\/#primaryimage\",\"url\":\"https:\/\/carpe-sol.com\/wp-content\/uploads\/2025\/11\/39916-WhatsApp-Image-2024-05-29-at-08.58.51-10-1.jpeg\",\"contentUrl\":\"https:\/\/carpe-sol.com\/wp-content\/uploads\/2025\/11\/39916-WhatsApp-Image-2024-05-29-at-08.58.51-10-1.jpeg\",\"width\":810,\"height\":1080},{\"@type\":\"BreadcrumbList\",\"@id\":\"https:\/\/carpe-sol.com\/de\/immobilien\/zadar-branimir-wohnung-6513-m2-zu-verkaufen-erste-reihe-aussicht\/#breadcrumb\",\"itemListElement\":[{\"@type\":\"ListItem\",\"position\":1,\"name\":\"Home\",\"item\":\"https:\/\/carpe-sol.com\/hr\/\"},{\"@type\":\"ListItem\",\"position\":2,\"name\":\"Immobilien\",\"item\":\"https:\/\/carpe-sol.com\/hr\/vlasni\u0161tvo\/\"},{\"@type\":\"ListItem\",\"position\":3,\"name\":\"ZADAR &#8211; BRANIMIR, WOHNUNG 65,13 M2, ZU VERKAUFEN, ERSTE REIHE, AUSSICHT!!!!\"}]},{\"@type\":\"WebSite\",\"@id\":\"https:\/\/carpe-sol.com\/hr\/#website\",\"url\":\"https:\/\/carpe-sol.com\/hr\/\",\"name\":\"CARPE SOL IMMOBILIEN\",\"description\":\"Leben in Kroatien - Immobilien in Kroatien\",\"publisher\":{\"@id\":\"https:\/\/carpe-sol.com\/hr\/#organization\"},\"potentialAction\":[{\"@type\":\"SearchAction\",\"target\":{\"@type\":\"EntryPoint\",\"urlTemplate\":\"https:\/\/carpe-sol.com\/hr\/?s={search_term_string}\"},\"query-input\":{\"@type\":\"PropertyValueSpecification\",\"valueRequired\":true,\"valueName\":\"search_term_string\"}}],\"inLanguage\":\"de\"},{\"@type\":\"Organization\",\"@id\":\"https:\/\/carpe-sol.com\/hr\/#organization\",\"name\":\"CARPE SOL IMMOBILIEN\",\"url\":\"https:\/\/carpe-sol.com\/hr\/\",\"logo\":{\"@type\":\"ImageObject\",\"inLanguage\":\"de\",\"@id\":\"https:\/\/carpe-sol.com\/hr\/#\/schema\/logo\/image\/\",\"url\":\"https:\/\/carpe-sol.com\/wp-content\/uploads\/2023\/04\/logo.png\",\"contentUrl\":\"https:\/\/carpe-sol.com\/wp-content\/uploads\/2023\/04\/logo.png\",\"width\":393,\"height\":72,\"caption\":\"CARPE SOL IMMOBILIEN\"},\"image\":{\"@id\":\"https:\/\/carpe-sol.com\/hr\/#\/schema\/logo\/image\/\"}}]}<\/script>\n<!-- \/ Yoast SEO plugin. -->","yoast_head_json":{"title":"ZADAR - BRANIMIR, WOHNUNG 65,13 M2, ZU VERKAUFEN, ERSTE REIHE, AUSSICHT!!!! - CARPE SOL IMMOBILIEN","description":"Zadar - Branimir, Zweizimmerwohnung von 65,13 m2 zum Verkauf im dritten Stock eines Wohngeb\u00e4udes, komplett renoviert und m\u00f6bliert. Die Wohnung befindet","robots":{"index":"index","follow":"follow","max-snippet":"max-snippet:-1","max-image-preview":"max-image-preview:large","max-video-preview":"max-video-preview:-1"},"canonical":"https:\/\/carpe-sol.com\/de\/immobilien\/zadar-branimir-wohnung-6513-m2-zu-verkaufen-erste-reihe-aussicht\/","og_locale":"de_DE","og_type":"article","og_title":"ZADAR - BRANIMIR, WOHNUNG 65,13 M2, ZU VERKAUFEN, ERSTE REIHE, AUSSICHT!!!! - CARPE SOL IMMOBILIEN","og_description":"Zadar - Branimir, Zweizimmerwohnung von 65,13 m2 zum Verkauf im dritten Stock eines Wohngeb\u00e4udes, komplett renoviert und m\u00f6bliert. Die Wohnung befindet","og_url":"https:\/\/carpe-sol.com\/de\/immobilien\/zadar-branimir-wohnung-6513-m2-zu-verkaufen-erste-reihe-aussicht\/","og_site_name":"CARPE SOL IMMOBILIEN","og_image":[{"width":810,"height":1080,"url":"https:\/\/carpe-sol.com\/wp-content\/uploads\/2025\/05\/39916-WhatsApp-Image-2024-05-29-at-08.58.51-10.jpeg","type":"image\/jpeg"}],"twitter_card":"summary_large_image","twitter_misc":{"Est. reading time":"1 minute"},"schema":{"@context":"https:\/\/schema.org","@graph":[{"@type":"WebPage","@id":"https:\/\/carpe-sol.com\/de\/immobilien\/zadar-branimir-wohnung-6513-m2-zu-verkaufen-erste-reihe-aussicht\/","url":"https:\/\/carpe-sol.com\/de\/immobilien\/zadar-branimir-wohnung-6513-m2-zu-verkaufen-erste-reihe-aussicht\/","name":"ZADAR - BRANIMIR, WOHNUNG 65,13 M2, ZU VERKAUFEN, ERSTE REIHE, AUSSICHT!!!! - CARPE SOL IMMOBILIEN","isPartOf":{"@id":"https:\/\/carpe-sol.com\/hr\/#website"},"primaryImageOfPage":{"@id":"https:\/\/carpe-sol.com\/de\/immobilien\/zadar-branimir-wohnung-6513-m2-zu-verkaufen-erste-reihe-aussicht\/#primaryimage"},"image":{"@id":"https:\/\/carpe-sol.com\/de\/immobilien\/zadar-branimir-wohnung-6513-m2-zu-verkaufen-erste-reihe-aussicht\/#primaryimage"},"thumbnailUrl":"https:\/\/carpe-sol.com\/wp-content\/uploads\/2025\/11\/39916-WhatsApp-Image-2024-05-29-at-08.58.51-10-1.jpeg","datePublished":"2025-11-21T05:32:34+00:00","description":"Zadar - Branimir, Zweizimmerwohnung von 65,13 m2 zum Verkauf im dritten Stock eines Wohngeb\u00e4udes, komplett renoviert und m\u00f6bliert. Die Wohnung befindet","breadcrumb":{"@id":"https:\/\/carpe-sol.com\/de\/immobilien\/zadar-branimir-wohnung-6513-m2-zu-verkaufen-erste-reihe-aussicht\/#breadcrumb"},"inLanguage":"de","potentialAction":[{"@type":"ReadAction","target":["https:\/\/carpe-sol.com\/de\/immobilien\/zadar-branimir-wohnung-6513-m2-zu-verkaufen-erste-reihe-aussicht\/"]}]},{"@type":"ImageObject","inLanguage":"de","@id":"https:\/\/carpe-sol.com\/de\/immobilien\/zadar-branimir-wohnung-6513-m2-zu-verkaufen-erste-reihe-aussicht\/#primaryimage","url":"https:\/\/carpe-sol.com\/wp-content\/uploads\/2025\/11\/39916-WhatsApp-Image-2024-05-29-at-08.58.51-10-1.jpeg","contentUrl":"https:\/\/carpe-sol.com\/wp-content\/uploads\/2025\/11\/39916-WhatsApp-Image-2024-05-29-at-08.58.51-10-1.jpeg","width":810,"height":1080},{"@type":"BreadcrumbList","@id":"https:\/\/carpe-sol.com\/de\/immobilien\/zadar-branimir-wohnung-6513-m2-zu-verkaufen-erste-reihe-aussicht\/#breadcrumb","itemListElement":[{"@type":"ListItem","position":1,"name":"Home","item":"https:\/\/carpe-sol.com\/hr\/"},{"@type":"ListItem","position":2,"name":"Immobilien","item":"https:\/\/carpe-sol.com\/hr\/vlasni\u0161tvo\/"},{"@type":"ListItem","position":3,"name":"ZADAR &#8211; BRANIMIR, WOHNUNG 65,13 M2, ZU VERKAUFEN, ERSTE REIHE, AUSSICHT!!!!"}]},{"@type":"WebSite","@id":"https:\/\/carpe-sol.com\/hr\/#website","url":"https:\/\/carpe-sol.com\/hr\/","name":"CARPE SOL IMMOBILIEN","description":"Leben in Kroatien - Immobilien in Kroatien","publisher":{"@id":"https:\/\/carpe-sol.com\/hr\/#organization"},"potentialAction":[{"@type":"SearchAction","target":{"@type":"EntryPoint","urlTemplate":"https:\/\/carpe-sol.com\/hr\/?s={search_term_string}"},"query-input":{"@type":"PropertyValueSpecification","valueRequired":true,"valueName":"search_term_string"}}],"inLanguage":"de"},{"@type":"Organization","@id":"https:\/\/carpe-sol.com\/hr\/#organization","name":"CARPE SOL IMMOBILIEN","url":"https:\/\/carpe-sol.com\/hr\/","logo":{"@type":"ImageObject","inLanguage":"de","@id":"https:\/\/carpe-sol.com\/hr\/#\/schema\/logo\/image\/","url":"https:\/\/carpe-sol.com\/wp-content\/uploads\/2023\/04\/logo.png","contentUrl":"https:\/\/carpe-sol.com\/wp-content\/uploads\/2023\/04\/logo.png","width":393,"height":72,"caption":"CARPE SOL IMMOBILIEN"},"image":{"@id":"https:\/\/carpe-sol.com\/hr\/#\/schema\/logo\/image\/"}}]}},"_links":{"self":[{"href":"https:\/\/carpe-sol.com\/de\/wp-json\/wp\/v2\/immobilien\/639357","targetHints":{"allow":["GET"]}}],"collection":[{"href":"https:\/\/carpe-sol.com\/de\/wp-json\/wp\/v2\/immobilien"}],"about":[{"href":"https:\/\/carpe-sol.com\/de\/wp-json\/wp\/v2\/types\/immobilien"}],"author":[{"embeddable":true,"href":"https:\/\/carpe-sol.com\/de\/wp-json\/wp\/v2\/users\/7"}],"version-history":[{"count":1,"href":"https:\/\/carpe-sol.com\/de\/wp-json\/wp\/v2\/immobilien\/639357\/revisions"}],"predecessor-version":[{"id":657764,"href":"https:\/\/carpe-sol.com\/de\/wp-json\/wp\/v2\/immobilien\/639357\/revisions\/657764"}],"wp:featuredmedia":[{"embeddable":true,"href":"https:\/\/carpe-sol.com\/de\/wp-json\/wp\/v2\/media\/1027355"}],"wp:attachment":[{"href":"https:\/\/carpe-sol.com\/de\/wp-json\/wp\/v2\/media?parent=639357"}],"wp:term":[{"taxonomy":"building_condition","embeddable":true,"href":"https:\/\/carpe-sol.com\/de\/wp-json\/wp\/v2\/building_condition?post=639357"},{"taxonomy":"features","embeddable":true,"href":"https:\/\/carpe-sol.com\/de\/wp-json\/wp\/v2\/features?post=639357"},{"taxonomy":"haus_typ","embeddable":true,"href":"https:\/\/carpe-sol.com\/de\/wp-json\/wp\/v2\/haus_typ?post=639357"},{"taxonomy":"heating","embeddable":true,"href":"https:\/\/carpe-sol.com\/de\/wp-json\/wp\/v2\/heating?post=639357"},{"taxonomy":"kategorie","embeddable":true,"href":"https:\/\/carpe-sol.com\/de\/wp-json\/wp\/v2\/kategorie?post=639357"},{"taxonomy":"location_feature","embeddable":true,"href":"https:\/\/carpe-sol.com\/de\/wp-json\/wp\/v2\/location_feature?post=639357"},{"taxonomy":"parking","embeddable":true,"href":"https:\/\/carpe-sol.com\/de\/wp-json\/wp\/v2\/parking?post=639357"},{"taxonomy":"utility","embeddable":true,"href":"https:\/\/carpe-sol.com\/de\/wp-json\/wp\/v2\/utility?post=639357"}],"curies":[{"name":"wp","href":"https:\/\/api.w.org\/{rel}","templated":true}]}}