{"id":717399,"date":"2026-01-23T13:06:04","date_gmt":"2026-01-23T11:06:04","guid":{"rendered":"https:\/\/carpe-sol.com\/immobilien\/zadar-ugljan-wohnung-12587-m2-zu-verkaufen-dachterrasse-neu-aussicht-1-reihe\/"},"modified":"2025-06-05T13:07:58","modified_gmt":"2025-06-05T11:07:58","slug":"zadar-ugljan-wohnung-12587-m2-zu-verkaufen-dachterrasse-neu-aussicht-1-reihe","status":"publish","type":"immobilien","link":"https:\/\/carpe-sol.com\/de\/immobilien\/zadar-ugljan-wohnung-12587-m2-zu-verkaufen-dachterrasse-neu-aussicht-1-reihe\/","title":{"rendered":"ZADAR &#8211; UGLJAN, WOHNUNG 125,87 M2, ZU VERKAUFEN, DACHTERRASSE, NEU, AUSSICHT, 1 REIHE!!!"},"content":{"rendered":"<p>Zadar &#8211; Ugljan, Drei-Zimmer-Wohnung mit 125,87 m2 zum Verkauf im ersten Stock eines im Bau befindlichen Wohngeb\u00e4udes mit insgesamt vier Wohnungen, hochwertige Bauweise. Geplanter Einzug Ende 2025.<br \/>\n.<br \/>\nEs besteht aus: drei Schlafzimmern, Wohnzimmer + K\u00fcche + Esszimmer, Flur, Eingangshalle, Garderobe, Waschk\u00fcche, drei Badezimmern, Toilette und Terrasse.<br \/>\n.<br \/>\nDIE WOHNUNG BIETET EINEN SCH\u00d6NEN OFFENEN BLICK AUF DAS MEER!!!<br \/>\n.<br \/>\nEs befindet sich in einer ausgezeichneten Lage, 32 m vom Meer und 150 m vom Strand entfernt, in der N\u00e4he von Gesch\u00e4ften, Restaurants, Caf\u00e9s, einem Kinderspielplatz und allen anderen Annehmlichkeiten, die f\u00fcr einen angenehmen und ruhigen Urlaub erforderlich sind!!!<br \/>\n.<br \/>\nEs verf\u00fcgt \u00fcber einen \u00fcberdachten Parkplatz und eine Dachterrasse von 91,30 m2.<br \/>\n.<br \/>\nM\u00f6glichkeit des Kaufs eines zus\u00e4tzlichen Parkplatzes.<br \/>\n.<br \/>\nDie Anlage wird \u00fcber einen Fahrradabstellraum verf\u00fcgen.<br \/>\n.<br \/>\nDie Dokumentation ist in Ordnung.<br \/>\n.<br \/>\nHINWEIS: M\u00f6glichkeit der Vereinbarung einer Zahlungsart mit 10 % Rabatt je nach Wohnung, Bauabschnitt und Zahlungsart.<\/p>\n","protected":false},"author":7,"featured_media":1058174,"template":"","meta":{"_acf_changed":false,"footnotes":""},"building_condition":[252],"features":[172,225,173],"haus_typ":[],"heating":[175],"kategorie":[253],"location_feature":[266,259,256],"parking":[],"utility":[179,285,180,257,260],"class_list":["post-717399","immobilien","type-immobilien","status-publish","has-post-thumbnail","hentry","building_condition-neu","features-balkon-de","features-speisekammer","features-terrasse","heating-wechselstrom","kategorie-ferienwohnung","location_feature-direkt-neben-dem-strand","location_feature-seeblick","location_feature-pogled-na-more","utility-elektrizitaet","utility-kanal-de","utility-telefon","utility-voda","utility-wasser-de"],"acf":[],"yoast_head":"<!-- This site is optimized with the Yoast SEO plugin v26.4 - https:\/\/yoast.com\/wordpress\/plugins\/seo\/ -->\n<title>ZADAR - UGLJAN, WOHNUNG 125,87 M2, ZU VERKAUFEN, DACHTERRASSE, NEU, AUSSICHT, 1 REIHE!!! - CARPE SOL IMMOBILIEN<\/title>\n<meta name=\"description\" content=\"Zadar - Ugljan, Drei-Zimmer-Wohnung mit 125,87 m2 zum Verkauf im ersten Stock eines im Bau befindlichen Wohngeb\u00e4udes mit insgesamt vier Wohnungen,\" \/>\n<meta name=\"robots\" content=\"index, follow, max-snippet:-1, max-image-preview:large, max-video-preview:-1\" \/>\n<link rel=\"canonical\" href=\"https:\/\/carpe-sol.com\/immobilien\/zadar-ugljan-wohnung-12587-m2-zu-verkaufen-dachterrasse-neu-aussicht-1-reihe\/\" \/>\n<meta property=\"og:locale\" content=\"de_DE\" \/>\n<meta property=\"og:type\" content=\"article\" \/>\n<meta property=\"og:title\" content=\"ZADAR - UGLJAN, WOHNUNG 125,87 M2, ZU VERKAUFEN, DACHTERRASSE, NEU, AUSSICHT, 1 REIHE!!! - CARPE SOL IMMOBILIEN\" \/>\n<meta property=\"og:description\" content=\"Zadar - Ugljan, Drei-Zimmer-Wohnung mit 125,87 m2 zum Verkauf im ersten Stock eines im Bau befindlichen Wohngeb\u00e4udes mit insgesamt vier Wohnungen,\" \/>\n<meta property=\"og:url\" content=\"https:\/\/carpe-sol.com\/immobilien\/zadar-ugljan-wohnung-12587-m2-zu-verkaufen-dachterrasse-neu-aussicht-1-reihe\/\" \/>\n<meta property=\"og:site_name\" content=\"CARPE SOL IMMOBILIEN\" \/>\n<meta name=\"twitter:card\" content=\"summary_large_image\" \/>\n<meta name=\"twitter:label1\" content=\"Est. reading time\" \/>\n\t<meta name=\"twitter:data1\" content=\"1 minute\" \/>\n<script type=\"application\/ld+json\" class=\"yoast-schema-graph\">{\"@context\":\"https:\/\/schema.org\",\"@graph\":[{\"@type\":\"WebPage\",\"@id\":\"https:\/\/carpe-sol.com\/immobilien\/zadar-ugljan-wohnung-12587-m2-zu-verkaufen-dachterrasse-neu-aussicht-1-reihe\/\",\"url\":\"https:\/\/carpe-sol.com\/immobilien\/zadar-ugljan-wohnung-12587-m2-zu-verkaufen-dachterrasse-neu-aussicht-1-reihe\/\",\"name\":\"ZADAR - UGLJAN, WOHNUNG 125,87 M2, ZU VERKAUFEN, DACHTERRASSE, NEU, AUSSICHT, 1 REIHE!!! - CARPE SOL IMMOBILIEN\",\"isPartOf\":{\"@id\":\"https:\/\/carpe-sol.com\/hr\/#website\"},\"primaryImageOfPage\":{\"@id\":\"https:\/\/carpe-sol.com\/immobilien\/zadar-ugljan-wohnung-12587-m2-zu-verkaufen-dachterrasse-neu-aussicht-1-reihe\/#primaryimage\"},\"image\":{\"@id\":\"https:\/\/carpe-sol.com\/immobilien\/zadar-ugljan-wohnung-12587-m2-zu-verkaufen-dachterrasse-neu-aussicht-1-reihe\/#primaryimage\"},\"thumbnailUrl\":\"https:\/\/carpe-sol.com\/wp-content\/uploads\/2026\/01\/40015-IMG_4664-1.jpg\",\"datePublished\":\"2026-01-23T11:06:04+00:00\",\"description\":\"Zadar - Ugljan, Drei-Zimmer-Wohnung mit 125,87 m2 zum Verkauf im ersten Stock eines im Bau befindlichen Wohngeb\u00e4udes mit insgesamt vier Wohnungen,\",\"breadcrumb\":{\"@id\":\"https:\/\/carpe-sol.com\/immobilien\/zadar-ugljan-wohnung-12587-m2-zu-verkaufen-dachterrasse-neu-aussicht-1-reihe\/#breadcrumb\"},\"inLanguage\":\"de\",\"potentialAction\":[{\"@type\":\"ReadAction\",\"target\":[\"https:\/\/carpe-sol.com\/immobilien\/zadar-ugljan-wohnung-12587-m2-zu-verkaufen-dachterrasse-neu-aussicht-1-reihe\/\"]}]},{\"@type\":\"ImageObject\",\"inLanguage\":\"de\",\"@id\":\"https:\/\/carpe-sol.com\/immobilien\/zadar-ugljan-wohnung-12587-m2-zu-verkaufen-dachterrasse-neu-aussicht-1-reihe\/#primaryimage\",\"url\":\"https:\/\/carpe-sol.com\/wp-content\/uploads\/2026\/01\/40015-IMG_4664-1.jpg\",\"contentUrl\":\"https:\/\/carpe-sol.com\/wp-content\/uploads\/2026\/01\/40015-IMG_4664-1.jpg\",\"width\":1920,\"height\":1080},{\"@type\":\"BreadcrumbList\",\"@id\":\"https:\/\/carpe-sol.com\/immobilien\/zadar-ugljan-wohnung-12587-m2-zu-verkaufen-dachterrasse-neu-aussicht-1-reihe\/#breadcrumb\",\"itemListElement\":[{\"@type\":\"ListItem\",\"position\":1,\"name\":\"Home\",\"item\":\"https:\/\/carpe-sol.com\/hr\/\"},{\"@type\":\"ListItem\",\"position\":2,\"name\":\"Immobilien\",\"item\":\"https:\/\/carpe-sol.com\/hr\/vlasni\u0161tvo\/\"},{\"@type\":\"ListItem\",\"position\":3,\"name\":\"ZADAR &#8211; UGLJAN, WOHNUNG 125,87 M2, ZU VERKAUFEN, DACHTERRASSE, NEU, AUSSICHT, 1 REIHE!!!\"}]},{\"@type\":\"WebSite\",\"@id\":\"https:\/\/carpe-sol.com\/hr\/#website\",\"url\":\"https:\/\/carpe-sol.com\/hr\/\",\"name\":\"CARPE SOL IMMOBILIEN\",\"description\":\"Leben in Kroatien - Immobilien in Kroatien\",\"publisher\":{\"@id\":\"https:\/\/carpe-sol.com\/hr\/#organization\"},\"potentialAction\":[{\"@type\":\"SearchAction\",\"target\":{\"@type\":\"EntryPoint\",\"urlTemplate\":\"https:\/\/carpe-sol.com\/hr\/?s={search_term_string}\"},\"query-input\":{\"@type\":\"PropertyValueSpecification\",\"valueRequired\":true,\"valueName\":\"search_term_string\"}}],\"inLanguage\":\"de\"},{\"@type\":\"Organization\",\"@id\":\"https:\/\/carpe-sol.com\/hr\/#organization\",\"name\":\"CARPE SOL IMMOBILIEN\",\"url\":\"https:\/\/carpe-sol.com\/hr\/\",\"logo\":{\"@type\":\"ImageObject\",\"inLanguage\":\"de\",\"@id\":\"https:\/\/carpe-sol.com\/hr\/#\/schema\/logo\/image\/\",\"url\":\"https:\/\/carpe-sol.com\/wp-content\/uploads\/2023\/04\/logo.png\",\"contentUrl\":\"https:\/\/carpe-sol.com\/wp-content\/uploads\/2023\/04\/logo.png\",\"width\":393,\"height\":72,\"caption\":\"CARPE SOL IMMOBILIEN\"},\"image\":{\"@id\":\"https:\/\/carpe-sol.com\/hr\/#\/schema\/logo\/image\/\"}}]}<\/script>\n<!-- \/ Yoast SEO plugin. -->","yoast_head_json":{"title":"ZADAR - UGLJAN, WOHNUNG 125,87 M2, ZU VERKAUFEN, DACHTERRASSE, NEU, AUSSICHT, 1 REIHE!!! - CARPE SOL IMMOBILIEN","description":"Zadar - Ugljan, Drei-Zimmer-Wohnung mit 125,87 m2 zum Verkauf im ersten Stock eines im Bau befindlichen Wohngeb\u00e4udes mit insgesamt vier Wohnungen,","robots":{"index":"index","follow":"follow","max-snippet":"max-snippet:-1","max-image-preview":"max-image-preview:large","max-video-preview":"max-video-preview:-1"},"canonical":"https:\/\/carpe-sol.com\/immobilien\/zadar-ugljan-wohnung-12587-m2-zu-verkaufen-dachterrasse-neu-aussicht-1-reihe\/","og_locale":"de_DE","og_type":"article","og_title":"ZADAR - UGLJAN, WOHNUNG 125,87 M2, ZU VERKAUFEN, DACHTERRASSE, NEU, AUSSICHT, 1 REIHE!!! - CARPE SOL IMMOBILIEN","og_description":"Zadar - Ugljan, Drei-Zimmer-Wohnung mit 125,87 m2 zum Verkauf im ersten Stock eines im Bau befindlichen Wohngeb\u00e4udes mit insgesamt vier Wohnungen,","og_url":"https:\/\/carpe-sol.com\/immobilien\/zadar-ugljan-wohnung-12587-m2-zu-verkaufen-dachterrasse-neu-aussicht-1-reihe\/","og_site_name":"CARPE SOL IMMOBILIEN","twitter_card":"summary_large_image","twitter_misc":{"Est. reading time":"1 minute"},"schema":{"@context":"https:\/\/schema.org","@graph":[{"@type":"WebPage","@id":"https:\/\/carpe-sol.com\/immobilien\/zadar-ugljan-wohnung-12587-m2-zu-verkaufen-dachterrasse-neu-aussicht-1-reihe\/","url":"https:\/\/carpe-sol.com\/immobilien\/zadar-ugljan-wohnung-12587-m2-zu-verkaufen-dachterrasse-neu-aussicht-1-reihe\/","name":"ZADAR - UGLJAN, WOHNUNG 125,87 M2, ZU VERKAUFEN, DACHTERRASSE, NEU, AUSSICHT, 1 REIHE!!! - CARPE SOL IMMOBILIEN","isPartOf":{"@id":"https:\/\/carpe-sol.com\/hr\/#website"},"primaryImageOfPage":{"@id":"https:\/\/carpe-sol.com\/immobilien\/zadar-ugljan-wohnung-12587-m2-zu-verkaufen-dachterrasse-neu-aussicht-1-reihe\/#primaryimage"},"image":{"@id":"https:\/\/carpe-sol.com\/immobilien\/zadar-ugljan-wohnung-12587-m2-zu-verkaufen-dachterrasse-neu-aussicht-1-reihe\/#primaryimage"},"thumbnailUrl":"https:\/\/carpe-sol.com\/wp-content\/uploads\/2026\/01\/40015-IMG_4664-1.jpg","datePublished":"2026-01-23T11:06:04+00:00","description":"Zadar - Ugljan, Drei-Zimmer-Wohnung mit 125,87 m2 zum Verkauf im ersten Stock eines im Bau befindlichen Wohngeb\u00e4udes mit insgesamt vier Wohnungen,","breadcrumb":{"@id":"https:\/\/carpe-sol.com\/immobilien\/zadar-ugljan-wohnung-12587-m2-zu-verkaufen-dachterrasse-neu-aussicht-1-reihe\/#breadcrumb"},"inLanguage":"de","potentialAction":[{"@type":"ReadAction","target":["https:\/\/carpe-sol.com\/immobilien\/zadar-ugljan-wohnung-12587-m2-zu-verkaufen-dachterrasse-neu-aussicht-1-reihe\/"]}]},{"@type":"ImageObject","inLanguage":"de","@id":"https:\/\/carpe-sol.com\/immobilien\/zadar-ugljan-wohnung-12587-m2-zu-verkaufen-dachterrasse-neu-aussicht-1-reihe\/#primaryimage","url":"https:\/\/carpe-sol.com\/wp-content\/uploads\/2026\/01\/40015-IMG_4664-1.jpg","contentUrl":"https:\/\/carpe-sol.com\/wp-content\/uploads\/2026\/01\/40015-IMG_4664-1.jpg","width":1920,"height":1080},{"@type":"BreadcrumbList","@id":"https:\/\/carpe-sol.com\/immobilien\/zadar-ugljan-wohnung-12587-m2-zu-verkaufen-dachterrasse-neu-aussicht-1-reihe\/#breadcrumb","itemListElement":[{"@type":"ListItem","position":1,"name":"Home","item":"https:\/\/carpe-sol.com\/hr\/"},{"@type":"ListItem","position":2,"name":"Immobilien","item":"https:\/\/carpe-sol.com\/hr\/vlasni\u0161tvo\/"},{"@type":"ListItem","position":3,"name":"ZADAR &#8211; UGLJAN, WOHNUNG 125,87 M2, ZU VERKAUFEN, DACHTERRASSE, NEU, AUSSICHT, 1 REIHE!!!"}]},{"@type":"WebSite","@id":"https:\/\/carpe-sol.com\/hr\/#website","url":"https:\/\/carpe-sol.com\/hr\/","name":"CARPE SOL IMMOBILIEN","description":"Leben in Kroatien - Immobilien in Kroatien","publisher":{"@id":"https:\/\/carpe-sol.com\/hr\/#organization"},"potentialAction":[{"@type":"SearchAction","target":{"@type":"EntryPoint","urlTemplate":"https:\/\/carpe-sol.com\/hr\/?s={search_term_string}"},"query-input":{"@type":"PropertyValueSpecification","valueRequired":true,"valueName":"search_term_string"}}],"inLanguage":"de"},{"@type":"Organization","@id":"https:\/\/carpe-sol.com\/hr\/#organization","name":"CARPE SOL IMMOBILIEN","url":"https:\/\/carpe-sol.com\/hr\/","logo":{"@type":"ImageObject","inLanguage":"de","@id":"https:\/\/carpe-sol.com\/hr\/#\/schema\/logo\/image\/","url":"https:\/\/carpe-sol.com\/wp-content\/uploads\/2023\/04\/logo.png","contentUrl":"https:\/\/carpe-sol.com\/wp-content\/uploads\/2023\/04\/logo.png","width":393,"height":72,"caption":"CARPE SOL IMMOBILIEN"},"image":{"@id":"https:\/\/carpe-sol.com\/hr\/#\/schema\/logo\/image\/"}}]}},"_links":{"self":[{"href":"https:\/\/carpe-sol.com\/de\/wp-json\/wp\/v2\/immobilien\/717399","targetHints":{"allow":["GET"]}}],"collection":[{"href":"https:\/\/carpe-sol.com\/de\/wp-json\/wp\/v2\/immobilien"}],"about":[{"href":"https:\/\/carpe-sol.com\/de\/wp-json\/wp\/v2\/types\/immobilien"}],"author":[{"embeddable":true,"href":"https:\/\/carpe-sol.com\/de\/wp-json\/wp\/v2\/users\/7"}],"version-history":[{"count":0,"href":"https:\/\/carpe-sol.com\/de\/wp-json\/wp\/v2\/immobilien\/717399\/revisions"}],"wp:featuredmedia":[{"embeddable":true,"href":"https:\/\/carpe-sol.com\/de\/wp-json\/wp\/v2\/media\/1058174"}],"wp:attachment":[{"href":"https:\/\/carpe-sol.com\/de\/wp-json\/wp\/v2\/media?parent=717399"}],"wp:term":[{"taxonomy":"building_condition","embeddable":true,"href":"https:\/\/carpe-sol.com\/de\/wp-json\/wp\/v2\/building_condition?post=717399"},{"taxonomy":"features","embeddable":true,"href":"https:\/\/carpe-sol.com\/de\/wp-json\/wp\/v2\/features?post=717399"},{"taxonomy":"haus_typ","embeddable":true,"href":"https:\/\/carpe-sol.com\/de\/wp-json\/wp\/v2\/haus_typ?post=717399"},{"taxonomy":"heating","embeddable":true,"href":"https:\/\/carpe-sol.com\/de\/wp-json\/wp\/v2\/heating?post=717399"},{"taxonomy":"kategorie","embeddable":true,"href":"https:\/\/carpe-sol.com\/de\/wp-json\/wp\/v2\/kategorie?post=717399"},{"taxonomy":"location_feature","embeddable":true,"href":"https:\/\/carpe-sol.com\/de\/wp-json\/wp\/v2\/location_feature?post=717399"},{"taxonomy":"parking","embeddable":true,"href":"https:\/\/carpe-sol.com\/de\/wp-json\/wp\/v2\/parking?post=717399"},{"taxonomy":"utility","embeddable":true,"href":"https:\/\/carpe-sol.com\/de\/wp-json\/wp\/v2\/utility?post=717399"}],"curies":[{"name":"wp","href":"https:\/\/api.w.org\/{rel}","templated":true}]}}