{"id":717438,"date":"2026-03-27T15:28:04","date_gmt":"2026-03-27T13:28:04","guid":{"rendered":"https:\/\/carpe-sol.com\/immobilien\/zadar-sali-wohnung-studio-11585-m2-aussicht-tolle-lage\/"},"modified":"2025-06-05T12:48:31","modified_gmt":"2025-06-05T10:48:31","slug":"zadar-sali-wohnung-studio-11585-m2-aussicht-tolle-lage","status":"publish","type":"immobilien","link":"https:\/\/carpe-sol.com\/de\/immobilien\/zadar-sali-wohnung-studio-11585-m2-aussicht-tolle-lage\/","title":{"rendered":"ZADAR &#8211; SALI, WOHNUNG + STUDIO 115,85 M2, AUSSICHT, TOLLE LAGE!!!"},"content":{"rendered":"<p>Zadar \u2013 Sali, Zwei-Zimmer-Wohnung + Studio-Apartment von 115,85 m2 zu verkaufen im ersten Stock und Erdgeschoss eines Wohngeb\u00e4udes, Baujahr 1975 und komplett renoviert im Jahr 2023, es wurden hochwertige Materialien verwendet, Terrasse mit Aluminium-Tischlerei und Whirlpool, jedes Zimmer hat eine Inverter-Klimaanlage, Sanit\u00e4rkeramik von Vileroy&amp;Boch, Armaturen von Grohe usw.<br \/>\n.<br \/>\nEs besteht aus zwei separaten Wohnungen mit separaten Eing\u00e4ngen:<br \/>\n &#8211; Studio-Apartment im Erdgeschoss: K\u00fcche + Esszimmer, Flur, Badezimmer und Terrasse.<br \/>\n&#8211; Wohnung im ersten Stock: zwei Schlafzimmer, Wohnzimmer + K\u00fcche + Esszimmer, Flur, Badezimmer, Toilette, Balkon und Terrasse.<br \/>\n.<br \/>\nDIE WOHNUNG HAT EINEN SEITLICHEN MEERBLICK!!!<br \/>\n.<br \/>\nEs befindet sich in einer ausgezeichneten Lage, 70 m vom Meer und einem wundersch\u00f6nen Strand entfernt, im Zentrum von Sali, in der N\u00e4he von Gesch\u00e4ften, Caf\u00e9s, Restaurants und allen anderen Einrichtungen, die f\u00fcr einen angenehmen Urlaub auf der Insel notwendig sind, weniger als 100 m.<br \/>\n.<br \/>\nEs verf\u00fcgt \u00fcber einen Abstellraum und einen Whirlpool mit Loungem\u00f6beln auf der Terrasse.<br \/>\n.<br \/>\nDie Wohnung verf\u00fcgt \u00fcber eine separate Zisterne und Kanalisation.<br \/>\n.<br \/>\nDie Dokumentation ist in Ordnung.<br \/>\n.<br \/>\nBei der Wohnung handelt es sich um eine etablierte Touristenunterkunft der Kategorie 4*.<br \/>\n.<br \/>\nOberfl\u00e4chenspezifikation:<br \/>\n &#8211; Wohnfl\u00e4che 61,29 m2<br \/>\n &#8211; Nebenteile: Zugangstreppe, zwei Terrassen, \u00fcberdachter Durchgang und Abstellraum S1 im Keller, mit einer Gesamtfl\u00e4che von 54,56 m2.<\/p>\n","protected":false},"author":7,"featured_media":1071401,"template":"","meta":{"_acf_changed":false,"footnotes":""},"building_condition":[],"features":[172,225,173],"haus_typ":[],"heating":[175],"kategorie":[253],"location_feature":[259,256],"parking":[],"utility":[179,232,261,180,257,260],"class_list":["post-717438","immobilien","type-immobilien","status-publish","has-post-thumbnail","hentry","features-balkon-de","features-speisekammer","features-terrasse","heating-wechselstrom","kategorie-ferienwohnung","location_feature-seeblick","location_feature-pogled-na-more","utility-elektrizitaet","utility-dsl-de","utility-kanal","utility-telefon","utility-voda","utility-wasser-de"],"acf":[],"yoast_head":"<!-- This site is optimized with the Yoast SEO plugin v26.4 - https:\/\/yoast.com\/wordpress\/plugins\/seo\/ -->\n<title>ZADAR - SALI, WOHNUNG + STUDIO 115,85 M2, AUSSICHT, TOLLE LAGE!!! - CARPE SOL IMMOBILIEN<\/title>\n<meta name=\"description\" content=\"Zadar \u2013 Sali, Zwei-Zimmer-Wohnung + Studio-Apartment von 115,85 m2 zu verkaufen im ersten Stock und Erdgeschoss eines Wohngeb\u00e4udes, Baujahr 1975 und\" \/>\n<meta name=\"robots\" content=\"index, follow, max-snippet:-1, max-image-preview:large, max-video-preview:-1\" \/>\n<link rel=\"canonical\" href=\"https:\/\/carpe-sol.com\/immobilien\/zadar-sali-wohnung-studio-11585-m2-aussicht-tolle-lage\/\" \/>\n<meta property=\"og:locale\" content=\"de_DE\" \/>\n<meta property=\"og:type\" content=\"article\" \/>\n<meta property=\"og:title\" content=\"ZADAR - SALI, WOHNUNG + STUDIO 115,85 M2, AUSSICHT, TOLLE LAGE!!! - CARPE SOL IMMOBILIEN\" \/>\n<meta property=\"og:description\" content=\"Zadar \u2013 Sali, Zwei-Zimmer-Wohnung + Studio-Apartment von 115,85 m2 zu verkaufen im ersten Stock und Erdgeschoss eines Wohngeb\u00e4udes, Baujahr 1975 und\" \/>\n<meta property=\"og:url\" content=\"https:\/\/carpe-sol.com\/immobilien\/zadar-sali-wohnung-studio-11585-m2-aussicht-tolle-lage\/\" \/>\n<meta property=\"og:site_name\" content=\"CARPE SOL IMMOBILIEN\" \/>\n<meta name=\"twitter:card\" content=\"summary_large_image\" \/>\n<meta name=\"twitter:label1\" content=\"Est. reading time\" \/>\n\t<meta name=\"twitter:data1\" content=\"1 minute\" \/>\n<script type=\"application\/ld+json\" class=\"yoast-schema-graph\">{\"@context\":\"https:\/\/schema.org\",\"@graph\":[{\"@type\":\"WebPage\",\"@id\":\"https:\/\/carpe-sol.com\/immobilien\/zadar-sali-wohnung-studio-11585-m2-aussicht-tolle-lage\/\",\"url\":\"https:\/\/carpe-sol.com\/immobilien\/zadar-sali-wohnung-studio-11585-m2-aussicht-tolle-lage\/\",\"name\":\"ZADAR - SALI, WOHNUNG + STUDIO 115,85 M2, AUSSICHT, TOLLE LAGE!!! - CARPE SOL IMMOBILIEN\",\"isPartOf\":{\"@id\":\"https:\/\/carpe-sol.com\/hr\/#website\"},\"primaryImageOfPage\":{\"@id\":\"https:\/\/carpe-sol.com\/immobilien\/zadar-sali-wohnung-studio-11585-m2-aussicht-tolle-lage\/#primaryimage\"},\"image\":{\"@id\":\"https:\/\/carpe-sol.com\/immobilien\/zadar-sali-wohnung-studio-11585-m2-aussicht-tolle-lage\/#primaryimage\"},\"thumbnailUrl\":\"https:\/\/carpe-sol.com\/wp-content\/uploads\/2026\/03\/39836-s010-11.jpg\",\"datePublished\":\"2026-03-27T13:28:04+00:00\",\"description\":\"Zadar \u2013 Sali, Zwei-Zimmer-Wohnung + Studio-Apartment von 115,85 m2 zu verkaufen im ersten Stock und Erdgeschoss eines Wohngeb\u00e4udes, Baujahr 1975 und\",\"breadcrumb\":{\"@id\":\"https:\/\/carpe-sol.com\/immobilien\/zadar-sali-wohnung-studio-11585-m2-aussicht-tolle-lage\/#breadcrumb\"},\"inLanguage\":\"de\",\"potentialAction\":[{\"@type\":\"ReadAction\",\"target\":[\"https:\/\/carpe-sol.com\/immobilien\/zadar-sali-wohnung-studio-11585-m2-aussicht-tolle-lage\/\"]}]},{\"@type\":\"ImageObject\",\"inLanguage\":\"de\",\"@id\":\"https:\/\/carpe-sol.com\/immobilien\/zadar-sali-wohnung-studio-11585-m2-aussicht-tolle-lage\/#primaryimage\",\"url\":\"https:\/\/carpe-sol.com\/wp-content\/uploads\/2026\/03\/39836-s010-11.jpg\",\"contentUrl\":\"https:\/\/carpe-sol.com\/wp-content\/uploads\/2026\/03\/39836-s010-11.jpg\",\"width\":1619,\"height\":1080},{\"@type\":\"BreadcrumbList\",\"@id\":\"https:\/\/carpe-sol.com\/immobilien\/zadar-sali-wohnung-studio-11585-m2-aussicht-tolle-lage\/#breadcrumb\",\"itemListElement\":[{\"@type\":\"ListItem\",\"position\":1,\"name\":\"Home\",\"item\":\"https:\/\/carpe-sol.com\/hr\/\"},{\"@type\":\"ListItem\",\"position\":2,\"name\":\"Immobilien\",\"item\":\"https:\/\/carpe-sol.com\/hr\/vlasni\u0161tvo\/\"},{\"@type\":\"ListItem\",\"position\":3,\"name\":\"ZADAR &#8211; SALI, WOHNUNG + STUDIO 115,85 M2, AUSSICHT, TOLLE LAGE!!!\"}]},{\"@type\":\"WebSite\",\"@id\":\"https:\/\/carpe-sol.com\/hr\/#website\",\"url\":\"https:\/\/carpe-sol.com\/hr\/\",\"name\":\"CARPE SOL IMMOBILIEN\",\"description\":\"Leben in Kroatien - Immobilien in Kroatien\",\"publisher\":{\"@id\":\"https:\/\/carpe-sol.com\/hr\/#organization\"},\"potentialAction\":[{\"@type\":\"SearchAction\",\"target\":{\"@type\":\"EntryPoint\",\"urlTemplate\":\"https:\/\/carpe-sol.com\/hr\/?s={search_term_string}\"},\"query-input\":{\"@type\":\"PropertyValueSpecification\",\"valueRequired\":true,\"valueName\":\"search_term_string\"}}],\"inLanguage\":\"de\"},{\"@type\":\"Organization\",\"@id\":\"https:\/\/carpe-sol.com\/hr\/#organization\",\"name\":\"CARPE SOL IMMOBILIEN\",\"url\":\"https:\/\/carpe-sol.com\/hr\/\",\"logo\":{\"@type\":\"ImageObject\",\"inLanguage\":\"de\",\"@id\":\"https:\/\/carpe-sol.com\/hr\/#\/schema\/logo\/image\/\",\"url\":\"https:\/\/carpe-sol.com\/wp-content\/uploads\/2023\/04\/logo.png\",\"contentUrl\":\"https:\/\/carpe-sol.com\/wp-content\/uploads\/2023\/04\/logo.png\",\"width\":393,\"height\":72,\"caption\":\"CARPE SOL IMMOBILIEN\"},\"image\":{\"@id\":\"https:\/\/carpe-sol.com\/hr\/#\/schema\/logo\/image\/\"}}]}<\/script>\n<!-- \/ Yoast SEO plugin. -->","yoast_head_json":{"title":"ZADAR - SALI, WOHNUNG + STUDIO 115,85 M2, AUSSICHT, TOLLE LAGE!!! - CARPE SOL IMMOBILIEN","description":"Zadar \u2013 Sali, Zwei-Zimmer-Wohnung + Studio-Apartment von 115,85 m2 zu verkaufen im ersten Stock und Erdgeschoss eines Wohngeb\u00e4udes, Baujahr 1975 und","robots":{"index":"index","follow":"follow","max-snippet":"max-snippet:-1","max-image-preview":"max-image-preview:large","max-video-preview":"max-video-preview:-1"},"canonical":"https:\/\/carpe-sol.com\/immobilien\/zadar-sali-wohnung-studio-11585-m2-aussicht-tolle-lage\/","og_locale":"de_DE","og_type":"article","og_title":"ZADAR - SALI, WOHNUNG + STUDIO 115,85 M2, AUSSICHT, TOLLE LAGE!!! - CARPE SOL IMMOBILIEN","og_description":"Zadar \u2013 Sali, Zwei-Zimmer-Wohnung + Studio-Apartment von 115,85 m2 zu verkaufen im ersten Stock und Erdgeschoss eines Wohngeb\u00e4udes, Baujahr 1975 und","og_url":"https:\/\/carpe-sol.com\/immobilien\/zadar-sali-wohnung-studio-11585-m2-aussicht-tolle-lage\/","og_site_name":"CARPE SOL IMMOBILIEN","twitter_card":"summary_large_image","twitter_misc":{"Est. reading time":"1 minute"},"schema":{"@context":"https:\/\/schema.org","@graph":[{"@type":"WebPage","@id":"https:\/\/carpe-sol.com\/immobilien\/zadar-sali-wohnung-studio-11585-m2-aussicht-tolle-lage\/","url":"https:\/\/carpe-sol.com\/immobilien\/zadar-sali-wohnung-studio-11585-m2-aussicht-tolle-lage\/","name":"ZADAR - SALI, WOHNUNG + STUDIO 115,85 M2, AUSSICHT, TOLLE LAGE!!! - CARPE SOL IMMOBILIEN","isPartOf":{"@id":"https:\/\/carpe-sol.com\/hr\/#website"},"primaryImageOfPage":{"@id":"https:\/\/carpe-sol.com\/immobilien\/zadar-sali-wohnung-studio-11585-m2-aussicht-tolle-lage\/#primaryimage"},"image":{"@id":"https:\/\/carpe-sol.com\/immobilien\/zadar-sali-wohnung-studio-11585-m2-aussicht-tolle-lage\/#primaryimage"},"thumbnailUrl":"https:\/\/carpe-sol.com\/wp-content\/uploads\/2026\/03\/39836-s010-11.jpg","datePublished":"2026-03-27T13:28:04+00:00","description":"Zadar \u2013 Sali, Zwei-Zimmer-Wohnung + Studio-Apartment von 115,85 m2 zu verkaufen im ersten Stock und Erdgeschoss eines Wohngeb\u00e4udes, Baujahr 1975 und","breadcrumb":{"@id":"https:\/\/carpe-sol.com\/immobilien\/zadar-sali-wohnung-studio-11585-m2-aussicht-tolle-lage\/#breadcrumb"},"inLanguage":"de","potentialAction":[{"@type":"ReadAction","target":["https:\/\/carpe-sol.com\/immobilien\/zadar-sali-wohnung-studio-11585-m2-aussicht-tolle-lage\/"]}]},{"@type":"ImageObject","inLanguage":"de","@id":"https:\/\/carpe-sol.com\/immobilien\/zadar-sali-wohnung-studio-11585-m2-aussicht-tolle-lage\/#primaryimage","url":"https:\/\/carpe-sol.com\/wp-content\/uploads\/2026\/03\/39836-s010-11.jpg","contentUrl":"https:\/\/carpe-sol.com\/wp-content\/uploads\/2026\/03\/39836-s010-11.jpg","width":1619,"height":1080},{"@type":"BreadcrumbList","@id":"https:\/\/carpe-sol.com\/immobilien\/zadar-sali-wohnung-studio-11585-m2-aussicht-tolle-lage\/#breadcrumb","itemListElement":[{"@type":"ListItem","position":1,"name":"Home","item":"https:\/\/carpe-sol.com\/hr\/"},{"@type":"ListItem","position":2,"name":"Immobilien","item":"https:\/\/carpe-sol.com\/hr\/vlasni\u0161tvo\/"},{"@type":"ListItem","position":3,"name":"ZADAR &#8211; SALI, WOHNUNG + STUDIO 115,85 M2, AUSSICHT, TOLLE LAGE!!!"}]},{"@type":"WebSite","@id":"https:\/\/carpe-sol.com\/hr\/#website","url":"https:\/\/carpe-sol.com\/hr\/","name":"CARPE SOL IMMOBILIEN","description":"Leben in Kroatien - Immobilien in Kroatien","publisher":{"@id":"https:\/\/carpe-sol.com\/hr\/#organization"},"potentialAction":[{"@type":"SearchAction","target":{"@type":"EntryPoint","urlTemplate":"https:\/\/carpe-sol.com\/hr\/?s={search_term_string}"},"query-input":{"@type":"PropertyValueSpecification","valueRequired":true,"valueName":"search_term_string"}}],"inLanguage":"de"},{"@type":"Organization","@id":"https:\/\/carpe-sol.com\/hr\/#organization","name":"CARPE SOL IMMOBILIEN","url":"https:\/\/carpe-sol.com\/hr\/","logo":{"@type":"ImageObject","inLanguage":"de","@id":"https:\/\/carpe-sol.com\/hr\/#\/schema\/logo\/image\/","url":"https:\/\/carpe-sol.com\/wp-content\/uploads\/2023\/04\/logo.png","contentUrl":"https:\/\/carpe-sol.com\/wp-content\/uploads\/2023\/04\/logo.png","width":393,"height":72,"caption":"CARPE SOL IMMOBILIEN"},"image":{"@id":"https:\/\/carpe-sol.com\/hr\/#\/schema\/logo\/image\/"}}]}},"_links":{"self":[{"href":"https:\/\/carpe-sol.com\/de\/wp-json\/wp\/v2\/immobilien\/717438","targetHints":{"allow":["GET"]}}],"collection":[{"href":"https:\/\/carpe-sol.com\/de\/wp-json\/wp\/v2\/immobilien"}],"about":[{"href":"https:\/\/carpe-sol.com\/de\/wp-json\/wp\/v2\/types\/immobilien"}],"author":[{"embeddable":true,"href":"https:\/\/carpe-sol.com\/de\/wp-json\/wp\/v2\/users\/7"}],"version-history":[{"count":0,"href":"https:\/\/carpe-sol.com\/de\/wp-json\/wp\/v2\/immobilien\/717438\/revisions"}],"wp:featuredmedia":[{"embeddable":true,"href":"https:\/\/carpe-sol.com\/de\/wp-json\/wp\/v2\/media\/1071401"}],"wp:attachment":[{"href":"https:\/\/carpe-sol.com\/de\/wp-json\/wp\/v2\/media?parent=717438"}],"wp:term":[{"taxonomy":"building_condition","embeddable":true,"href":"https:\/\/carpe-sol.com\/de\/wp-json\/wp\/v2\/building_condition?post=717438"},{"taxonomy":"features","embeddable":true,"href":"https:\/\/carpe-sol.com\/de\/wp-json\/wp\/v2\/features?post=717438"},{"taxonomy":"haus_typ","embeddable":true,"href":"https:\/\/carpe-sol.com\/de\/wp-json\/wp\/v2\/haus_typ?post=717438"},{"taxonomy":"heating","embeddable":true,"href":"https:\/\/carpe-sol.com\/de\/wp-json\/wp\/v2\/heating?post=717438"},{"taxonomy":"kategorie","embeddable":true,"href":"https:\/\/carpe-sol.com\/de\/wp-json\/wp\/v2\/kategorie?post=717438"},{"taxonomy":"location_feature","embeddable":true,"href":"https:\/\/carpe-sol.com\/de\/wp-json\/wp\/v2\/location_feature?post=717438"},{"taxonomy":"parking","embeddable":true,"href":"https:\/\/carpe-sol.com\/de\/wp-json\/wp\/v2\/parking?post=717438"},{"taxonomy":"utility","embeddable":true,"href":"https:\/\/carpe-sol.com\/de\/wp-json\/wp\/v2\/utility?post=717438"}],"curies":[{"name":"wp","href":"https:\/\/api.w.org\/{rel}","templated":true}]}}