{"id":717449,"date":"2025-11-21T07:28:25","date_gmt":"2025-11-21T05:28:25","guid":{"rendered":"https:\/\/carpe-sol.com\/immobilien\/zadar-sukosan-wohnung-12080-m2-zu-verkaufen-dachterrasse-aussicht-lage\/"},"modified":"2025-06-05T12:35:19","modified_gmt":"2025-06-05T10:35:19","slug":"zadar-sukosan-wohnung-12080-m2-zu-verkaufen-dachterrasse-aussicht-lage","status":"publish","type":"immobilien","link":"https:\/\/carpe-sol.com\/de\/immobilien\/zadar-sukosan-wohnung-12080-m2-zu-verkaufen-dachterrasse-aussicht-lage\/","title":{"rendered":"ZADAR &#8211; SUKO\u0160AN, WOHNUNG 120,80 M2, ZU VERKAUFEN, DACHTERRASSE, AUSSICHT, LAGE!!!"},"content":{"rendered":"<p>Zadar \u2013 Suko\u0161an, Dreizimmerwohnung mit 120,80 m2 zu verkaufen im zweiten Stock eines Wohngeb\u00e4udes mit Baujahr 2024 und insgesamt sechs Wohnungen, hochwertige Bauweise mit Materialien hoher Energieeffizienz, gro\u00dfe Glasschiebew\u00e4nde, hochwertige Tischlereiarbeiten, Low-E-Dreischichtglas mit Aluminiumjalousien und Rollos\/Plissee-Moskitonetzen, eingebaute Sp\u00fclk\u00e4sten\/Sanit\u00e4ranlagen von Grohe usw.<br \/>\n.<br \/>\nEs besteht aus: drei Schlafzimmern, Wohnzimmer + K\u00fcche + Esszimmer, Flur, zwei Badezimmern und einer Terrasse.<br \/>\n.<br \/>\nDER MEERBLICK WIRD AUS DER WOHNUNG ANGEBOTEN!!!<br \/>\n.<br \/>\nEs befindet sich in einer ausgezeichneten Lage, 60 m vom Meer und dem Strand Punta entfernt, in der N\u00e4he von Restaurants, Caf\u00e9s, Gesch\u00e4ften und allen anderen Annehmlichkeiten f\u00fcr ein angenehmes und ruhiges Leben und einen ruhigen Urlaub!!!<br \/>\n.<br \/>\nEs verf\u00fcgt \u00fcber zwei Parkpl\u00e4tze und eine 79 m2 gro\u00dfe Dachterrasse.<br \/>\n.<br \/>\nDie Dokumentation ist in Ordnung.<br \/>\n.<br \/>\nGeplanter Einzug 06\/2025.<\/p>\n","protected":false},"author":7,"featured_media":1026917,"template":"","meta":{"_acf_changed":false,"footnotes":""},"building_condition":[252],"features":[172,173],"haus_typ":[],"heating":[175],"kategorie":[253],"location_feature":[259,256],"parking":[],"utility":[179,232,261,180,257,260],"class_list":["post-717449","immobilien","type-immobilien","status-publish","has-post-thumbnail","hentry","building_condition-neu","features-balkon-de","features-terrasse","heating-wechselstrom","kategorie-ferienwohnung","location_feature-seeblick","location_feature-pogled-na-more","utility-elektrizitaet","utility-dsl-de","utility-kanal","utility-telefon","utility-voda","utility-wasser-de"],"acf":[],"yoast_head":"<!-- This site is optimized with the Yoast SEO plugin v26.4 - https:\/\/yoast.com\/wordpress\/plugins\/seo\/ -->\n<title>ZADAR - SUKO\u0160AN, WOHNUNG 120,80 M2, ZU VERKAUFEN, DACHTERRASSE, AUSSICHT, LAGE!!! - CARPE SOL IMMOBILIEN<\/title>\n<meta name=\"description\" content=\"Zadar \u2013 Suko\u0161an, Dreizimmerwohnung mit 120,80 m2 zu verkaufen im zweiten Stock eines Wohngeb\u00e4udes mit Baujahr 2024 und insgesamt sechs Wohnungen,\" \/>\n<meta name=\"robots\" content=\"index, follow, max-snippet:-1, max-image-preview:large, max-video-preview:-1\" \/>\n<link rel=\"canonical\" href=\"https:\/\/carpe-sol.com\/immobilien\/zadar-sukosan-wohnung-12080-m2-zu-verkaufen-dachterrasse-aussicht-lage\/\" \/>\n<meta property=\"og:locale\" content=\"de_DE\" \/>\n<meta property=\"og:type\" content=\"article\" \/>\n<meta property=\"og:title\" content=\"ZADAR - SUKO\u0160AN, WOHNUNG 120,80 M2, ZU VERKAUFEN, DACHTERRASSE, AUSSICHT, LAGE!!! - CARPE SOL IMMOBILIEN\" \/>\n<meta property=\"og:description\" content=\"Zadar \u2013 Suko\u0161an, Dreizimmerwohnung mit 120,80 m2 zu verkaufen im zweiten Stock eines Wohngeb\u00e4udes mit Baujahr 2024 und insgesamt sechs Wohnungen,\" \/>\n<meta property=\"og:url\" content=\"https:\/\/carpe-sol.com\/immobilien\/zadar-sukosan-wohnung-12080-m2-zu-verkaufen-dachterrasse-aussicht-lage\/\" \/>\n<meta property=\"og:site_name\" content=\"CARPE SOL IMMOBILIEN\" \/>\n<meta name=\"twitter:card\" content=\"summary_large_image\" \/>\n<meta name=\"twitter:label1\" content=\"Est. reading time\" \/>\n\t<meta name=\"twitter:data1\" content=\"1 minute\" \/>\n<script type=\"application\/ld+json\" class=\"yoast-schema-graph\">{\"@context\":\"https:\/\/schema.org\",\"@graph\":[{\"@type\":\"WebPage\",\"@id\":\"https:\/\/carpe-sol.com\/immobilien\/zadar-sukosan-wohnung-12080-m2-zu-verkaufen-dachterrasse-aussicht-lage\/\",\"url\":\"https:\/\/carpe-sol.com\/immobilien\/zadar-sukosan-wohnung-12080-m2-zu-verkaufen-dachterrasse-aussicht-lage\/\",\"name\":\"ZADAR - SUKO\u0160AN, WOHNUNG 120,80 M2, ZU VERKAUFEN, DACHTERRASSE, AUSSICHT, LAGE!!! - CARPE SOL IMMOBILIEN\",\"isPartOf\":{\"@id\":\"https:\/\/carpe-sol.com\/hr\/#website\"},\"primaryImageOfPage\":{\"@id\":\"https:\/\/carpe-sol.com\/immobilien\/zadar-sukosan-wohnung-12080-m2-zu-verkaufen-dachterrasse-aussicht-lage\/#primaryimage\"},\"image\":{\"@id\":\"https:\/\/carpe-sol.com\/immobilien\/zadar-sukosan-wohnung-12080-m2-zu-verkaufen-dachterrasse-aussicht-lage\/#primaryimage\"},\"thumbnailUrl\":\"https:\/\/carpe-sol.com\/wp-content\/uploads\/2025\/11\/39995-stan-sukosan-95.30-m2-novogradnja-slika-227938787-3.jpg\",\"datePublished\":\"2025-11-21T05:28:25+00:00\",\"description\":\"Zadar \u2013 Suko\u0161an, Dreizimmerwohnung mit 120,80 m2 zu verkaufen im zweiten Stock eines Wohngeb\u00e4udes mit Baujahr 2024 und insgesamt sechs Wohnungen,\",\"breadcrumb\":{\"@id\":\"https:\/\/carpe-sol.com\/immobilien\/zadar-sukosan-wohnung-12080-m2-zu-verkaufen-dachterrasse-aussicht-lage\/#breadcrumb\"},\"inLanguage\":\"de\",\"potentialAction\":[{\"@type\":\"ReadAction\",\"target\":[\"https:\/\/carpe-sol.com\/immobilien\/zadar-sukosan-wohnung-12080-m2-zu-verkaufen-dachterrasse-aussicht-lage\/\"]}]},{\"@type\":\"ImageObject\",\"inLanguage\":\"de\",\"@id\":\"https:\/\/carpe-sol.com\/immobilien\/zadar-sukosan-wohnung-12080-m2-zu-verkaufen-dachterrasse-aussicht-lage\/#primaryimage\",\"url\":\"https:\/\/carpe-sol.com\/wp-content\/uploads\/2025\/11\/39995-stan-sukosan-95.30-m2-novogradnja-slika-227938787-3.jpg\",\"contentUrl\":\"https:\/\/carpe-sol.com\/wp-content\/uploads\/2025\/11\/39995-stan-sukosan-95.30-m2-novogradnja-slika-227938787-3.jpg\",\"width\":1429,\"height\":1080},{\"@type\":\"BreadcrumbList\",\"@id\":\"https:\/\/carpe-sol.com\/immobilien\/zadar-sukosan-wohnung-12080-m2-zu-verkaufen-dachterrasse-aussicht-lage\/#breadcrumb\",\"itemListElement\":[{\"@type\":\"ListItem\",\"position\":1,\"name\":\"Home\",\"item\":\"https:\/\/carpe-sol.com\/hr\/\"},{\"@type\":\"ListItem\",\"position\":2,\"name\":\"Immobilien\",\"item\":\"https:\/\/carpe-sol.com\/hr\/vlasni\u0161tvo\/\"},{\"@type\":\"ListItem\",\"position\":3,\"name\":\"ZADAR &#8211; SUKO\u0160AN, WOHNUNG 120,80 M2, ZU VERKAUFEN, DACHTERRASSE, AUSSICHT, LAGE!!!\"}]},{\"@type\":\"WebSite\",\"@id\":\"https:\/\/carpe-sol.com\/hr\/#website\",\"url\":\"https:\/\/carpe-sol.com\/hr\/\",\"name\":\"CARPE SOL IMMOBILIEN\",\"description\":\"Leben in Kroatien - Immobilien in Kroatien\",\"publisher\":{\"@id\":\"https:\/\/carpe-sol.com\/hr\/#organization\"},\"potentialAction\":[{\"@type\":\"SearchAction\",\"target\":{\"@type\":\"EntryPoint\",\"urlTemplate\":\"https:\/\/carpe-sol.com\/hr\/?s={search_term_string}\"},\"query-input\":{\"@type\":\"PropertyValueSpecification\",\"valueRequired\":true,\"valueName\":\"search_term_string\"}}],\"inLanguage\":\"de\"},{\"@type\":\"Organization\",\"@id\":\"https:\/\/carpe-sol.com\/hr\/#organization\",\"name\":\"CARPE SOL IMMOBILIEN\",\"url\":\"https:\/\/carpe-sol.com\/hr\/\",\"logo\":{\"@type\":\"ImageObject\",\"inLanguage\":\"de\",\"@id\":\"https:\/\/carpe-sol.com\/hr\/#\/schema\/logo\/image\/\",\"url\":\"https:\/\/carpe-sol.com\/wp-content\/uploads\/2023\/04\/logo.png\",\"contentUrl\":\"https:\/\/carpe-sol.com\/wp-content\/uploads\/2023\/04\/logo.png\",\"width\":393,\"height\":72,\"caption\":\"CARPE SOL IMMOBILIEN\"},\"image\":{\"@id\":\"https:\/\/carpe-sol.com\/hr\/#\/schema\/logo\/image\/\"}}]}<\/script>\n<!-- \/ Yoast SEO plugin. -->","yoast_head_json":{"title":"ZADAR - SUKO\u0160AN, WOHNUNG 120,80 M2, ZU VERKAUFEN, DACHTERRASSE, AUSSICHT, LAGE!!! - CARPE SOL IMMOBILIEN","description":"Zadar \u2013 Suko\u0161an, Dreizimmerwohnung mit 120,80 m2 zu verkaufen im zweiten Stock eines Wohngeb\u00e4udes mit Baujahr 2024 und insgesamt sechs Wohnungen,","robots":{"index":"index","follow":"follow","max-snippet":"max-snippet:-1","max-image-preview":"max-image-preview:large","max-video-preview":"max-video-preview:-1"},"canonical":"https:\/\/carpe-sol.com\/immobilien\/zadar-sukosan-wohnung-12080-m2-zu-verkaufen-dachterrasse-aussicht-lage\/","og_locale":"de_DE","og_type":"article","og_title":"ZADAR - SUKO\u0160AN, WOHNUNG 120,80 M2, ZU VERKAUFEN, DACHTERRASSE, AUSSICHT, LAGE!!! - CARPE SOL IMMOBILIEN","og_description":"Zadar \u2013 Suko\u0161an, Dreizimmerwohnung mit 120,80 m2 zu verkaufen im zweiten Stock eines Wohngeb\u00e4udes mit Baujahr 2024 und insgesamt sechs Wohnungen,","og_url":"https:\/\/carpe-sol.com\/immobilien\/zadar-sukosan-wohnung-12080-m2-zu-verkaufen-dachterrasse-aussicht-lage\/","og_site_name":"CARPE SOL IMMOBILIEN","twitter_card":"summary_large_image","twitter_misc":{"Est. reading time":"1 minute"},"schema":{"@context":"https:\/\/schema.org","@graph":[{"@type":"WebPage","@id":"https:\/\/carpe-sol.com\/immobilien\/zadar-sukosan-wohnung-12080-m2-zu-verkaufen-dachterrasse-aussicht-lage\/","url":"https:\/\/carpe-sol.com\/immobilien\/zadar-sukosan-wohnung-12080-m2-zu-verkaufen-dachterrasse-aussicht-lage\/","name":"ZADAR - SUKO\u0160AN, WOHNUNG 120,80 M2, ZU VERKAUFEN, DACHTERRASSE, AUSSICHT, LAGE!!! - CARPE SOL IMMOBILIEN","isPartOf":{"@id":"https:\/\/carpe-sol.com\/hr\/#website"},"primaryImageOfPage":{"@id":"https:\/\/carpe-sol.com\/immobilien\/zadar-sukosan-wohnung-12080-m2-zu-verkaufen-dachterrasse-aussicht-lage\/#primaryimage"},"image":{"@id":"https:\/\/carpe-sol.com\/immobilien\/zadar-sukosan-wohnung-12080-m2-zu-verkaufen-dachterrasse-aussicht-lage\/#primaryimage"},"thumbnailUrl":"https:\/\/carpe-sol.com\/wp-content\/uploads\/2025\/11\/39995-stan-sukosan-95.30-m2-novogradnja-slika-227938787-3.jpg","datePublished":"2025-11-21T05:28:25+00:00","description":"Zadar \u2013 Suko\u0161an, Dreizimmerwohnung mit 120,80 m2 zu verkaufen im zweiten Stock eines Wohngeb\u00e4udes mit Baujahr 2024 und insgesamt sechs Wohnungen,","breadcrumb":{"@id":"https:\/\/carpe-sol.com\/immobilien\/zadar-sukosan-wohnung-12080-m2-zu-verkaufen-dachterrasse-aussicht-lage\/#breadcrumb"},"inLanguage":"de","potentialAction":[{"@type":"ReadAction","target":["https:\/\/carpe-sol.com\/immobilien\/zadar-sukosan-wohnung-12080-m2-zu-verkaufen-dachterrasse-aussicht-lage\/"]}]},{"@type":"ImageObject","inLanguage":"de","@id":"https:\/\/carpe-sol.com\/immobilien\/zadar-sukosan-wohnung-12080-m2-zu-verkaufen-dachterrasse-aussicht-lage\/#primaryimage","url":"https:\/\/carpe-sol.com\/wp-content\/uploads\/2025\/11\/39995-stan-sukosan-95.30-m2-novogradnja-slika-227938787-3.jpg","contentUrl":"https:\/\/carpe-sol.com\/wp-content\/uploads\/2025\/11\/39995-stan-sukosan-95.30-m2-novogradnja-slika-227938787-3.jpg","width":1429,"height":1080},{"@type":"BreadcrumbList","@id":"https:\/\/carpe-sol.com\/immobilien\/zadar-sukosan-wohnung-12080-m2-zu-verkaufen-dachterrasse-aussicht-lage\/#breadcrumb","itemListElement":[{"@type":"ListItem","position":1,"name":"Home","item":"https:\/\/carpe-sol.com\/hr\/"},{"@type":"ListItem","position":2,"name":"Immobilien","item":"https:\/\/carpe-sol.com\/hr\/vlasni\u0161tvo\/"},{"@type":"ListItem","position":3,"name":"ZADAR &#8211; SUKO\u0160AN, WOHNUNG 120,80 M2, ZU VERKAUFEN, DACHTERRASSE, AUSSICHT, LAGE!!!"}]},{"@type":"WebSite","@id":"https:\/\/carpe-sol.com\/hr\/#website","url":"https:\/\/carpe-sol.com\/hr\/","name":"CARPE SOL IMMOBILIEN","description":"Leben in Kroatien - Immobilien in Kroatien","publisher":{"@id":"https:\/\/carpe-sol.com\/hr\/#organization"},"potentialAction":[{"@type":"SearchAction","target":{"@type":"EntryPoint","urlTemplate":"https:\/\/carpe-sol.com\/hr\/?s={search_term_string}"},"query-input":{"@type":"PropertyValueSpecification","valueRequired":true,"valueName":"search_term_string"}}],"inLanguage":"de"},{"@type":"Organization","@id":"https:\/\/carpe-sol.com\/hr\/#organization","name":"CARPE SOL IMMOBILIEN","url":"https:\/\/carpe-sol.com\/hr\/","logo":{"@type":"ImageObject","inLanguage":"de","@id":"https:\/\/carpe-sol.com\/hr\/#\/schema\/logo\/image\/","url":"https:\/\/carpe-sol.com\/wp-content\/uploads\/2023\/04\/logo.png","contentUrl":"https:\/\/carpe-sol.com\/wp-content\/uploads\/2023\/04\/logo.png","width":393,"height":72,"caption":"CARPE SOL IMMOBILIEN"},"image":{"@id":"https:\/\/carpe-sol.com\/hr\/#\/schema\/logo\/image\/"}}]}},"_links":{"self":[{"href":"https:\/\/carpe-sol.com\/de\/wp-json\/wp\/v2\/immobilien\/717449","targetHints":{"allow":["GET"]}}],"collection":[{"href":"https:\/\/carpe-sol.com\/de\/wp-json\/wp\/v2\/immobilien"}],"about":[{"href":"https:\/\/carpe-sol.com\/de\/wp-json\/wp\/v2\/types\/immobilien"}],"author":[{"embeddable":true,"href":"https:\/\/carpe-sol.com\/de\/wp-json\/wp\/v2\/users\/7"}],"version-history":[{"count":0,"href":"https:\/\/carpe-sol.com\/de\/wp-json\/wp\/v2\/immobilien\/717449\/revisions"}],"wp:featuredmedia":[{"embeddable":true,"href":"https:\/\/carpe-sol.com\/de\/wp-json\/wp\/v2\/media\/1026917"}],"wp:attachment":[{"href":"https:\/\/carpe-sol.com\/de\/wp-json\/wp\/v2\/media?parent=717449"}],"wp:term":[{"taxonomy":"building_condition","embeddable":true,"href":"https:\/\/carpe-sol.com\/de\/wp-json\/wp\/v2\/building_condition?post=717449"},{"taxonomy":"features","embeddable":true,"href":"https:\/\/carpe-sol.com\/de\/wp-json\/wp\/v2\/features?post=717449"},{"taxonomy":"haus_typ","embeddable":true,"href":"https:\/\/carpe-sol.com\/de\/wp-json\/wp\/v2\/haus_typ?post=717449"},{"taxonomy":"heating","embeddable":true,"href":"https:\/\/carpe-sol.com\/de\/wp-json\/wp\/v2\/heating?post=717449"},{"taxonomy":"kategorie","embeddable":true,"href":"https:\/\/carpe-sol.com\/de\/wp-json\/wp\/v2\/kategorie?post=717449"},{"taxonomy":"location_feature","embeddable":true,"href":"https:\/\/carpe-sol.com\/de\/wp-json\/wp\/v2\/location_feature?post=717449"},{"taxonomy":"parking","embeddable":true,"href":"https:\/\/carpe-sol.com\/de\/wp-json\/wp\/v2\/parking?post=717449"},{"taxonomy":"utility","embeddable":true,"href":"https:\/\/carpe-sol.com\/de\/wp-json\/wp\/v2\/utility?post=717449"}],"curies":[{"name":"wp","href":"https:\/\/api.w.org\/{rel}","templated":true}]}}