{"id":981210,"date":"2025-11-21T09:56:03","date_gmt":"2025-11-21T07:56:03","guid":{"rendered":"https:\/\/carpe-sol.com\/immobilien\/pag-povljana-wohnung-6216-m2-zu-verkaufen-aussicht-neu-lage-2\/"},"modified":"2025-09-25T23:58:28","modified_gmt":"2025-09-25T21:58:28","slug":"pag-povljana-wohnung-6216-m2-zu-verkaufen-aussicht-neu-lage-2","status":"publish","type":"immobilien","link":"https:\/\/carpe-sol.com\/de\/immobilien\/pag-povljana-wohnung-6216-m2-zu-verkaufen-aussicht-neu-lage-2\/","title":{"rendered":"PAG &#8211; POVLJANA, WOHNUNG 62,16 M2, ZU VERKAUFEN, AUSSICHT, NEU, LAGE!!!"},"content":{"rendered":"<p>Pag &#8211; Povljana, Zweizimmerwohnung mit 62,16 m2 zu verkaufen im zweiten Stock eines im Bau befindlichen Wohngeb\u00e4udes mit insgesamt sechs Wohnungen, geplanter Einzugstermin 12\/2026.<\/p>\n<p>  F\u00fcr den hochwertigen Neubau wurden ausschlie\u00dflich hochwertigste Materialien verwendet \u2013 die Grundkonstruktion des Geb\u00e4udes besteht aus Stahlbeton, W\u00e4nden aus Porotherm Profi-Ziegeln, erstklassiger italienischer Keramik, erstklassiger Hansgrohe Sanit\u00e4rkeramik, TECE Duschrinnen, Duschglasw\u00e4nden mit ma\u00dfgefertigten T\u00fcren, PVC-ISO-Tischlereiarbeiten mit elektrisch betriebenen Jalousien und Moskitonetzen mit Netzen zum Schutz vor M\u00fccken und Insekten. Aluplast-Tischlereiarbeiten, elektrische Rolll\u00e4den, Moskitonetze, 4S-Glas (4S = Vier-Jahreszeiten-Glas, vier Jahreszeiten \u2013 regulieren den W\u00e4rmeverlust je nach Jahreszeit, d. h. der Au\u00dfentemperatur, im Sommer reduzieren sie die Erw\u00e4rmung durch erh\u00f6hte Reflexion der Sonnenstrahlen, im Winter erm\u00f6glichen sie die Erw\u00e4rmung durch die Sonnenstrahlen und sorgen f\u00fcr eine erh\u00f6hte Isolierung und verhindern Kondensation, sorgen f\u00fcr niedrigere Kosten f\u00fcr Heizung und Klimaanlage), gro\u00dfe Glasfl\u00e4chen, Terrassenz\u00e4une sind eine Kombination aus Massiv- und Glasz\u00e4unen, Video-Gegensprechanlage, Satellitenfernsehen, alle R\u00e4ume haben eine angemessene W\u00e4rme- und Wasserabdichtung, Schalld\u00e4mmung, Schalld\u00e4mmung der Mezzaninkonstruktion, Treppe mit Granit verkleidet, Granitb\u00e4nke an den Fenstern, Fu\u00dfbodenheizung in Wohnr\u00e4umen und Badezimmern \u2013 eingebautes Modul f\u00fcr WLAN \u2013 Steuerung der Fu\u00dfbodenheizung und mobile Anwendung, Ariston-Designerkessel mit 80 l \u2013 eingebautes Modul f\u00fcr WLAN \u2013 Steuerung des Kessels und mobile Anwendung, Klimaanlagen zum Heizen und K\u00fchlen in jedem Schlafzimmer und Wohnzimmer \u2013 eingebautes Modul f\u00fcr WLAN \u2013 Steuerung der Klimaanlagen und Handyanwendungen, Dierre einbruch- und feuerfeste Wohnungseingangst\u00fcren (es besteht die M\u00f6glichkeit, ein Modul zur T\u00fcrsteuerung \u00fcber WLAN zu installieren), Innent\u00fcren mit versteckten Scharnieren und Magnetschl\u00f6ssern usw. <\/p>\n<p>  Es besteht aus: zwei Schlafzimmern, Wohnzimmer + K\u00fcche + Esszimmer, Badezimmer und Terrasse.<\/p>\n<p>  DIE WOHNUNG HAT MEERBLICK!!!<\/p>\n<p>  Es befindet sich in einer guten Lage, 500 m vom Meer und dem Strand von Sv. Nikola, 120 m vom Stadtzentrum entfernt, in der N\u00e4he von Gesch\u00e4ften, Caf\u00e9s, Restaurants und allen anderen Einrichtungen, die f\u00fcr einen angenehmen und ruhigen Urlaub notwendig sind!!! <\/p>\n<p>  Es verf\u00fcgt \u00fcber einen Parkplatz (ausgestattet mit der Vorbereitung einer Anlage zum Aufladen von Elektroautos).<\/p>\n<p>  Dokumentation in Ordnung.<\/p>\n<p>  Grundriss der Wohnung S5 ansehen.<\/p>\n","protected":false},"author":0,"featured_media":1042583,"template":"","meta":{"_acf_changed":false,"footnotes":""},"building_condition":[252],"features":[172],"haus_typ":[],"heating":[288,175],"kategorie":[253],"location_feature":[395],"parking":[],"utility":[179,261,396],"class_list":["post-981210","immobilien","type-immobilien","status-publish","has-post-thumbnail","hentry","building_condition-neu","features-balkon-de","heating-boden","heating-wechselstrom","kategorie-ferienwohnung","location_feature-pogled-na-more-de","utility-elektrizitaet","utility-kanal","utility-voda-de"],"acf":[],"yoast_head":"<!-- This site is optimized with the Yoast SEO plugin v26.4 - https:\/\/yoast.com\/wordpress\/plugins\/seo\/ -->\n<title>PAG - POVLJANA, WOHNUNG 62,16 M2, ZU VERKAUFEN, AUSSICHT, NEU, LAGE!!! - CARPE SOL IMMOBILIEN<\/title>\n<meta name=\"description\" content=\"Pag - Povljana, Zweizimmerwohnung mit 62,16 m2 zu verkaufen im zweiten Stock eines im Bau befindlichen Wohngeb\u00e4udes mit insgesamt sechs Wohnungen,\" \/>\n<meta name=\"robots\" content=\"index, follow, max-snippet:-1, max-image-preview:large, max-video-preview:-1\" \/>\n<link rel=\"canonical\" href=\"https:\/\/carpe-sol.com\/immobilien\/pag-povljana-wohnung-6216-m2-zu-verkaufen-aussicht-neu-lage-2\/\" \/>\n<meta property=\"og:locale\" content=\"de_DE\" \/>\n<meta property=\"og:type\" content=\"article\" \/>\n<meta property=\"og:title\" content=\"PAG - POVLJANA, WOHNUNG 62,16 M2, ZU VERKAUFEN, AUSSICHT, NEU, LAGE!!! - CARPE SOL IMMOBILIEN\" \/>\n<meta property=\"og:description\" content=\"Pag - Povljana, Zweizimmerwohnung mit 62,16 m2 zu verkaufen im zweiten Stock eines im Bau befindlichen Wohngeb\u00e4udes mit insgesamt sechs Wohnungen,\" \/>\n<meta property=\"og:url\" content=\"https:\/\/carpe-sol.com\/immobilien\/pag-povljana-wohnung-6216-m2-zu-verkaufen-aussicht-neu-lage-2\/\" \/>\n<meta property=\"og:site_name\" content=\"CARPE SOL IMMOBILIEN\" \/>\n<meta name=\"twitter:card\" content=\"summary_large_image\" \/>\n<meta name=\"twitter:label1\" content=\"Est. reading time\" \/>\n\t<meta name=\"twitter:data1\" content=\"2 minutes\" \/>\n<script type=\"application\/ld+json\" class=\"yoast-schema-graph\">{\"@context\":\"https:\/\/schema.org\",\"@graph\":[{\"@type\":\"WebPage\",\"@id\":\"https:\/\/carpe-sol.com\/immobilien\/pag-povljana-wohnung-6216-m2-zu-verkaufen-aussicht-neu-lage-2\/\",\"url\":\"https:\/\/carpe-sol.com\/immobilien\/pag-povljana-wohnung-6216-m2-zu-verkaufen-aussicht-neu-lage-2\/\",\"name\":\"PAG - POVLJANA, WOHNUNG 62,16 M2, ZU VERKAUFEN, AUSSICHT, NEU, LAGE!!! - CARPE SOL IMMOBILIEN\",\"isPartOf\":{\"@id\":\"https:\/\/carpe-sol.com\/hr\/#website\"},\"primaryImageOfPage\":{\"@id\":\"https:\/\/carpe-sol.com\/immobilien\/pag-povljana-wohnung-6216-m2-zu-verkaufen-aussicht-neu-lage-2\/#primaryimage\"},\"image\":{\"@id\":\"https:\/\/carpe-sol.com\/immobilien\/pag-povljana-wohnung-6216-m2-zu-verkaufen-aussicht-neu-lage-2\/#primaryimage\"},\"thumbnailUrl\":\"https:\/\/carpe-sol.com\/wp-content\/uploads\/2025\/11\/renato-sabljic-glavni-projekt-zgrada-1-picture2xjveunj2-1024x76868d50e74b510d68d50fda8dd6568d51ada__68d51b7d54b01-1.png\",\"datePublished\":\"2025-11-21T07:56:03+00:00\",\"description\":\"Pag - Povljana, Zweizimmerwohnung mit 62,16 m2 zu verkaufen im zweiten Stock eines im Bau befindlichen Wohngeb\u00e4udes mit insgesamt sechs Wohnungen,\",\"breadcrumb\":{\"@id\":\"https:\/\/carpe-sol.com\/immobilien\/pag-povljana-wohnung-6216-m2-zu-verkaufen-aussicht-neu-lage-2\/#breadcrumb\"},\"inLanguage\":\"de\",\"potentialAction\":[{\"@type\":\"ReadAction\",\"target\":[\"https:\/\/carpe-sol.com\/immobilien\/pag-povljana-wohnung-6216-m2-zu-verkaufen-aussicht-neu-lage-2\/\"]}]},{\"@type\":\"ImageObject\",\"inLanguage\":\"de\",\"@id\":\"https:\/\/carpe-sol.com\/immobilien\/pag-povljana-wohnung-6216-m2-zu-verkaufen-aussicht-neu-lage-2\/#primaryimage\",\"url\":\"https:\/\/carpe-sol.com\/wp-content\/uploads\/2025\/11\/renato-sabljic-glavni-projekt-zgrada-1-picture2xjveunj2-1024x76868d50e74b510d68d50fda8dd6568d51ada__68d51b7d54b01-1.png\",\"contentUrl\":\"https:\/\/carpe-sol.com\/wp-content\/uploads\/2025\/11\/renato-sabljic-glavni-projekt-zgrada-1-picture2xjveunj2-1024x76868d50e74b510d68d50fda8dd6568d51ada__68d51b7d54b01-1.png\",\"width\":1024,\"height\":768},{\"@type\":\"BreadcrumbList\",\"@id\":\"https:\/\/carpe-sol.com\/immobilien\/pag-povljana-wohnung-6216-m2-zu-verkaufen-aussicht-neu-lage-2\/#breadcrumb\",\"itemListElement\":[{\"@type\":\"ListItem\",\"position\":1,\"name\":\"Home\",\"item\":\"https:\/\/carpe-sol.com\/hr\/\"},{\"@type\":\"ListItem\",\"position\":2,\"name\":\"Immobilien\",\"item\":\"https:\/\/carpe-sol.com\/hr\/vlasni\u0161tvo\/\"},{\"@type\":\"ListItem\",\"position\":3,\"name\":\"PAG &#8211; POVLJANA, WOHNUNG 62,16 M2, ZU VERKAUFEN, AUSSICHT, NEU, LAGE!!!\"}]},{\"@type\":\"WebSite\",\"@id\":\"https:\/\/carpe-sol.com\/hr\/#website\",\"url\":\"https:\/\/carpe-sol.com\/hr\/\",\"name\":\"CARPE SOL IMMOBILIEN\",\"description\":\"Leben in Kroatien - Immobilien in Kroatien\",\"publisher\":{\"@id\":\"https:\/\/carpe-sol.com\/hr\/#organization\"},\"potentialAction\":[{\"@type\":\"SearchAction\",\"target\":{\"@type\":\"EntryPoint\",\"urlTemplate\":\"https:\/\/carpe-sol.com\/hr\/?s={search_term_string}\"},\"query-input\":{\"@type\":\"PropertyValueSpecification\",\"valueRequired\":true,\"valueName\":\"search_term_string\"}}],\"inLanguage\":\"de\"},{\"@type\":\"Organization\",\"@id\":\"https:\/\/carpe-sol.com\/hr\/#organization\",\"name\":\"CARPE SOL IMMOBILIEN\",\"url\":\"https:\/\/carpe-sol.com\/hr\/\",\"logo\":{\"@type\":\"ImageObject\",\"inLanguage\":\"de\",\"@id\":\"https:\/\/carpe-sol.com\/hr\/#\/schema\/logo\/image\/\",\"url\":\"https:\/\/carpe-sol.com\/wp-content\/uploads\/2023\/04\/logo.png\",\"contentUrl\":\"https:\/\/carpe-sol.com\/wp-content\/uploads\/2023\/04\/logo.png\",\"width\":393,\"height\":72,\"caption\":\"CARPE SOL IMMOBILIEN\"},\"image\":{\"@id\":\"https:\/\/carpe-sol.com\/hr\/#\/schema\/logo\/image\/\"}}]}<\/script>\n<!-- \/ Yoast SEO plugin. -->","yoast_head_json":{"title":"PAG - POVLJANA, WOHNUNG 62,16 M2, ZU VERKAUFEN, AUSSICHT, NEU, LAGE!!! - CARPE SOL IMMOBILIEN","description":"Pag - Povljana, Zweizimmerwohnung mit 62,16 m2 zu verkaufen im zweiten Stock eines im Bau befindlichen Wohngeb\u00e4udes mit insgesamt sechs Wohnungen,","robots":{"index":"index","follow":"follow","max-snippet":"max-snippet:-1","max-image-preview":"max-image-preview:large","max-video-preview":"max-video-preview:-1"},"canonical":"https:\/\/carpe-sol.com\/immobilien\/pag-povljana-wohnung-6216-m2-zu-verkaufen-aussicht-neu-lage-2\/","og_locale":"de_DE","og_type":"article","og_title":"PAG - POVLJANA, WOHNUNG 62,16 M2, ZU VERKAUFEN, AUSSICHT, NEU, LAGE!!! - CARPE SOL IMMOBILIEN","og_description":"Pag - Povljana, Zweizimmerwohnung mit 62,16 m2 zu verkaufen im zweiten Stock eines im Bau befindlichen Wohngeb\u00e4udes mit insgesamt sechs Wohnungen,","og_url":"https:\/\/carpe-sol.com\/immobilien\/pag-povljana-wohnung-6216-m2-zu-verkaufen-aussicht-neu-lage-2\/","og_site_name":"CARPE SOL IMMOBILIEN","twitter_card":"summary_large_image","twitter_misc":{"Est. reading time":"2 minutes"},"schema":{"@context":"https:\/\/schema.org","@graph":[{"@type":"WebPage","@id":"https:\/\/carpe-sol.com\/immobilien\/pag-povljana-wohnung-6216-m2-zu-verkaufen-aussicht-neu-lage-2\/","url":"https:\/\/carpe-sol.com\/immobilien\/pag-povljana-wohnung-6216-m2-zu-verkaufen-aussicht-neu-lage-2\/","name":"PAG - POVLJANA, WOHNUNG 62,16 M2, ZU VERKAUFEN, AUSSICHT, NEU, LAGE!!! - CARPE SOL IMMOBILIEN","isPartOf":{"@id":"https:\/\/carpe-sol.com\/hr\/#website"},"primaryImageOfPage":{"@id":"https:\/\/carpe-sol.com\/immobilien\/pag-povljana-wohnung-6216-m2-zu-verkaufen-aussicht-neu-lage-2\/#primaryimage"},"image":{"@id":"https:\/\/carpe-sol.com\/immobilien\/pag-povljana-wohnung-6216-m2-zu-verkaufen-aussicht-neu-lage-2\/#primaryimage"},"thumbnailUrl":"https:\/\/carpe-sol.com\/wp-content\/uploads\/2025\/11\/renato-sabljic-glavni-projekt-zgrada-1-picture2xjveunj2-1024x76868d50e74b510d68d50fda8dd6568d51ada__68d51b7d54b01-1.png","datePublished":"2025-11-21T07:56:03+00:00","description":"Pag - Povljana, Zweizimmerwohnung mit 62,16 m2 zu verkaufen im zweiten Stock eines im Bau befindlichen Wohngeb\u00e4udes mit insgesamt sechs Wohnungen,","breadcrumb":{"@id":"https:\/\/carpe-sol.com\/immobilien\/pag-povljana-wohnung-6216-m2-zu-verkaufen-aussicht-neu-lage-2\/#breadcrumb"},"inLanguage":"de","potentialAction":[{"@type":"ReadAction","target":["https:\/\/carpe-sol.com\/immobilien\/pag-povljana-wohnung-6216-m2-zu-verkaufen-aussicht-neu-lage-2\/"]}]},{"@type":"ImageObject","inLanguage":"de","@id":"https:\/\/carpe-sol.com\/immobilien\/pag-povljana-wohnung-6216-m2-zu-verkaufen-aussicht-neu-lage-2\/#primaryimage","url":"https:\/\/carpe-sol.com\/wp-content\/uploads\/2025\/11\/renato-sabljic-glavni-projekt-zgrada-1-picture2xjveunj2-1024x76868d50e74b510d68d50fda8dd6568d51ada__68d51b7d54b01-1.png","contentUrl":"https:\/\/carpe-sol.com\/wp-content\/uploads\/2025\/11\/renato-sabljic-glavni-projekt-zgrada-1-picture2xjveunj2-1024x76868d50e74b510d68d50fda8dd6568d51ada__68d51b7d54b01-1.png","width":1024,"height":768},{"@type":"BreadcrumbList","@id":"https:\/\/carpe-sol.com\/immobilien\/pag-povljana-wohnung-6216-m2-zu-verkaufen-aussicht-neu-lage-2\/#breadcrumb","itemListElement":[{"@type":"ListItem","position":1,"name":"Home","item":"https:\/\/carpe-sol.com\/hr\/"},{"@type":"ListItem","position":2,"name":"Immobilien","item":"https:\/\/carpe-sol.com\/hr\/vlasni\u0161tvo\/"},{"@type":"ListItem","position":3,"name":"PAG &#8211; POVLJANA, WOHNUNG 62,16 M2, ZU VERKAUFEN, AUSSICHT, NEU, LAGE!!!"}]},{"@type":"WebSite","@id":"https:\/\/carpe-sol.com\/hr\/#website","url":"https:\/\/carpe-sol.com\/hr\/","name":"CARPE SOL IMMOBILIEN","description":"Leben in Kroatien - Immobilien in Kroatien","publisher":{"@id":"https:\/\/carpe-sol.com\/hr\/#organization"},"potentialAction":[{"@type":"SearchAction","target":{"@type":"EntryPoint","urlTemplate":"https:\/\/carpe-sol.com\/hr\/?s={search_term_string}"},"query-input":{"@type":"PropertyValueSpecification","valueRequired":true,"valueName":"search_term_string"}}],"inLanguage":"de"},{"@type":"Organization","@id":"https:\/\/carpe-sol.com\/hr\/#organization","name":"CARPE SOL IMMOBILIEN","url":"https:\/\/carpe-sol.com\/hr\/","logo":{"@type":"ImageObject","inLanguage":"de","@id":"https:\/\/carpe-sol.com\/hr\/#\/schema\/logo\/image\/","url":"https:\/\/carpe-sol.com\/wp-content\/uploads\/2023\/04\/logo.png","contentUrl":"https:\/\/carpe-sol.com\/wp-content\/uploads\/2023\/04\/logo.png","width":393,"height":72,"caption":"CARPE SOL IMMOBILIEN"},"image":{"@id":"https:\/\/carpe-sol.com\/hr\/#\/schema\/logo\/image\/"}}]}},"_links":{"self":[{"href":"https:\/\/carpe-sol.com\/de\/wp-json\/wp\/v2\/immobilien\/981210","targetHints":{"allow":["GET"]}}],"collection":[{"href":"https:\/\/carpe-sol.com\/de\/wp-json\/wp\/v2\/immobilien"}],"about":[{"href":"https:\/\/carpe-sol.com\/de\/wp-json\/wp\/v2\/types\/immobilien"}],"version-history":[{"count":0,"href":"https:\/\/carpe-sol.com\/de\/wp-json\/wp\/v2\/immobilien\/981210\/revisions"}],"wp:featuredmedia":[{"embeddable":true,"href":"https:\/\/carpe-sol.com\/de\/wp-json\/wp\/v2\/media\/1042583"}],"wp:attachment":[{"href":"https:\/\/carpe-sol.com\/de\/wp-json\/wp\/v2\/media?parent=981210"}],"wp:term":[{"taxonomy":"building_condition","embeddable":true,"href":"https:\/\/carpe-sol.com\/de\/wp-json\/wp\/v2\/building_condition?post=981210"},{"taxonomy":"features","embeddable":true,"href":"https:\/\/carpe-sol.com\/de\/wp-json\/wp\/v2\/features?post=981210"},{"taxonomy":"haus_typ","embeddable":true,"href":"https:\/\/carpe-sol.com\/de\/wp-json\/wp\/v2\/haus_typ?post=981210"},{"taxonomy":"heating","embeddable":true,"href":"https:\/\/carpe-sol.com\/de\/wp-json\/wp\/v2\/heating?post=981210"},{"taxonomy":"kategorie","embeddable":true,"href":"https:\/\/carpe-sol.com\/de\/wp-json\/wp\/v2\/kategorie?post=981210"},{"taxonomy":"location_feature","embeddable":true,"href":"https:\/\/carpe-sol.com\/de\/wp-json\/wp\/v2\/location_feature?post=981210"},{"taxonomy":"parking","embeddable":true,"href":"https:\/\/carpe-sol.com\/de\/wp-json\/wp\/v2\/parking?post=981210"},{"taxonomy":"utility","embeddable":true,"href":"https:\/\/carpe-sol.com\/de\/wp-json\/wp\/v2\/utility?post=981210"}],"curies":[{"name":"wp","href":"https:\/\/api.w.org\/{rel}","templated":true}]}}