{"id":1069277,"date":"2026-03-17T00:58:30","date_gmt":"2026-03-16T22:58:30","guid":{"rendered":"https:\/\/carpe-sol.com\/immobilien\/zadar-vir-centar-kuca-977-m2-prodaja-lokacija-garaza\/"},"modified":"2026-03-17T00:58:30","modified_gmt":"2026-03-16T22:58:30","slug":"zadar-vir-centar-kuca-977-m2-prodaja-lokacija-garaza","status":"publish","type":"immobilien","link":"https:\/\/carpe-sol.com\/hr\/vlasni\u0161tvo\/zadar-vir-centar-kuca-977-m2-prodaja-lokacija-garaza\/","title":{"rendered":"ZADAR &#8211; VIR (CENTAR), KU\u0106A 97,7 M2, PRODAJA, LOKACIJA, GARA\u017dA!!"},"content":{"rendered":"<p>Zadar &#8211; Vir (Centar), prodaje se dvojna ku\u0107a katnica od 97,7 m2 i 200 m2 oku\u0107nice izgra\u0111ena 2013 godine na zemlji\u0161tu od 438 m2, kompletno namje\u0161tena.&#10;&#10;  Sastoji se od prizemlja i kata.&#10;&#10;  Prizemlje: dnevni boravak, kuhinja + blagovaona, kupaonica i terasa.&#10;&#10;  Kat: tri spava\u0107e sobe, hodnik, kupaonica i balkon.&#10;&#10;  Nalazi se na odli\u010dnoj lokaciji 430m udaljena od mora i pla\u017ee Jadro, blizina trgovine, kafi\u0107a, restorana te svih ostalih sadr\u017eaja potrebnih za ugodan i miran odmor!!&#10;&#10;  Posjeduje dva parkirna mjesta, gara\u017eu od 39 m2 i ljetnu kuhinju.&#10;&#10;  Ku\u0107a je spojena na kanalizaciju, voda bu\u0161otina, struja trofazna.&#10;&#10;  Dokumentacija uredna, ( trenutno se upisuje u vlasni\u010dki eta\u017eacija i legalizacija).&#10;&#10;<\/p>\n","protected":false},"author":0,"featured_media":1069353,"template":"","meta":{"_acf_changed":false,"footnotes":""},"building_condition":[],"features":[121,146,124],"haus_typ":[138],"heating":[],"kategorie":[130],"location_feature":[],"parking":[131],"utility":[134,152,135],"class_list":["post-1069277","immobilien","type-immobilien","status-publish","has-post-thumbnail","hentry","features-balkon","features-loggia","features-smocnica","haus_typ-semi","kategorie-house","parking-garage","utility-elektricitet","utility-sewer","utility-telefon"],"acf":[],"yoast_head":"<!-- This site is optimized with the Yoast SEO plugin v26.4 - https:\/\/yoast.com\/wordpress\/plugins\/seo\/ -->\n<title>ZADAR - VIR (CENTAR), KU\u0106A 97,7 M2, PRODAJA, LOKACIJA, GARA\u017dA!! - CARPE SOL IMMOBILIEN<\/title>\n<meta name=\"description\" content=\"Zadar - Vir (Centar), prodaje se dvojna ku\u0107a katnica od 97,7 m2 i 200 m2 oku\u0107nice izgra\u0111ena 2013 godine na zemlji\u0161tu od 438 m2, kompletno\" \/>\n<meta name=\"robots\" content=\"index, follow, max-snippet:-1, max-image-preview:large, max-video-preview:-1\" \/>\n<link rel=\"canonical\" href=\"https:\/\/carpe-sol.com\/hr\/vlasni\u0161tvo\/zadar-vir-centar-kuca-977-m2-prodaja-lokacija-garaza\/\" \/>\n<meta property=\"og:locale\" content=\"hr_HR\" \/>\n<meta property=\"og:type\" content=\"article\" \/>\n<meta property=\"og:title\" content=\"ZADAR - VIR (CENTAR), KU\u0106A 97,7 M2, PRODAJA, LOKACIJA, GARA\u017dA!! - CARPE SOL IMMOBILIEN\" \/>\n<meta property=\"og:description\" content=\"Zadar - Vir (Centar), prodaje se dvojna ku\u0107a katnica od 97,7 m2 i 200 m2 oku\u0107nice izgra\u0111ena 2013 godine na zemlji\u0161tu od 438 m2, kompletno\" \/>\n<meta property=\"og:url\" content=\"https:\/\/carpe-sol.com\/hr\/vlasni\u0161tvo\/zadar-vir-centar-kuca-977-m2-prodaja-lokacija-garaza\/\" \/>\n<meta property=\"og:site_name\" content=\"CARPE SOL IMMOBILIEN\" \/>\n<meta property=\"og:image\" content=\"https:\/\/carpe-sol.com\/wp-content\/uploads\/2026\/03\/whatsapp-image-2026-03-16-at-09.27.10-3-__miLbnaMU-2048x1536-2.jpeg\" \/>\n\t<meta property=\"og:image:width\" content=\"1\" \/>\n\t<meta property=\"og:image:height\" content=\"1\" \/>\n\t<meta property=\"og:image:type\" content=\"image\/jpeg\" \/>\n<meta name=\"twitter:card\" content=\"summary_large_image\" \/>\n<meta name=\"twitter:label1\" content=\"Procijenjeno vrijeme \u010ditanja\" \/>\n\t<meta name=\"twitter:data1\" content=\"1 minuta\" \/>\n<script type=\"application\/ld+json\" class=\"yoast-schema-graph\">{\"@context\":\"https:\/\/schema.org\",\"@graph\":[{\"@type\":\"WebPage\",\"@id\":\"https:\/\/carpe-sol.com\/hr\/vlasni\u0161tvo\/zadar-vir-centar-kuca-977-m2-prodaja-lokacija-garaza\/\",\"url\":\"https:\/\/carpe-sol.com\/hr\/vlasni\u0161tvo\/zadar-vir-centar-kuca-977-m2-prodaja-lokacija-garaza\/\",\"name\":\"ZADAR - VIR (CENTAR), KU\u0106A 97,7 M2, PRODAJA, LOKACIJA, GARA\u017dA!! - CARPE SOL IMMOBILIEN\",\"isPartOf\":{\"@id\":\"https:\/\/carpe-sol.com\/hr\/#website\"},\"primaryImageOfPage\":{\"@id\":\"https:\/\/carpe-sol.com\/hr\/vlasni\u0161tvo\/zadar-vir-centar-kuca-977-m2-prodaja-lokacija-garaza\/#primaryimage\"},\"image\":{\"@id\":\"https:\/\/carpe-sol.com\/hr\/vlasni\u0161tvo\/zadar-vir-centar-kuca-977-m2-prodaja-lokacija-garaza\/#primaryimage\"},\"thumbnailUrl\":\"https:\/\/carpe-sol.com\/wp-content\/uploads\/2026\/03\/whatsapp-image-2026-03-16-at-09.27.10-3-__miLbnaMU-2048x1536-2.jpeg\",\"datePublished\":\"2026-03-16T22:58:30+00:00\",\"description\":\"Zadar - Vir (Centar), prodaje se dvojna ku\u0107a katnica od 97,7 m2 i 200 m2 oku\u0107nice izgra\u0111ena 2013 godine na zemlji\u0161tu od 438 m2, kompletno\",\"breadcrumb\":{\"@id\":\"https:\/\/carpe-sol.com\/hr\/vlasni\u0161tvo\/zadar-vir-centar-kuca-977-m2-prodaja-lokacija-garaza\/#breadcrumb\"},\"inLanguage\":\"hr\",\"potentialAction\":[{\"@type\":\"ReadAction\",\"target\":[\"https:\/\/carpe-sol.com\/hr\/vlasni\u0161tvo\/zadar-vir-centar-kuca-977-m2-prodaja-lokacija-garaza\/\"]}]},{\"@type\":\"ImageObject\",\"inLanguage\":\"hr\",\"@id\":\"https:\/\/carpe-sol.com\/hr\/vlasni\u0161tvo\/zadar-vir-centar-kuca-977-m2-prodaja-lokacija-garaza\/#primaryimage\",\"url\":\"https:\/\/carpe-sol.com\/wp-content\/uploads\/2026\/03\/whatsapp-image-2026-03-16-at-09.27.10-3-__miLbnaMU-2048x1536-2.jpeg\",\"contentUrl\":\"https:\/\/carpe-sol.com\/wp-content\/uploads\/2026\/03\/whatsapp-image-2026-03-16-at-09.27.10-3-__miLbnaMU-2048x1536-2.jpeg\",\"width\":1440,\"height\":1080},{\"@type\":\"BreadcrumbList\",\"@id\":\"https:\/\/carpe-sol.com\/hr\/vlasni\u0161tvo\/zadar-vir-centar-kuca-977-m2-prodaja-lokacija-garaza\/#breadcrumb\",\"itemListElement\":[{\"@type\":\"ListItem\",\"position\":1,\"name\":\"Home\",\"item\":\"https:\/\/carpe-sol.com\/hr\/\"},{\"@type\":\"ListItem\",\"position\":2,\"name\":\"Immobilien\",\"item\":\"https:\/\/carpe-sol.com\/hr\/vlasni\u0161tvo\/\"},{\"@type\":\"ListItem\",\"position\":3,\"name\":\"ZADAR &#8211; VIR (CENTAR), KU\u0106A 97,7 M2, PRODAJA, LOKACIJA, GARA\u017dA!!\"}]},{\"@type\":\"WebSite\",\"@id\":\"https:\/\/carpe-sol.com\/hr\/#website\",\"url\":\"https:\/\/carpe-sol.com\/hr\/\",\"name\":\"CARPE SOL IMMOBILIEN\",\"description\":\"Leben in Kroatien - Immobilien in Kroatien\",\"publisher\":{\"@id\":\"https:\/\/carpe-sol.com\/hr\/#organization\"},\"potentialAction\":[{\"@type\":\"SearchAction\",\"target\":{\"@type\":\"EntryPoint\",\"urlTemplate\":\"https:\/\/carpe-sol.com\/hr\/?s={search_term_string}\"},\"query-input\":{\"@type\":\"PropertyValueSpecification\",\"valueRequired\":true,\"valueName\":\"search_term_string\"}}],\"inLanguage\":\"hr\"},{\"@type\":\"Organization\",\"@id\":\"https:\/\/carpe-sol.com\/hr\/#organization\",\"name\":\"CARPE SOL IMMOBILIEN\",\"url\":\"https:\/\/carpe-sol.com\/hr\/\",\"logo\":{\"@type\":\"ImageObject\",\"inLanguage\":\"hr\",\"@id\":\"https:\/\/carpe-sol.com\/hr\/#\/schema\/logo\/image\/\",\"url\":\"https:\/\/carpe-sol.com\/wp-content\/uploads\/2023\/04\/logo.png\",\"contentUrl\":\"https:\/\/carpe-sol.com\/wp-content\/uploads\/2023\/04\/logo.png\",\"width\":393,\"height\":72,\"caption\":\"CARPE SOL IMMOBILIEN\"},\"image\":{\"@id\":\"https:\/\/carpe-sol.com\/hr\/#\/schema\/logo\/image\/\"}}]}<\/script>\n<!-- \/ Yoast SEO plugin. -->","yoast_head_json":{"title":"ZADAR - VIR (CENTAR), KU\u0106A 97,7 M2, PRODAJA, LOKACIJA, GARA\u017dA!! - CARPE SOL IMMOBILIEN","description":"Zadar - Vir (Centar), prodaje se dvojna ku\u0107a katnica od 97,7 m2 i 200 m2 oku\u0107nice izgra\u0111ena 2013 godine na zemlji\u0161tu od 438 m2, kompletno","robots":{"index":"index","follow":"follow","max-snippet":"max-snippet:-1","max-image-preview":"max-image-preview:large","max-video-preview":"max-video-preview:-1"},"canonical":"https:\/\/carpe-sol.com\/hr\/vlasni\u0161tvo\/zadar-vir-centar-kuca-977-m2-prodaja-lokacija-garaza\/","og_locale":"hr_HR","og_type":"article","og_title":"ZADAR - VIR (CENTAR), KU\u0106A 97,7 M2, PRODAJA, LOKACIJA, GARA\u017dA!! - CARPE SOL IMMOBILIEN","og_description":"Zadar - Vir (Centar), prodaje se dvojna ku\u0107a katnica od 97,7 m2 i 200 m2 oku\u0107nice izgra\u0111ena 2013 godine na zemlji\u0161tu od 438 m2, kompletno","og_url":"https:\/\/carpe-sol.com\/hr\/vlasni\u0161tvo\/zadar-vir-centar-kuca-977-m2-prodaja-lokacija-garaza\/","og_site_name":"CARPE SOL IMMOBILIEN","og_image":[{"url":"https:\/\/carpe-sol.com\/wp-content\/uploads\/2026\/03\/whatsapp-image-2026-03-16-at-09.27.10-3-__miLbnaMU-2048x1536-2.jpeg","width":1,"height":1,"type":"image\/jpeg"}],"twitter_card":"summary_large_image","twitter_misc":{"Procijenjeno vrijeme \u010ditanja":"1 minuta"},"schema":{"@context":"https:\/\/schema.org","@graph":[{"@type":"WebPage","@id":"https:\/\/carpe-sol.com\/hr\/vlasni\u0161tvo\/zadar-vir-centar-kuca-977-m2-prodaja-lokacija-garaza\/","url":"https:\/\/carpe-sol.com\/hr\/vlasni\u0161tvo\/zadar-vir-centar-kuca-977-m2-prodaja-lokacija-garaza\/","name":"ZADAR - VIR (CENTAR), KU\u0106A 97,7 M2, PRODAJA, LOKACIJA, GARA\u017dA!! - CARPE SOL IMMOBILIEN","isPartOf":{"@id":"https:\/\/carpe-sol.com\/hr\/#website"},"primaryImageOfPage":{"@id":"https:\/\/carpe-sol.com\/hr\/vlasni\u0161tvo\/zadar-vir-centar-kuca-977-m2-prodaja-lokacija-garaza\/#primaryimage"},"image":{"@id":"https:\/\/carpe-sol.com\/hr\/vlasni\u0161tvo\/zadar-vir-centar-kuca-977-m2-prodaja-lokacija-garaza\/#primaryimage"},"thumbnailUrl":"https:\/\/carpe-sol.com\/wp-content\/uploads\/2026\/03\/whatsapp-image-2026-03-16-at-09.27.10-3-__miLbnaMU-2048x1536-2.jpeg","datePublished":"2026-03-16T22:58:30+00:00","description":"Zadar - Vir (Centar), prodaje se dvojna ku\u0107a katnica od 97,7 m2 i 200 m2 oku\u0107nice izgra\u0111ena 2013 godine na zemlji\u0161tu od 438 m2, kompletno","breadcrumb":{"@id":"https:\/\/carpe-sol.com\/hr\/vlasni\u0161tvo\/zadar-vir-centar-kuca-977-m2-prodaja-lokacija-garaza\/#breadcrumb"},"inLanguage":"hr","potentialAction":[{"@type":"ReadAction","target":["https:\/\/carpe-sol.com\/hr\/vlasni\u0161tvo\/zadar-vir-centar-kuca-977-m2-prodaja-lokacija-garaza\/"]}]},{"@type":"ImageObject","inLanguage":"hr","@id":"https:\/\/carpe-sol.com\/hr\/vlasni\u0161tvo\/zadar-vir-centar-kuca-977-m2-prodaja-lokacija-garaza\/#primaryimage","url":"https:\/\/carpe-sol.com\/wp-content\/uploads\/2026\/03\/whatsapp-image-2026-03-16-at-09.27.10-3-__miLbnaMU-2048x1536-2.jpeg","contentUrl":"https:\/\/carpe-sol.com\/wp-content\/uploads\/2026\/03\/whatsapp-image-2026-03-16-at-09.27.10-3-__miLbnaMU-2048x1536-2.jpeg","width":1440,"height":1080},{"@type":"BreadcrumbList","@id":"https:\/\/carpe-sol.com\/hr\/vlasni\u0161tvo\/zadar-vir-centar-kuca-977-m2-prodaja-lokacija-garaza\/#breadcrumb","itemListElement":[{"@type":"ListItem","position":1,"name":"Home","item":"https:\/\/carpe-sol.com\/hr\/"},{"@type":"ListItem","position":2,"name":"Immobilien","item":"https:\/\/carpe-sol.com\/hr\/vlasni\u0161tvo\/"},{"@type":"ListItem","position":3,"name":"ZADAR &#8211; VIR (CENTAR), KU\u0106A 97,7 M2, PRODAJA, LOKACIJA, GARA\u017dA!!"}]},{"@type":"WebSite","@id":"https:\/\/carpe-sol.com\/hr\/#website","url":"https:\/\/carpe-sol.com\/hr\/","name":"CARPE SOL IMMOBILIEN","description":"Leben in Kroatien - Immobilien in Kroatien","publisher":{"@id":"https:\/\/carpe-sol.com\/hr\/#organization"},"potentialAction":[{"@type":"SearchAction","target":{"@type":"EntryPoint","urlTemplate":"https:\/\/carpe-sol.com\/hr\/?s={search_term_string}"},"query-input":{"@type":"PropertyValueSpecification","valueRequired":true,"valueName":"search_term_string"}}],"inLanguage":"hr"},{"@type":"Organization","@id":"https:\/\/carpe-sol.com\/hr\/#organization","name":"CARPE SOL IMMOBILIEN","url":"https:\/\/carpe-sol.com\/hr\/","logo":{"@type":"ImageObject","inLanguage":"hr","@id":"https:\/\/carpe-sol.com\/hr\/#\/schema\/logo\/image\/","url":"https:\/\/carpe-sol.com\/wp-content\/uploads\/2023\/04\/logo.png","contentUrl":"https:\/\/carpe-sol.com\/wp-content\/uploads\/2023\/04\/logo.png","width":393,"height":72,"caption":"CARPE SOL IMMOBILIEN"},"image":{"@id":"https:\/\/carpe-sol.com\/hr\/#\/schema\/logo\/image\/"}}]}},"_links":{"self":[{"href":"https:\/\/carpe-sol.com\/hr\/wp-json\/wp\/v2\/immobilien\/1069277","targetHints":{"allow":["GET"]}}],"collection":[{"href":"https:\/\/carpe-sol.com\/hr\/wp-json\/wp\/v2\/immobilien"}],"about":[{"href":"https:\/\/carpe-sol.com\/hr\/wp-json\/wp\/v2\/types\/immobilien"}],"version-history":[{"count":0,"href":"https:\/\/carpe-sol.com\/hr\/wp-json\/wp\/v2\/immobilien\/1069277\/revisions"}],"wp:featuredmedia":[{"embeddable":true,"href":"https:\/\/carpe-sol.com\/hr\/wp-json\/wp\/v2\/media\/1069353"}],"wp:attachment":[{"href":"https:\/\/carpe-sol.com\/hr\/wp-json\/wp\/v2\/media?parent=1069277"}],"wp:term":[{"taxonomy":"building_condition","embeddable":true,"href":"https:\/\/carpe-sol.com\/hr\/wp-json\/wp\/v2\/building_condition?post=1069277"},{"taxonomy":"features","embeddable":true,"href":"https:\/\/carpe-sol.com\/hr\/wp-json\/wp\/v2\/features?post=1069277"},{"taxonomy":"haus_typ","embeddable":true,"href":"https:\/\/carpe-sol.com\/hr\/wp-json\/wp\/v2\/haus_typ?post=1069277"},{"taxonomy":"heating","embeddable":true,"href":"https:\/\/carpe-sol.com\/hr\/wp-json\/wp\/v2\/heating?post=1069277"},{"taxonomy":"kategorie","embeddable":true,"href":"https:\/\/carpe-sol.com\/hr\/wp-json\/wp\/v2\/kategorie?post=1069277"},{"taxonomy":"location_feature","embeddable":true,"href":"https:\/\/carpe-sol.com\/hr\/wp-json\/wp\/v2\/location_feature?post=1069277"},{"taxonomy":"parking","embeddable":true,"href":"https:\/\/carpe-sol.com\/hr\/wp-json\/wp\/v2\/parking?post=1069277"},{"taxonomy":"utility","embeddable":true,"href":"https:\/\/carpe-sol.com\/hr\/wp-json\/wp\/v2\/utility?post=1069277"}],"curies":[{"name":"wp","href":"https:\/\/api.w.org\/{rel}","templated":true}]}}