{"id":597650,"date":"2025-11-21T06:16:21","date_gmt":"2025-11-21T04:16:21","guid":{"rendered":"https:\/\/carpe-sol.com\/immobilien\/zadar-vir-luksuzna-vila-350-m2-2-red-od-plaze-pogled\/"},"modified":"2025-11-21T06:16:21","modified_gmt":"2025-11-21T04:16:21","slug":"zadar-vir-luksuzna-vila-350-m2-2-red-od-plaze-pogled","status":"publish","type":"immobilien","link":"https:\/\/carpe-sol.com\/hr\/vlasni\u0161tvo\/zadar-vir-luksuzna-vila-350-m2-2-red-od-plaze-pogled\/","title":{"rendered":"ZADAR &#8211; VIR, LUKSUZNA VILA 350 M2, 2 RED OD PLA\u017dE, POGLED!!!"},"content":{"rendered":"<p>Zadar &#8211; Vir, prodaje se samostoje\u0107a vila katnica od  350 m2 stambene povr\u0161ine i 312 m2 oku\u0107nice izgra\u0111ena 2022 godine, kompletno namje\u0161tena. Visokokvalitetna gradnja, stolarija ku\u0107e izvana antracit unutra bijele boje, rolete na struju sa komarnicima, ku\u0107a je oblo\u017eena u travertin kamenu, terase od crnog mramora, keramika i sanitarije iz Italije, dvori\u0161te je sve u kamenu, ogradni zidovi u travertin kamenu sa aluminijskom ogradom, terase imaju staklenu ogradu, grijanje ku\u0107e elektri\u010dno podno, klima i kamin na pelete, namje\u0161taj ru\u010dni rad po narud\u017ebi, elektri\u010dne brave sa karticama za vrata na katu, stolarija unutarnja ru\u010dni rad iz Italije sa skrivenim pantima i magnetske brave, itd&#8230;&#10;.&#10;Sastoji se od prizemlja i kata tri odvojena apartmana.&#10;Prizemlje: tri spava\u0107e sobe, dnevni boravak + kuhinja + blagovaona, kupaonice wc-a i terase.&#10;Kat:&#10;- apartman 2: dvije spava\u0107e sobe, dnevni boravak + kuhinja + blagovaona, kupaonica i terasa.&#10;- apartman 3: dvije spava\u0107e sobe, dnevni boravak + kuhinja + blagovaona, kupaonica i terasa.&#10;.&#10;SA KU\u0106ES E PRU\u017dA POGLED NA MORE!!!&#10;.&#10;Nalazi se na izvrsnoj lokaciji 40 m udaljena od mora i pje\u0161\u010dane pla\u017ee (drugi red), blizina kafi\u0107a, restorana te svih sadr\u017eaja potrebnih za ugodan odmor i \u017eivot!!!&#10;.&#10;Posjeduje \u010detiri parkirna mjesta, gara\u017eu od 30 m2 i podrum.&#10;.&#10;Dokumentacija uredna.<\/p>\n","protected":false},"author":0,"featured_media":1021615,"template":"","meta":{"_acf_changed":false,"footnotes":""},"building_condition":[140],"features":[121,123,122,120],"haus_typ":[126],"heating":[129,203,128,145,212],"kategorie":[130],"location_feature":[256],"parking":[],"utility":[134,136,258,135,257],"class_list":["post-597650","immobilien","type-immobilien","status-publish","has-post-thumbnail","hentry","building_condition-novo","features-balkon","features-podrum","features-terasa","features-vrt","haus_typ-freestanding","heating-ac","heating-pellets","heating-electricity","heating-fireplace","heating-floor","kategorie-house","location_feature-pogled-na-more","utility-elektricitet","utility-internet-2","utility-septicka-jama","utility-telefon","utility-voda"],"acf":[],"yoast_head":"<!-- This site is optimized with the Yoast SEO plugin v26.4 - https:\/\/yoast.com\/wordpress\/plugins\/seo\/ -->\n<title>ZADAR - VIR, LUKSUZNA VILA 350 M2, 2 RED OD PLA\u017dE, POGLED!!! - CARPE SOL IMMOBILIEN<\/title>\n<meta name=\"description\" content=\"Zadar - Vir, prodaje se samostoje\u0107a vila katnica od 350 m2 stambene povr\u0161ine i 312 m2 oku\u0107nice izgra\u0111ena 2022 godine, kompletno namje\u0161tena.\" \/>\n<meta name=\"robots\" content=\"index, follow, max-snippet:-1, max-image-preview:large, max-video-preview:-1\" \/>\n<link rel=\"canonical\" href=\"https:\/\/carpe-sol.com\/hr\/vlasni\u0161tvo\/zadar-vir-luksuzna-vila-350-m2-2-red-od-plaze-pogled\/\" \/>\n<meta property=\"og:locale\" content=\"hr_HR\" \/>\n<meta property=\"og:type\" content=\"article\" \/>\n<meta property=\"og:title\" content=\"ZADAR - VIR, LUKSUZNA VILA 350 M2, 2 RED OD PLA\u017dE, POGLED!!! - CARPE SOL IMMOBILIEN\" \/>\n<meta property=\"og:description\" content=\"Zadar - Vir, prodaje se samostoje\u0107a vila katnica od 350 m2 stambene povr\u0161ine i 312 m2 oku\u0107nice izgra\u0111ena 2022 godine, kompletno namje\u0161tena.\" \/>\n<meta property=\"og:url\" content=\"https:\/\/carpe-sol.com\/hr\/vlasni\u0161tvo\/zadar-vir-luksuzna-vila-350-m2-2-red-od-plaze-pogled\/\" \/>\n<meta property=\"og:site_name\" content=\"CARPE SOL IMMOBILIEN\" \/>\n<meta property=\"og:image\" content=\"https:\/\/carpe-sol.com\/wp-content\/uploads\/2025\/11\/39565-WhatsApp-Image-2023-10-12-at-10.36.11-3.jpeg\" \/>\n\t<meta property=\"og:image:width\" content=\"1\" \/>\n\t<meta property=\"og:image:height\" content=\"1\" \/>\n\t<meta property=\"og:image:type\" content=\"image\/jpeg\" \/>\n<meta name=\"twitter:card\" content=\"summary_large_image\" \/>\n<meta name=\"twitter:label1\" content=\"Procijenjeno vrijeme \u010ditanja\" \/>\n\t<meta name=\"twitter:data1\" content=\"1 minuta\" \/>\n<script type=\"application\/ld+json\" class=\"yoast-schema-graph\">{\"@context\":\"https:\/\/schema.org\",\"@graph\":[{\"@type\":\"WebPage\",\"@id\":\"https:\/\/carpe-sol.com\/hr\/vlasni\u0161tvo\/zadar-vir-luksuzna-vila-350-m2-2-red-od-plaze-pogled\/\",\"url\":\"https:\/\/carpe-sol.com\/hr\/vlasni\u0161tvo\/zadar-vir-luksuzna-vila-350-m2-2-red-od-plaze-pogled\/\",\"name\":\"ZADAR - VIR, LUKSUZNA VILA 350 M2, 2 RED OD PLA\u017dE, POGLED!!! - CARPE SOL IMMOBILIEN\",\"isPartOf\":{\"@id\":\"https:\/\/carpe-sol.com\/hr\/#website\"},\"primaryImageOfPage\":{\"@id\":\"https:\/\/carpe-sol.com\/hr\/vlasni\u0161tvo\/zadar-vir-luksuzna-vila-350-m2-2-red-od-plaze-pogled\/#primaryimage\"},\"image\":{\"@id\":\"https:\/\/carpe-sol.com\/hr\/vlasni\u0161tvo\/zadar-vir-luksuzna-vila-350-m2-2-red-od-plaze-pogled\/#primaryimage\"},\"thumbnailUrl\":\"https:\/\/carpe-sol.com\/wp-content\/uploads\/2025\/11\/39565-WhatsApp-Image-2023-10-12-at-10.36.11-3.jpeg\",\"datePublished\":\"2025-11-21T04:16:21+00:00\",\"description\":\"Zadar - Vir, prodaje se samostoje\u0107a vila katnica od 350 m2 stambene povr\u0161ine i 312 m2 oku\u0107nice izgra\u0111ena 2022 godine, kompletno namje\u0161tena.\",\"breadcrumb\":{\"@id\":\"https:\/\/carpe-sol.com\/hr\/vlasni\u0161tvo\/zadar-vir-luksuzna-vila-350-m2-2-red-od-plaze-pogled\/#breadcrumb\"},\"inLanguage\":\"hr\",\"potentialAction\":[{\"@type\":\"ReadAction\",\"target\":[\"https:\/\/carpe-sol.com\/hr\/vlasni\u0161tvo\/zadar-vir-luksuzna-vila-350-m2-2-red-od-plaze-pogled\/\"]}]},{\"@type\":\"ImageObject\",\"inLanguage\":\"hr\",\"@id\":\"https:\/\/carpe-sol.com\/hr\/vlasni\u0161tvo\/zadar-vir-luksuzna-vila-350-m2-2-red-od-plaze-pogled\/#primaryimage\",\"url\":\"https:\/\/carpe-sol.com\/wp-content\/uploads\/2025\/11\/39565-WhatsApp-Image-2023-10-12-at-10.36.11-3.jpeg\",\"contentUrl\":\"https:\/\/carpe-sol.com\/wp-content\/uploads\/2025\/11\/39565-WhatsApp-Image-2023-10-12-at-10.36.11-3.jpeg\",\"width\":1600,\"height\":900},{\"@type\":\"BreadcrumbList\",\"@id\":\"https:\/\/carpe-sol.com\/hr\/vlasni\u0161tvo\/zadar-vir-luksuzna-vila-350-m2-2-red-od-plaze-pogled\/#breadcrumb\",\"itemListElement\":[{\"@type\":\"ListItem\",\"position\":1,\"name\":\"Home\",\"item\":\"https:\/\/carpe-sol.com\/hr\/\"},{\"@type\":\"ListItem\",\"position\":2,\"name\":\"Immobilien\",\"item\":\"https:\/\/carpe-sol.com\/hr\/vlasni\u0161tvo\/\"},{\"@type\":\"ListItem\",\"position\":3,\"name\":\"ZADAR &#8211; VIR, LUKSUZNA VILA 350 M2, 2 RED OD PLA\u017dE, POGLED!!!\"}]},{\"@type\":\"WebSite\",\"@id\":\"https:\/\/carpe-sol.com\/hr\/#website\",\"url\":\"https:\/\/carpe-sol.com\/hr\/\",\"name\":\"CARPE SOL IMMOBILIEN\",\"description\":\"Leben in Kroatien - Immobilien in Kroatien\",\"publisher\":{\"@id\":\"https:\/\/carpe-sol.com\/hr\/#organization\"},\"potentialAction\":[{\"@type\":\"SearchAction\",\"target\":{\"@type\":\"EntryPoint\",\"urlTemplate\":\"https:\/\/carpe-sol.com\/hr\/?s={search_term_string}\"},\"query-input\":{\"@type\":\"PropertyValueSpecification\",\"valueRequired\":true,\"valueName\":\"search_term_string\"}}],\"inLanguage\":\"hr\"},{\"@type\":\"Organization\",\"@id\":\"https:\/\/carpe-sol.com\/hr\/#organization\",\"name\":\"CARPE SOL IMMOBILIEN\",\"url\":\"https:\/\/carpe-sol.com\/hr\/\",\"logo\":{\"@type\":\"ImageObject\",\"inLanguage\":\"hr\",\"@id\":\"https:\/\/carpe-sol.com\/hr\/#\/schema\/logo\/image\/\",\"url\":\"https:\/\/carpe-sol.com\/wp-content\/uploads\/2023\/04\/logo.png\",\"contentUrl\":\"https:\/\/carpe-sol.com\/wp-content\/uploads\/2023\/04\/logo.png\",\"width\":393,\"height\":72,\"caption\":\"CARPE SOL IMMOBILIEN\"},\"image\":{\"@id\":\"https:\/\/carpe-sol.com\/hr\/#\/schema\/logo\/image\/\"}}]}<\/script>\n<!-- \/ Yoast SEO plugin. -->","yoast_head_json":{"title":"ZADAR - VIR, LUKSUZNA VILA 350 M2, 2 RED OD PLA\u017dE, POGLED!!! - CARPE SOL IMMOBILIEN","description":"Zadar - Vir, prodaje se samostoje\u0107a vila katnica od 350 m2 stambene povr\u0161ine i 312 m2 oku\u0107nice izgra\u0111ena 2022 godine, kompletno namje\u0161tena.","robots":{"index":"index","follow":"follow","max-snippet":"max-snippet:-1","max-image-preview":"max-image-preview:large","max-video-preview":"max-video-preview:-1"},"canonical":"https:\/\/carpe-sol.com\/hr\/vlasni\u0161tvo\/zadar-vir-luksuzna-vila-350-m2-2-red-od-plaze-pogled\/","og_locale":"hr_HR","og_type":"article","og_title":"ZADAR - VIR, LUKSUZNA VILA 350 M2, 2 RED OD PLA\u017dE, POGLED!!! - CARPE SOL IMMOBILIEN","og_description":"Zadar - Vir, prodaje se samostoje\u0107a vila katnica od 350 m2 stambene povr\u0161ine i 312 m2 oku\u0107nice izgra\u0111ena 2022 godine, kompletno namje\u0161tena.","og_url":"https:\/\/carpe-sol.com\/hr\/vlasni\u0161tvo\/zadar-vir-luksuzna-vila-350-m2-2-red-od-plaze-pogled\/","og_site_name":"CARPE SOL IMMOBILIEN","og_image":[{"url":"https:\/\/carpe-sol.com\/wp-content\/uploads\/2025\/11\/39565-WhatsApp-Image-2023-10-12-at-10.36.11-3.jpeg","width":1,"height":1,"type":"image\/jpeg"}],"twitter_card":"summary_large_image","twitter_misc":{"Procijenjeno vrijeme \u010ditanja":"1 minuta"},"schema":{"@context":"https:\/\/schema.org","@graph":[{"@type":"WebPage","@id":"https:\/\/carpe-sol.com\/hr\/vlasni\u0161tvo\/zadar-vir-luksuzna-vila-350-m2-2-red-od-plaze-pogled\/","url":"https:\/\/carpe-sol.com\/hr\/vlasni\u0161tvo\/zadar-vir-luksuzna-vila-350-m2-2-red-od-plaze-pogled\/","name":"ZADAR - VIR, LUKSUZNA VILA 350 M2, 2 RED OD PLA\u017dE, POGLED!!! - CARPE SOL IMMOBILIEN","isPartOf":{"@id":"https:\/\/carpe-sol.com\/hr\/#website"},"primaryImageOfPage":{"@id":"https:\/\/carpe-sol.com\/hr\/vlasni\u0161tvo\/zadar-vir-luksuzna-vila-350-m2-2-red-od-plaze-pogled\/#primaryimage"},"image":{"@id":"https:\/\/carpe-sol.com\/hr\/vlasni\u0161tvo\/zadar-vir-luksuzna-vila-350-m2-2-red-od-plaze-pogled\/#primaryimage"},"thumbnailUrl":"https:\/\/carpe-sol.com\/wp-content\/uploads\/2025\/11\/39565-WhatsApp-Image-2023-10-12-at-10.36.11-3.jpeg","datePublished":"2025-11-21T04:16:21+00:00","description":"Zadar - Vir, prodaje se samostoje\u0107a vila katnica od 350 m2 stambene povr\u0161ine i 312 m2 oku\u0107nice izgra\u0111ena 2022 godine, kompletno namje\u0161tena.","breadcrumb":{"@id":"https:\/\/carpe-sol.com\/hr\/vlasni\u0161tvo\/zadar-vir-luksuzna-vila-350-m2-2-red-od-plaze-pogled\/#breadcrumb"},"inLanguage":"hr","potentialAction":[{"@type":"ReadAction","target":["https:\/\/carpe-sol.com\/hr\/vlasni\u0161tvo\/zadar-vir-luksuzna-vila-350-m2-2-red-od-plaze-pogled\/"]}]},{"@type":"ImageObject","inLanguage":"hr","@id":"https:\/\/carpe-sol.com\/hr\/vlasni\u0161tvo\/zadar-vir-luksuzna-vila-350-m2-2-red-od-plaze-pogled\/#primaryimage","url":"https:\/\/carpe-sol.com\/wp-content\/uploads\/2025\/11\/39565-WhatsApp-Image-2023-10-12-at-10.36.11-3.jpeg","contentUrl":"https:\/\/carpe-sol.com\/wp-content\/uploads\/2025\/11\/39565-WhatsApp-Image-2023-10-12-at-10.36.11-3.jpeg","width":1600,"height":900},{"@type":"BreadcrumbList","@id":"https:\/\/carpe-sol.com\/hr\/vlasni\u0161tvo\/zadar-vir-luksuzna-vila-350-m2-2-red-od-plaze-pogled\/#breadcrumb","itemListElement":[{"@type":"ListItem","position":1,"name":"Home","item":"https:\/\/carpe-sol.com\/hr\/"},{"@type":"ListItem","position":2,"name":"Immobilien","item":"https:\/\/carpe-sol.com\/hr\/vlasni\u0161tvo\/"},{"@type":"ListItem","position":3,"name":"ZADAR &#8211; VIR, LUKSUZNA VILA 350 M2, 2 RED OD PLA\u017dE, POGLED!!!"}]},{"@type":"WebSite","@id":"https:\/\/carpe-sol.com\/hr\/#website","url":"https:\/\/carpe-sol.com\/hr\/","name":"CARPE SOL IMMOBILIEN","description":"Leben in Kroatien - Immobilien in Kroatien","publisher":{"@id":"https:\/\/carpe-sol.com\/hr\/#organization"},"potentialAction":[{"@type":"SearchAction","target":{"@type":"EntryPoint","urlTemplate":"https:\/\/carpe-sol.com\/hr\/?s={search_term_string}"},"query-input":{"@type":"PropertyValueSpecification","valueRequired":true,"valueName":"search_term_string"}}],"inLanguage":"hr"},{"@type":"Organization","@id":"https:\/\/carpe-sol.com\/hr\/#organization","name":"CARPE SOL IMMOBILIEN","url":"https:\/\/carpe-sol.com\/hr\/","logo":{"@type":"ImageObject","inLanguage":"hr","@id":"https:\/\/carpe-sol.com\/hr\/#\/schema\/logo\/image\/","url":"https:\/\/carpe-sol.com\/wp-content\/uploads\/2023\/04\/logo.png","contentUrl":"https:\/\/carpe-sol.com\/wp-content\/uploads\/2023\/04\/logo.png","width":393,"height":72,"caption":"CARPE SOL IMMOBILIEN"},"image":{"@id":"https:\/\/carpe-sol.com\/hr\/#\/schema\/logo\/image\/"}}]}},"_links":{"self":[{"href":"https:\/\/carpe-sol.com\/hr\/wp-json\/wp\/v2\/immobilien\/597650","targetHints":{"allow":["GET"]}}],"collection":[{"href":"https:\/\/carpe-sol.com\/hr\/wp-json\/wp\/v2\/immobilien"}],"about":[{"href":"https:\/\/carpe-sol.com\/hr\/wp-json\/wp\/v2\/types\/immobilien"}],"version-history":[{"count":1,"href":"https:\/\/carpe-sol.com\/hr\/wp-json\/wp\/v2\/immobilien\/597650\/revisions"}],"predecessor-version":[{"id":638482,"href":"https:\/\/carpe-sol.com\/hr\/wp-json\/wp\/v2\/immobilien\/597650\/revisions\/638482"}],"wp:featuredmedia":[{"embeddable":true,"href":"https:\/\/carpe-sol.com\/hr\/wp-json\/wp\/v2\/media\/1021615"}],"wp:attachment":[{"href":"https:\/\/carpe-sol.com\/hr\/wp-json\/wp\/v2\/media?parent=597650"}],"wp:term":[{"taxonomy":"building_condition","embeddable":true,"href":"https:\/\/carpe-sol.com\/hr\/wp-json\/wp\/v2\/building_condition?post=597650"},{"taxonomy":"features","embeddable":true,"href":"https:\/\/carpe-sol.com\/hr\/wp-json\/wp\/v2\/features?post=597650"},{"taxonomy":"haus_typ","embeddable":true,"href":"https:\/\/carpe-sol.com\/hr\/wp-json\/wp\/v2\/haus_typ?post=597650"},{"taxonomy":"heating","embeddable":true,"href":"https:\/\/carpe-sol.com\/hr\/wp-json\/wp\/v2\/heating?post=597650"},{"taxonomy":"kategorie","embeddable":true,"href":"https:\/\/carpe-sol.com\/hr\/wp-json\/wp\/v2\/kategorie?post=597650"},{"taxonomy":"location_feature","embeddable":true,"href":"https:\/\/carpe-sol.com\/hr\/wp-json\/wp\/v2\/location_feature?post=597650"},{"taxonomy":"parking","embeddable":true,"href":"https:\/\/carpe-sol.com\/hr\/wp-json\/wp\/v2\/parking?post=597650"},{"taxonomy":"utility","embeddable":true,"href":"https:\/\/carpe-sol.com\/hr\/wp-json\/wp\/v2\/utility?post=597650"}],"curies":[{"name":"wp","href":"https:\/\/api.w.org\/{rel}","templated":true}]}}