{"id":597921,"date":"2025-11-21T07:02:30","date_gmt":"2025-11-21T05:02:30","guid":{"rendered":"https:\/\/carpe-sol.com\/immobilien\/zadar-vinjerac-apartman-141-m2-prodaja-prvi-red-pogled-krovna-terasa\/"},"modified":"2025-11-21T07:02:30","modified_gmt":"2025-11-21T05:02:30","slug":"zadar-vinjerac-apartman-141-m2-prodaja-prvi-red-pogled-krovna-terasa","status":"publish","type":"immobilien","link":"https:\/\/carpe-sol.com\/hr\/vlasni\u0161tvo\/zadar-vinjerac-apartman-141-m2-prodaja-prvi-red-pogled-krovna-terasa\/","title":{"rendered":"ZADAR &#8211; VINJERAC, APARTMAN 141 M2, PRODAJA, PRVI RED, POGLED, KROVNA TERASA!!!"},"content":{"rendered":"<p>Zadar &#8211; Vinjerac, prodaje se luksuzni trosobni apartman od 141 m2 na prvom katu stambenog objekta izgra\u0111enog 2023 godine. Apartman je projektiran u suvremenom stilu, kvalitetna gradnja, luksuzne talijanske plo\u010dice za podove i zidove, podno grijanje i klima ure\u0111aj (grijanje i hla\u0111enje) u svim rezidencijama, itd&#8230;&#10;.&#10;Sastoji se od: tri spava\u0107e sobe, dnevnog boravka + kuhinja + blagovaona, hodnika, dvije kupaonice, balkona.&#10;.&#10;IZ APARTMANA SE PRU\u017dA PREDIVAN OTVOREN POGLED NA MORE!!!&#10;.&#10;Nalazi se na izvrsnoj lokaciji 30 m udaljen od mora i pla\u017ee (prvi red), blizina svih potrebnih sadr\u017eaja za ugodan i miran odmor!!!&#10;.&#10;Posjeduje parkirno mjesto, krovnu terasu od 101 m2 na kojoj je bazen, ljetna kuhinja i vanjski tu\u0161.&#10;.&#10;Dokumentacija uredna.&#10;.&#10;Gledati tlocrt oznake A5 (\u017eute boje).<\/p>\n","protected":false},"author":0,"featured_media":1024825,"template":"","meta":{"_acf_changed":false,"footnotes":""},"building_condition":[140],"features":[121,154,216,122],"haus_typ":[],"heating":[129,128,212],"kategorie":[141],"location_feature":[256,255],"parking":[],"utility":[134,136,258,135,257],"class_list":["post-597921","immobilien","type-immobilien","status-publish","has-post-thumbnail","hentry","building_condition-novo","features-balkon","features-bazen","features-ljetna-kuhinja","features-terasa","heating-ac","heating-electricity","heating-floor","kategorie-apartment-holiday","location_feature-pogled-na-more","location_feature-prvi-red-do-mora","utility-elektricitet","utility-internet-2","utility-septicka-jama","utility-telefon","utility-voda"],"acf":[],"yoast_head":"<!-- This site is optimized with the Yoast SEO plugin v26.4 - https:\/\/yoast.com\/wordpress\/plugins\/seo\/ -->\n<title>ZADAR - VINJERAC, APARTMAN 141 M2, PRODAJA, PRVI RED, POGLED, KROVNA TERASA!!! - CARPE SOL IMMOBILIEN<\/title>\n<meta name=\"description\" content=\"Zadar - Vinjerac, prodaje se luksuzni trosobni apartman od 141 m2 na prvom katu stambenog objekta izgra\u0111enog 2023 godine. Apartman je projektiran u\" \/>\n<meta name=\"robots\" content=\"index, follow, max-snippet:-1, max-image-preview:large, max-video-preview:-1\" \/>\n<link rel=\"canonical\" href=\"https:\/\/carpe-sol.com\/hr\/vlasni\u0161tvo\/zadar-vinjerac-apartman-141-m2-prodaja-prvi-red-pogled-krovna-terasa\/\" \/>\n<meta property=\"og:locale\" content=\"hr_HR\" \/>\n<meta property=\"og:type\" content=\"article\" \/>\n<meta property=\"og:title\" content=\"ZADAR - VINJERAC, APARTMAN 141 M2, PRODAJA, PRVI RED, POGLED, KROVNA TERASA!!! - CARPE SOL IMMOBILIEN\" \/>\n<meta property=\"og:description\" content=\"Zadar - Vinjerac, prodaje se luksuzni trosobni apartman od 141 m2 na prvom katu stambenog objekta izgra\u0111enog 2023 godine. Apartman je projektiran u\" \/>\n<meta property=\"og:url\" content=\"https:\/\/carpe-sol.com\/hr\/vlasni\u0161tvo\/zadar-vinjerac-apartman-141-m2-prodaja-prvi-red-pogled-krovna-terasa\/\" \/>\n<meta property=\"og:site_name\" content=\"CARPE SOL IMMOBILIEN\" \/>\n<meta property=\"og:image\" content=\"https:\/\/carpe-sol.com\/wp-content\/uploads\/2025\/11\/39760-stan-vinjerac-134.85m2-novogradnja-slika-204704315-1.jpg\" \/>\n\t<meta property=\"og:image:width\" content=\"1\" \/>\n\t<meta property=\"og:image:height\" content=\"1\" \/>\n\t<meta property=\"og:image:type\" content=\"image\/jpeg\" \/>\n<meta name=\"twitter:card\" content=\"summary_large_image\" \/>\n<meta name=\"twitter:label1\" content=\"Procijenjeno vrijeme \u010ditanja\" \/>\n\t<meta name=\"twitter:data1\" content=\"1 minuta\" \/>\n<script type=\"application\/ld+json\" class=\"yoast-schema-graph\">{\"@context\":\"https:\/\/schema.org\",\"@graph\":[{\"@type\":\"WebPage\",\"@id\":\"https:\/\/carpe-sol.com\/hr\/vlasni\u0161tvo\/zadar-vinjerac-apartman-141-m2-prodaja-prvi-red-pogled-krovna-terasa\/\",\"url\":\"https:\/\/carpe-sol.com\/hr\/vlasni\u0161tvo\/zadar-vinjerac-apartman-141-m2-prodaja-prvi-red-pogled-krovna-terasa\/\",\"name\":\"ZADAR - VINJERAC, APARTMAN 141 M2, PRODAJA, PRVI RED, POGLED, KROVNA TERASA!!! - CARPE SOL IMMOBILIEN\",\"isPartOf\":{\"@id\":\"https:\/\/carpe-sol.com\/hr\/#website\"},\"primaryImageOfPage\":{\"@id\":\"https:\/\/carpe-sol.com\/hr\/vlasni\u0161tvo\/zadar-vinjerac-apartman-141-m2-prodaja-prvi-red-pogled-krovna-terasa\/#primaryimage\"},\"image\":{\"@id\":\"https:\/\/carpe-sol.com\/hr\/vlasni\u0161tvo\/zadar-vinjerac-apartman-141-m2-prodaja-prvi-red-pogled-krovna-terasa\/#primaryimage\"},\"thumbnailUrl\":\"https:\/\/carpe-sol.com\/wp-content\/uploads\/2025\/11\/39760-stan-vinjerac-134.85m2-novogradnja-slika-204704315-1.jpg\",\"datePublished\":\"2025-11-21T05:02:30+00:00\",\"description\":\"Zadar - Vinjerac, prodaje se luksuzni trosobni apartman od 141 m2 na prvom katu stambenog objekta izgra\u0111enog 2023 godine. Apartman je projektiran u\",\"breadcrumb\":{\"@id\":\"https:\/\/carpe-sol.com\/hr\/vlasni\u0161tvo\/zadar-vinjerac-apartman-141-m2-prodaja-prvi-red-pogled-krovna-terasa\/#breadcrumb\"},\"inLanguage\":\"hr\",\"potentialAction\":[{\"@type\":\"ReadAction\",\"target\":[\"https:\/\/carpe-sol.com\/hr\/vlasni\u0161tvo\/zadar-vinjerac-apartman-141-m2-prodaja-prvi-red-pogled-krovna-terasa\/\"]}]},{\"@type\":\"ImageObject\",\"inLanguage\":\"hr\",\"@id\":\"https:\/\/carpe-sol.com\/hr\/vlasni\u0161tvo\/zadar-vinjerac-apartman-141-m2-prodaja-prvi-red-pogled-krovna-terasa\/#primaryimage\",\"url\":\"https:\/\/carpe-sol.com\/wp-content\/uploads\/2025\/11\/39760-stan-vinjerac-134.85m2-novogradnja-slika-204704315-1.jpg\",\"contentUrl\":\"https:\/\/carpe-sol.com\/wp-content\/uploads\/2025\/11\/39760-stan-vinjerac-134.85m2-novogradnja-slika-204704315-1.jpg\",\"width\":1920,\"height\":1080},{\"@type\":\"BreadcrumbList\",\"@id\":\"https:\/\/carpe-sol.com\/hr\/vlasni\u0161tvo\/zadar-vinjerac-apartman-141-m2-prodaja-prvi-red-pogled-krovna-terasa\/#breadcrumb\",\"itemListElement\":[{\"@type\":\"ListItem\",\"position\":1,\"name\":\"Home\",\"item\":\"https:\/\/carpe-sol.com\/hr\/\"},{\"@type\":\"ListItem\",\"position\":2,\"name\":\"Immobilien\",\"item\":\"https:\/\/carpe-sol.com\/hr\/vlasni\u0161tvo\/\"},{\"@type\":\"ListItem\",\"position\":3,\"name\":\"ZADAR &#8211; VINJERAC, APARTMAN 141 M2, PRODAJA, PRVI RED, POGLED, KROVNA TERASA!!!\"}]},{\"@type\":\"WebSite\",\"@id\":\"https:\/\/carpe-sol.com\/hr\/#website\",\"url\":\"https:\/\/carpe-sol.com\/hr\/\",\"name\":\"CARPE SOL IMMOBILIEN\",\"description\":\"Leben in Kroatien - Immobilien in Kroatien\",\"publisher\":{\"@id\":\"https:\/\/carpe-sol.com\/hr\/#organization\"},\"potentialAction\":[{\"@type\":\"SearchAction\",\"target\":{\"@type\":\"EntryPoint\",\"urlTemplate\":\"https:\/\/carpe-sol.com\/hr\/?s={search_term_string}\"},\"query-input\":{\"@type\":\"PropertyValueSpecification\",\"valueRequired\":true,\"valueName\":\"search_term_string\"}}],\"inLanguage\":\"hr\"},{\"@type\":\"Organization\",\"@id\":\"https:\/\/carpe-sol.com\/hr\/#organization\",\"name\":\"CARPE SOL IMMOBILIEN\",\"url\":\"https:\/\/carpe-sol.com\/hr\/\",\"logo\":{\"@type\":\"ImageObject\",\"inLanguage\":\"hr\",\"@id\":\"https:\/\/carpe-sol.com\/hr\/#\/schema\/logo\/image\/\",\"url\":\"https:\/\/carpe-sol.com\/wp-content\/uploads\/2023\/04\/logo.png\",\"contentUrl\":\"https:\/\/carpe-sol.com\/wp-content\/uploads\/2023\/04\/logo.png\",\"width\":393,\"height\":72,\"caption\":\"CARPE SOL IMMOBILIEN\"},\"image\":{\"@id\":\"https:\/\/carpe-sol.com\/hr\/#\/schema\/logo\/image\/\"}}]}<\/script>\n<!-- \/ Yoast SEO plugin. -->","yoast_head_json":{"title":"ZADAR - VINJERAC, APARTMAN 141 M2, PRODAJA, PRVI RED, POGLED, KROVNA TERASA!!! - CARPE SOL IMMOBILIEN","description":"Zadar - Vinjerac, prodaje se luksuzni trosobni apartman od 141 m2 na prvom katu stambenog objekta izgra\u0111enog 2023 godine. Apartman je projektiran u","robots":{"index":"index","follow":"follow","max-snippet":"max-snippet:-1","max-image-preview":"max-image-preview:large","max-video-preview":"max-video-preview:-1"},"canonical":"https:\/\/carpe-sol.com\/hr\/vlasni\u0161tvo\/zadar-vinjerac-apartman-141-m2-prodaja-prvi-red-pogled-krovna-terasa\/","og_locale":"hr_HR","og_type":"article","og_title":"ZADAR - VINJERAC, APARTMAN 141 M2, PRODAJA, PRVI RED, POGLED, KROVNA TERASA!!! - CARPE SOL IMMOBILIEN","og_description":"Zadar - Vinjerac, prodaje se luksuzni trosobni apartman od 141 m2 na prvom katu stambenog objekta izgra\u0111enog 2023 godine. Apartman je projektiran u","og_url":"https:\/\/carpe-sol.com\/hr\/vlasni\u0161tvo\/zadar-vinjerac-apartman-141-m2-prodaja-prvi-red-pogled-krovna-terasa\/","og_site_name":"CARPE SOL IMMOBILIEN","og_image":[{"url":"https:\/\/carpe-sol.com\/wp-content\/uploads\/2025\/11\/39760-stan-vinjerac-134.85m2-novogradnja-slika-204704315-1.jpg","width":1,"height":1,"type":"image\/jpeg"}],"twitter_card":"summary_large_image","twitter_misc":{"Procijenjeno vrijeme \u010ditanja":"1 minuta"},"schema":{"@context":"https:\/\/schema.org","@graph":[{"@type":"WebPage","@id":"https:\/\/carpe-sol.com\/hr\/vlasni\u0161tvo\/zadar-vinjerac-apartman-141-m2-prodaja-prvi-red-pogled-krovna-terasa\/","url":"https:\/\/carpe-sol.com\/hr\/vlasni\u0161tvo\/zadar-vinjerac-apartman-141-m2-prodaja-prvi-red-pogled-krovna-terasa\/","name":"ZADAR - VINJERAC, APARTMAN 141 M2, PRODAJA, PRVI RED, POGLED, KROVNA TERASA!!! - CARPE SOL IMMOBILIEN","isPartOf":{"@id":"https:\/\/carpe-sol.com\/hr\/#website"},"primaryImageOfPage":{"@id":"https:\/\/carpe-sol.com\/hr\/vlasni\u0161tvo\/zadar-vinjerac-apartman-141-m2-prodaja-prvi-red-pogled-krovna-terasa\/#primaryimage"},"image":{"@id":"https:\/\/carpe-sol.com\/hr\/vlasni\u0161tvo\/zadar-vinjerac-apartman-141-m2-prodaja-prvi-red-pogled-krovna-terasa\/#primaryimage"},"thumbnailUrl":"https:\/\/carpe-sol.com\/wp-content\/uploads\/2025\/11\/39760-stan-vinjerac-134.85m2-novogradnja-slika-204704315-1.jpg","datePublished":"2025-11-21T05:02:30+00:00","description":"Zadar - Vinjerac, prodaje se luksuzni trosobni apartman od 141 m2 na prvom katu stambenog objekta izgra\u0111enog 2023 godine. Apartman je projektiran u","breadcrumb":{"@id":"https:\/\/carpe-sol.com\/hr\/vlasni\u0161tvo\/zadar-vinjerac-apartman-141-m2-prodaja-prvi-red-pogled-krovna-terasa\/#breadcrumb"},"inLanguage":"hr","potentialAction":[{"@type":"ReadAction","target":["https:\/\/carpe-sol.com\/hr\/vlasni\u0161tvo\/zadar-vinjerac-apartman-141-m2-prodaja-prvi-red-pogled-krovna-terasa\/"]}]},{"@type":"ImageObject","inLanguage":"hr","@id":"https:\/\/carpe-sol.com\/hr\/vlasni\u0161tvo\/zadar-vinjerac-apartman-141-m2-prodaja-prvi-red-pogled-krovna-terasa\/#primaryimage","url":"https:\/\/carpe-sol.com\/wp-content\/uploads\/2025\/11\/39760-stan-vinjerac-134.85m2-novogradnja-slika-204704315-1.jpg","contentUrl":"https:\/\/carpe-sol.com\/wp-content\/uploads\/2025\/11\/39760-stan-vinjerac-134.85m2-novogradnja-slika-204704315-1.jpg","width":1920,"height":1080},{"@type":"BreadcrumbList","@id":"https:\/\/carpe-sol.com\/hr\/vlasni\u0161tvo\/zadar-vinjerac-apartman-141-m2-prodaja-prvi-red-pogled-krovna-terasa\/#breadcrumb","itemListElement":[{"@type":"ListItem","position":1,"name":"Home","item":"https:\/\/carpe-sol.com\/hr\/"},{"@type":"ListItem","position":2,"name":"Immobilien","item":"https:\/\/carpe-sol.com\/hr\/vlasni\u0161tvo\/"},{"@type":"ListItem","position":3,"name":"ZADAR &#8211; VINJERAC, APARTMAN 141 M2, PRODAJA, PRVI RED, POGLED, KROVNA TERASA!!!"}]},{"@type":"WebSite","@id":"https:\/\/carpe-sol.com\/hr\/#website","url":"https:\/\/carpe-sol.com\/hr\/","name":"CARPE SOL IMMOBILIEN","description":"Leben in Kroatien - Immobilien in Kroatien","publisher":{"@id":"https:\/\/carpe-sol.com\/hr\/#organization"},"potentialAction":[{"@type":"SearchAction","target":{"@type":"EntryPoint","urlTemplate":"https:\/\/carpe-sol.com\/hr\/?s={search_term_string}"},"query-input":{"@type":"PropertyValueSpecification","valueRequired":true,"valueName":"search_term_string"}}],"inLanguage":"hr"},{"@type":"Organization","@id":"https:\/\/carpe-sol.com\/hr\/#organization","name":"CARPE SOL IMMOBILIEN","url":"https:\/\/carpe-sol.com\/hr\/","logo":{"@type":"ImageObject","inLanguage":"hr","@id":"https:\/\/carpe-sol.com\/hr\/#\/schema\/logo\/image\/","url":"https:\/\/carpe-sol.com\/wp-content\/uploads\/2023\/04\/logo.png","contentUrl":"https:\/\/carpe-sol.com\/wp-content\/uploads\/2023\/04\/logo.png","width":393,"height":72,"caption":"CARPE SOL IMMOBILIEN"},"image":{"@id":"https:\/\/carpe-sol.com\/hr\/#\/schema\/logo\/image\/"}}]}},"_links":{"self":[{"href":"https:\/\/carpe-sol.com\/hr\/wp-json\/wp\/v2\/immobilien\/597921","targetHints":{"allow":["GET"]}}],"collection":[{"href":"https:\/\/carpe-sol.com\/hr\/wp-json\/wp\/v2\/immobilien"}],"about":[{"href":"https:\/\/carpe-sol.com\/hr\/wp-json\/wp\/v2\/types\/immobilien"}],"version-history":[{"count":1,"href":"https:\/\/carpe-sol.com\/hr\/wp-json\/wp\/v2\/immobilien\/597921\/revisions"}],"predecessor-version":[{"id":638578,"href":"https:\/\/carpe-sol.com\/hr\/wp-json\/wp\/v2\/immobilien\/597921\/revisions\/638578"}],"wp:featuredmedia":[{"embeddable":true,"href":"https:\/\/carpe-sol.com\/hr\/wp-json\/wp\/v2\/media\/1024825"}],"wp:attachment":[{"href":"https:\/\/carpe-sol.com\/hr\/wp-json\/wp\/v2\/media?parent=597921"}],"wp:term":[{"taxonomy":"building_condition","embeddable":true,"href":"https:\/\/carpe-sol.com\/hr\/wp-json\/wp\/v2\/building_condition?post=597921"},{"taxonomy":"features","embeddable":true,"href":"https:\/\/carpe-sol.com\/hr\/wp-json\/wp\/v2\/features?post=597921"},{"taxonomy":"haus_typ","embeddable":true,"href":"https:\/\/carpe-sol.com\/hr\/wp-json\/wp\/v2\/haus_typ?post=597921"},{"taxonomy":"heating","embeddable":true,"href":"https:\/\/carpe-sol.com\/hr\/wp-json\/wp\/v2\/heating?post=597921"},{"taxonomy":"kategorie","embeddable":true,"href":"https:\/\/carpe-sol.com\/hr\/wp-json\/wp\/v2\/kategorie?post=597921"},{"taxonomy":"location_feature","embeddable":true,"href":"https:\/\/carpe-sol.com\/hr\/wp-json\/wp\/v2\/location_feature?post=597921"},{"taxonomy":"parking","embeddable":true,"href":"https:\/\/carpe-sol.com\/hr\/wp-json\/wp\/v2\/parking?post=597921"},{"taxonomy":"utility","embeddable":true,"href":"https:\/\/carpe-sol.com\/hr\/wp-json\/wp\/v2\/utility?post=597921"}],"curies":[{"name":"wp","href":"https:\/\/api.w.org\/{rel}","templated":true}]}}