{"id":639295,"date":"2025-11-21T07:28:25","date_gmt":"2025-11-21T05:28:25","guid":{"rendered":"https:\/\/carpe-sol.com\/immobilien\/zadar-sukosan-apartman-12080-m2-prodaja-krovna-terasa-pogled-lokacija\/"},"modified":"2025-11-21T07:28:25","modified_gmt":"2025-11-21T05:28:25","slug":"zadar-sukosan-apartman-12080-m2-prodaja-krovna-terasa-pogled-lokacija","status":"publish","type":"immobilien","link":"https:\/\/carpe-sol.com\/hr\/vlasni\u0161tvo\/zadar-sukosan-apartman-12080-m2-prodaja-krovna-terasa-pogled-lokacija\/","title":{"rendered":"ZADAR &#8211; SUKO\u0160AN, APARTMAN 120,80 M2, PRODAJA, KROVNA TERASA, POGLED, LOKACIJA!!!"},"content":{"rendered":"<p>Zadar &#8211; Suko\u0161an, prodaje se trosobni apartman od 120,80 m2 na drugom katu stambenog objekta izgra\u0111enog 2024 godine sa ukupno \u0161est apartmana, visokokvalitetna gradnja materijalima visoke energetske u\u010dinkovitosti, velike klizne staklene stijene, vrhunska stolarija, low-e troslojno staklo sa alu roletama i rolo\/plise komarnicima, ugradbeni vodokotli\u0107i\/sanitarije Grohe, itd&#8230;&#10;.&#10;Sastoji se od: tri spava\u0107e sobe, dnevnog boravka + kuhinja + blagovaona, hodnika, dvije kupaonice i terase.&#10;.&#10;IZ APARTMANA SE PRU\u017dA POGLED NA MORE!!!&#10;.&#10;Nalazi se na izvrsnoj lokaciji 60 m udaljen od mora i pla\u017ee Punta, blizina restorana, kafi\u0107a trgovine te svih ostalih sadr\u017eaja za ugodan i miran \u017eivot te odmor!!!&#10;.&#10;Posjeduje dva parkirna mjesta i krovnu terasu od 79 m2.&#10;.&#10;Dokumentacija uredna.&#10;.&#10;Planirano useljenje 06\/2025.<\/p>\n","protected":false},"author":0,"featured_media":1026915,"template":"","meta":{"_acf_changed":false,"footnotes":""},"building_condition":[140],"features":[121,122],"haus_typ":[],"heating":[129],"kategorie":[141],"location_feature":[256],"parking":[],"utility":[134,136,258,135,257],"class_list":["post-639295","immobilien","type-immobilien","status-publish","has-post-thumbnail","hentry","building_condition-novo","features-balkon","features-terasa","heating-ac","kategorie-apartment-holiday","location_feature-pogled-na-more","utility-elektricitet","utility-internet-2","utility-septicka-jama","utility-telefon","utility-voda"],"acf":[],"yoast_head":"<!-- This site is optimized with the Yoast SEO plugin v26.4 - https:\/\/yoast.com\/wordpress\/plugins\/seo\/ -->\n<title>ZADAR - SUKO\u0160AN, APARTMAN 120,80 M2, PRODAJA, KROVNA TERASA, POGLED, LOKACIJA!!! - CARPE SOL IMMOBILIEN<\/title>\n<meta name=\"description\" content=\"Zadar - Suko\u0161an, prodaje se trosobni apartman od 120,80 m2 na drugom katu stambenog objekta izgra\u0111enog 2024 godine sa ukupno \u0161est apartmana,\" \/>\n<meta name=\"robots\" content=\"index, follow, max-snippet:-1, max-image-preview:large, max-video-preview:-1\" \/>\n<link rel=\"canonical\" href=\"https:\/\/carpe-sol.com\/hr\/vlasni\u0161tvo\/zadar-sukosan-apartman-12080-m2-prodaja-krovna-terasa-pogled-lokacija\/\" \/>\n<meta property=\"og:locale\" content=\"hr_HR\" \/>\n<meta property=\"og:type\" content=\"article\" \/>\n<meta property=\"og:title\" content=\"ZADAR - SUKO\u0160AN, APARTMAN 120,80 M2, PRODAJA, KROVNA TERASA, POGLED, LOKACIJA!!! - CARPE SOL IMMOBILIEN\" \/>\n<meta property=\"og:description\" content=\"Zadar - Suko\u0161an, prodaje se trosobni apartman od 120,80 m2 na drugom katu stambenog objekta izgra\u0111enog 2024 godine sa ukupno \u0161est apartmana,\" \/>\n<meta property=\"og:url\" content=\"https:\/\/carpe-sol.com\/hr\/vlasni\u0161tvo\/zadar-sukosan-apartman-12080-m2-prodaja-krovna-terasa-pogled-lokacija\/\" \/>\n<meta property=\"og:site_name\" content=\"CARPE SOL IMMOBILIEN\" \/>\n<meta property=\"og:image\" content=\"https:\/\/carpe-sol.com\/wp-content\/uploads\/2025\/11\/39995-stan-sukosan-95.30-m2-novogradnja-slika-227938787-3.jpg\" \/>\n\t<meta property=\"og:image:width\" content=\"1\" \/>\n\t<meta property=\"og:image:height\" content=\"1\" \/>\n\t<meta property=\"og:image:type\" content=\"image\/jpeg\" \/>\n<meta name=\"twitter:card\" content=\"summary_large_image\" \/>\n<meta name=\"twitter:label1\" content=\"Procijenjeno vrijeme \u010ditanja\" \/>\n\t<meta name=\"twitter:data1\" content=\"1 minuta\" \/>\n<script type=\"application\/ld+json\" class=\"yoast-schema-graph\">{\"@context\":\"https:\/\/schema.org\",\"@graph\":[{\"@type\":\"WebPage\",\"@id\":\"https:\/\/carpe-sol.com\/hr\/vlasni\u0161tvo\/zadar-sukosan-apartman-12080-m2-prodaja-krovna-terasa-pogled-lokacija\/\",\"url\":\"https:\/\/carpe-sol.com\/hr\/vlasni\u0161tvo\/zadar-sukosan-apartman-12080-m2-prodaja-krovna-terasa-pogled-lokacija\/\",\"name\":\"ZADAR - SUKO\u0160AN, APARTMAN 120,80 M2, PRODAJA, KROVNA TERASA, POGLED, LOKACIJA!!! - CARPE SOL IMMOBILIEN\",\"isPartOf\":{\"@id\":\"https:\/\/carpe-sol.com\/hr\/#website\"},\"primaryImageOfPage\":{\"@id\":\"https:\/\/carpe-sol.com\/hr\/vlasni\u0161tvo\/zadar-sukosan-apartman-12080-m2-prodaja-krovna-terasa-pogled-lokacija\/#primaryimage\"},\"image\":{\"@id\":\"https:\/\/carpe-sol.com\/hr\/vlasni\u0161tvo\/zadar-sukosan-apartman-12080-m2-prodaja-krovna-terasa-pogled-lokacija\/#primaryimage\"},\"thumbnailUrl\":\"https:\/\/carpe-sol.com\/wp-content\/uploads\/2025\/11\/39995-stan-sukosan-95.30-m2-novogradnja-slika-227938787-3.jpg\",\"datePublished\":\"2025-11-21T05:28:25+00:00\",\"description\":\"Zadar - Suko\u0161an, prodaje se trosobni apartman od 120,80 m2 na drugom katu stambenog objekta izgra\u0111enog 2024 godine sa ukupno \u0161est apartmana,\",\"breadcrumb\":{\"@id\":\"https:\/\/carpe-sol.com\/hr\/vlasni\u0161tvo\/zadar-sukosan-apartman-12080-m2-prodaja-krovna-terasa-pogled-lokacija\/#breadcrumb\"},\"inLanguage\":\"hr\",\"potentialAction\":[{\"@type\":\"ReadAction\",\"target\":[\"https:\/\/carpe-sol.com\/hr\/vlasni\u0161tvo\/zadar-sukosan-apartman-12080-m2-prodaja-krovna-terasa-pogled-lokacija\/\"]}]},{\"@type\":\"ImageObject\",\"inLanguage\":\"hr\",\"@id\":\"https:\/\/carpe-sol.com\/hr\/vlasni\u0161tvo\/zadar-sukosan-apartman-12080-m2-prodaja-krovna-terasa-pogled-lokacija\/#primaryimage\",\"url\":\"https:\/\/carpe-sol.com\/wp-content\/uploads\/2025\/11\/39995-stan-sukosan-95.30-m2-novogradnja-slika-227938787-3.jpg\",\"contentUrl\":\"https:\/\/carpe-sol.com\/wp-content\/uploads\/2025\/11\/39995-stan-sukosan-95.30-m2-novogradnja-slika-227938787-3.jpg\",\"width\":1429,\"height\":1080},{\"@type\":\"BreadcrumbList\",\"@id\":\"https:\/\/carpe-sol.com\/hr\/vlasni\u0161tvo\/zadar-sukosan-apartman-12080-m2-prodaja-krovna-terasa-pogled-lokacija\/#breadcrumb\",\"itemListElement\":[{\"@type\":\"ListItem\",\"position\":1,\"name\":\"Home\",\"item\":\"https:\/\/carpe-sol.com\/hr\/\"},{\"@type\":\"ListItem\",\"position\":2,\"name\":\"Immobilien\",\"item\":\"https:\/\/carpe-sol.com\/hr\/vlasni\u0161tvo\/\"},{\"@type\":\"ListItem\",\"position\":3,\"name\":\"ZADAR &#8211; SUKO\u0160AN, APARTMAN 120,80 M2, PRODAJA, KROVNA TERASA, POGLED, LOKACIJA!!!\"}]},{\"@type\":\"WebSite\",\"@id\":\"https:\/\/carpe-sol.com\/hr\/#website\",\"url\":\"https:\/\/carpe-sol.com\/hr\/\",\"name\":\"CARPE SOL IMMOBILIEN\",\"description\":\"Leben in Kroatien - Immobilien in Kroatien\",\"publisher\":{\"@id\":\"https:\/\/carpe-sol.com\/hr\/#organization\"},\"potentialAction\":[{\"@type\":\"SearchAction\",\"target\":{\"@type\":\"EntryPoint\",\"urlTemplate\":\"https:\/\/carpe-sol.com\/hr\/?s={search_term_string}\"},\"query-input\":{\"@type\":\"PropertyValueSpecification\",\"valueRequired\":true,\"valueName\":\"search_term_string\"}}],\"inLanguage\":\"hr\"},{\"@type\":\"Organization\",\"@id\":\"https:\/\/carpe-sol.com\/hr\/#organization\",\"name\":\"CARPE SOL IMMOBILIEN\",\"url\":\"https:\/\/carpe-sol.com\/hr\/\",\"logo\":{\"@type\":\"ImageObject\",\"inLanguage\":\"hr\",\"@id\":\"https:\/\/carpe-sol.com\/hr\/#\/schema\/logo\/image\/\",\"url\":\"https:\/\/carpe-sol.com\/wp-content\/uploads\/2023\/04\/logo.png\",\"contentUrl\":\"https:\/\/carpe-sol.com\/wp-content\/uploads\/2023\/04\/logo.png\",\"width\":393,\"height\":72,\"caption\":\"CARPE SOL IMMOBILIEN\"},\"image\":{\"@id\":\"https:\/\/carpe-sol.com\/hr\/#\/schema\/logo\/image\/\"}}]}<\/script>\n<!-- \/ Yoast SEO plugin. -->","yoast_head_json":{"title":"ZADAR - SUKO\u0160AN, APARTMAN 120,80 M2, PRODAJA, KROVNA TERASA, POGLED, LOKACIJA!!! - CARPE SOL IMMOBILIEN","description":"Zadar - Suko\u0161an, prodaje se trosobni apartman od 120,80 m2 na drugom katu stambenog objekta izgra\u0111enog 2024 godine sa ukupno \u0161est apartmana,","robots":{"index":"index","follow":"follow","max-snippet":"max-snippet:-1","max-image-preview":"max-image-preview:large","max-video-preview":"max-video-preview:-1"},"canonical":"https:\/\/carpe-sol.com\/hr\/vlasni\u0161tvo\/zadar-sukosan-apartman-12080-m2-prodaja-krovna-terasa-pogled-lokacija\/","og_locale":"hr_HR","og_type":"article","og_title":"ZADAR - SUKO\u0160AN, APARTMAN 120,80 M2, PRODAJA, KROVNA TERASA, POGLED, LOKACIJA!!! - CARPE SOL IMMOBILIEN","og_description":"Zadar - Suko\u0161an, prodaje se trosobni apartman od 120,80 m2 na drugom katu stambenog objekta izgra\u0111enog 2024 godine sa ukupno \u0161est apartmana,","og_url":"https:\/\/carpe-sol.com\/hr\/vlasni\u0161tvo\/zadar-sukosan-apartman-12080-m2-prodaja-krovna-terasa-pogled-lokacija\/","og_site_name":"CARPE SOL IMMOBILIEN","og_image":[{"url":"https:\/\/carpe-sol.com\/wp-content\/uploads\/2025\/11\/39995-stan-sukosan-95.30-m2-novogradnja-slika-227938787-3.jpg","width":1,"height":1,"type":"image\/jpeg"}],"twitter_card":"summary_large_image","twitter_misc":{"Procijenjeno vrijeme \u010ditanja":"1 minuta"},"schema":{"@context":"https:\/\/schema.org","@graph":[{"@type":"WebPage","@id":"https:\/\/carpe-sol.com\/hr\/vlasni\u0161tvo\/zadar-sukosan-apartman-12080-m2-prodaja-krovna-terasa-pogled-lokacija\/","url":"https:\/\/carpe-sol.com\/hr\/vlasni\u0161tvo\/zadar-sukosan-apartman-12080-m2-prodaja-krovna-terasa-pogled-lokacija\/","name":"ZADAR - SUKO\u0160AN, APARTMAN 120,80 M2, PRODAJA, KROVNA TERASA, POGLED, LOKACIJA!!! - CARPE SOL IMMOBILIEN","isPartOf":{"@id":"https:\/\/carpe-sol.com\/hr\/#website"},"primaryImageOfPage":{"@id":"https:\/\/carpe-sol.com\/hr\/vlasni\u0161tvo\/zadar-sukosan-apartman-12080-m2-prodaja-krovna-terasa-pogled-lokacija\/#primaryimage"},"image":{"@id":"https:\/\/carpe-sol.com\/hr\/vlasni\u0161tvo\/zadar-sukosan-apartman-12080-m2-prodaja-krovna-terasa-pogled-lokacija\/#primaryimage"},"thumbnailUrl":"https:\/\/carpe-sol.com\/wp-content\/uploads\/2025\/11\/39995-stan-sukosan-95.30-m2-novogradnja-slika-227938787-3.jpg","datePublished":"2025-11-21T05:28:25+00:00","description":"Zadar - Suko\u0161an, prodaje se trosobni apartman od 120,80 m2 na drugom katu stambenog objekta izgra\u0111enog 2024 godine sa ukupno \u0161est apartmana,","breadcrumb":{"@id":"https:\/\/carpe-sol.com\/hr\/vlasni\u0161tvo\/zadar-sukosan-apartman-12080-m2-prodaja-krovna-terasa-pogled-lokacija\/#breadcrumb"},"inLanguage":"hr","potentialAction":[{"@type":"ReadAction","target":["https:\/\/carpe-sol.com\/hr\/vlasni\u0161tvo\/zadar-sukosan-apartman-12080-m2-prodaja-krovna-terasa-pogled-lokacija\/"]}]},{"@type":"ImageObject","inLanguage":"hr","@id":"https:\/\/carpe-sol.com\/hr\/vlasni\u0161tvo\/zadar-sukosan-apartman-12080-m2-prodaja-krovna-terasa-pogled-lokacija\/#primaryimage","url":"https:\/\/carpe-sol.com\/wp-content\/uploads\/2025\/11\/39995-stan-sukosan-95.30-m2-novogradnja-slika-227938787-3.jpg","contentUrl":"https:\/\/carpe-sol.com\/wp-content\/uploads\/2025\/11\/39995-stan-sukosan-95.30-m2-novogradnja-slika-227938787-3.jpg","width":1429,"height":1080},{"@type":"BreadcrumbList","@id":"https:\/\/carpe-sol.com\/hr\/vlasni\u0161tvo\/zadar-sukosan-apartman-12080-m2-prodaja-krovna-terasa-pogled-lokacija\/#breadcrumb","itemListElement":[{"@type":"ListItem","position":1,"name":"Home","item":"https:\/\/carpe-sol.com\/hr\/"},{"@type":"ListItem","position":2,"name":"Immobilien","item":"https:\/\/carpe-sol.com\/hr\/vlasni\u0161tvo\/"},{"@type":"ListItem","position":3,"name":"ZADAR &#8211; SUKO\u0160AN, APARTMAN 120,80 M2, PRODAJA, KROVNA TERASA, POGLED, LOKACIJA!!!"}]},{"@type":"WebSite","@id":"https:\/\/carpe-sol.com\/hr\/#website","url":"https:\/\/carpe-sol.com\/hr\/","name":"CARPE SOL IMMOBILIEN","description":"Leben in Kroatien - Immobilien in Kroatien","publisher":{"@id":"https:\/\/carpe-sol.com\/hr\/#organization"},"potentialAction":[{"@type":"SearchAction","target":{"@type":"EntryPoint","urlTemplate":"https:\/\/carpe-sol.com\/hr\/?s={search_term_string}"},"query-input":{"@type":"PropertyValueSpecification","valueRequired":true,"valueName":"search_term_string"}}],"inLanguage":"hr"},{"@type":"Organization","@id":"https:\/\/carpe-sol.com\/hr\/#organization","name":"CARPE SOL IMMOBILIEN","url":"https:\/\/carpe-sol.com\/hr\/","logo":{"@type":"ImageObject","inLanguage":"hr","@id":"https:\/\/carpe-sol.com\/hr\/#\/schema\/logo\/image\/","url":"https:\/\/carpe-sol.com\/wp-content\/uploads\/2023\/04\/logo.png","contentUrl":"https:\/\/carpe-sol.com\/wp-content\/uploads\/2023\/04\/logo.png","width":393,"height":72,"caption":"CARPE SOL IMMOBILIEN"},"image":{"@id":"https:\/\/carpe-sol.com\/hr\/#\/schema\/logo\/image\/"}}]}},"_links":{"self":[{"href":"https:\/\/carpe-sol.com\/hr\/wp-json\/wp\/v2\/immobilien\/639295","targetHints":{"allow":["GET"]}}],"collection":[{"href":"https:\/\/carpe-sol.com\/hr\/wp-json\/wp\/v2\/immobilien"}],"about":[{"href":"https:\/\/carpe-sol.com\/hr\/wp-json\/wp\/v2\/types\/immobilien"}],"version-history":[{"count":1,"href":"https:\/\/carpe-sol.com\/hr\/wp-json\/wp\/v2\/immobilien\/639295\/revisions"}],"predecessor-version":[{"id":641759,"href":"https:\/\/carpe-sol.com\/hr\/wp-json\/wp\/v2\/immobilien\/639295\/revisions\/641759"}],"wp:featuredmedia":[{"embeddable":true,"href":"https:\/\/carpe-sol.com\/hr\/wp-json\/wp\/v2\/media\/1026915"}],"wp:attachment":[{"href":"https:\/\/carpe-sol.com\/hr\/wp-json\/wp\/v2\/media?parent=639295"}],"wp:term":[{"taxonomy":"building_condition","embeddable":true,"href":"https:\/\/carpe-sol.com\/hr\/wp-json\/wp\/v2\/building_condition?post=639295"},{"taxonomy":"features","embeddable":true,"href":"https:\/\/carpe-sol.com\/hr\/wp-json\/wp\/v2\/features?post=639295"},{"taxonomy":"haus_typ","embeddable":true,"href":"https:\/\/carpe-sol.com\/hr\/wp-json\/wp\/v2\/haus_typ?post=639295"},{"taxonomy":"heating","embeddable":true,"href":"https:\/\/carpe-sol.com\/hr\/wp-json\/wp\/v2\/heating?post=639295"},{"taxonomy":"kategorie","embeddable":true,"href":"https:\/\/carpe-sol.com\/hr\/wp-json\/wp\/v2\/kategorie?post=639295"},{"taxonomy":"location_feature","embeddable":true,"href":"https:\/\/carpe-sol.com\/hr\/wp-json\/wp\/v2\/location_feature?post=639295"},{"taxonomy":"parking","embeddable":true,"href":"https:\/\/carpe-sol.com\/hr\/wp-json\/wp\/v2\/parking?post=639295"},{"taxonomy":"utility","embeddable":true,"href":"https:\/\/carpe-sol.com\/hr\/wp-json\/wp\/v2\/utility?post=639295"}],"curies":[{"name":"wp","href":"https:\/\/api.w.org\/{rel}","templated":true}]}}