{"id":981159,"date":"2025-11-21T09:56:03","date_gmt":"2025-11-21T07:56:03","guid":{"rendered":"https:\/\/carpe-sol.com\/immobilien\/pag-povljana-apartman-6216-m2-prodaja-pogled-novo-lokacija-2\/"},"modified":"2025-11-21T09:56:21","modified_gmt":"2025-11-21T07:56:21","slug":"pag-povljana-apartman-6216-m2-prodaja-pogled-novo-lokacija-2","status":"publish","type":"immobilien","link":"https:\/\/carpe-sol.com\/hr\/vlasni\u0161tvo\/pag-povljana-apartman-6216-m2-prodaja-pogled-novo-lokacija-2\/","title":{"rendered":"PAG &#8211; POVLJANA, APARTMAN 62,16 M2, PRODAJA, POGLED, NOVO, LOKACIJA!!!"},"content":{"rendered":"<p>Pag &#8211; Povljana, prodaje se dvosobni apartman od 62,16 m2 na drugom katu stambenog objekta sa ukupno \u0161est apartmana u izgradnji, planirano useljenje 12\/2026.&#10;&#10;  Vrhunska novogradnja kori\u0161teni su samo najkvalitetniji materijali &#8211; osnovni konstruktivni sistem gra\u0111evine je  armiranobetonski, zidovi od Porotherm profi cigle, prvoklasna talijanska keramika, prvoklasne Hansgrohe sanitarije, TECE tu\u0161 kanalice, Tu\u0161 staklene stijene sa vratima ra\u0111ene po mjeri, PVC ISO stolarija sa roletama na elektro pogon i komarnici s mre\u017eama za za\u0161titu od komaraca i insekata. Aluplast stolarija, elektropodiza\u010di roleta, komarnici protiv komaraca, 4S stakla (4S = Four seasons stakla, \u010detiri godi\u0161nja doba &#8211; reguliraju propu\u0161tanje topline ovisno o godi\u0161njem dobu, odnosno vanjskoj temperaturi, ljeti umanjuju zagrijavanje poja\u010danom refleksijom sun\u010devih zraka, zimi  dopu\u0161taju grijanje sun\u010devim zrakama, te osiguravaju poja\u010danu izolaciju i spre\u010davaju kondenzaciju, osiguravaju ni\u017ee tro\u0161kove za grijanje i klimatizaciju), velike ostakljene povr\u0161ine, ograde terasa su kombinacija pune i staklene ograde, videoportafon, satelitska teleizija, svi prostori imaju odgovaraju\u0107u toplinsku i hidroizolaciju, izolaciju od buke, zvu\u010dna izolacija me\u0111ukatne konstrukcije, stubi\u0161te oblo\u017eeno granitom, granitne klup\u010dice na prozorima, podno grijanje dnevnih boravaka i kupaona \u2013 ugra\u0111en modul za Wi-Fi \u2013  upravljanje podnim grijanjem i aplikacijom na mobitelu, Ariston dizajnerski bojleri od 80 l &#8211; ugra\u0111en modul za Wi-Fi \u2013 upravljanje bojlerom i aplikacijom na mobitelu, klima ure\u0111aji za grijanje i hla\u0111enje u svakoj spava\u0107oj sobi i dnevnom boravku &#8211;  ugra\u0111en modul za Wi-Fi \u2013 upravljanje klima ure\u0111ajima i aplikacijom na mobitelu, Dierre protuprovalna i protupo\u017earna ulazna vrata u stanove (postoji mogu\u0107nost ugradnje modula za upravljanja vratima pomo\u0107u Wi-Fi-a), sobna vrata sa skrivenim pantima i magnetskim bravama, itd&#8230;&#10;&#10;  Sastoji se od: dvije spava\u0107e sobe, dnevnog boravka + kuhinja + blagovaona, kupaonice i terase.&#10;&#10;  IZ APARTMANA SE PRU\u017dA POGLED NA MORE!!!&#10;&#10;  Nalazi se na dobroj lokaciji 500 m udaljen od mora i pla\u017ee Sv. Nikola, 120 m od centra mjesta, blizina trgovine, kafi\u0107a, restorana, te svih ostalih sadr\u017eaja potrebnih za ugodan i miran odmor!!!&#10;&#10;  Posjeduje parkirno mjesto (opremljeno pripremom instalacije za punjenje elektri\u010dnih automobila).&#10;&#10;  Dokumentacija uredna.&#10;&#10;  Tlocrt gledati stan S5.&#10;&#10;   &#10;&#10;<\/p>\n","protected":false},"author":0,"featured_media":1042581,"template":"","meta":{"_acf_changed":false,"footnotes":""},"building_condition":[140],"features":[121],"haus_typ":[],"heating":[129,212],"kategorie":[141],"location_feature":[256],"parking":[],"utility":[134,258,257],"class_list":["post-981159","immobilien","type-immobilien","status-publish","has-post-thumbnail","hentry","building_condition-novo","features-balkon","heating-ac","heating-floor","kategorie-apartment-holiday","location_feature-pogled-na-more","utility-elektricitet","utility-septicka-jama","utility-voda"],"acf":[],"yoast_head":"<!-- This site is optimized with the Yoast SEO plugin v26.4 - https:\/\/yoast.com\/wordpress\/plugins\/seo\/ -->\n<title>PAG - POVLJANA, APARTMAN 62,16 M2, PRODAJA, POGLED, NOVO, LOKACIJA!!! - CARPE SOL IMMOBILIEN<\/title>\n<meta name=\"description\" content=\"Pag - Povljana, prodaje se dvosobni apartman od 62,16 m2 na drugom katu stambenog objekta sa ukupno \u0161est apartmana u izgradnji, planirano useljenje\" \/>\n<meta name=\"robots\" content=\"index, follow, max-snippet:-1, max-image-preview:large, max-video-preview:-1\" \/>\n<link rel=\"canonical\" href=\"https:\/\/carpe-sol.com\/hr\/vlasni\u0161tvo\/pag-povljana-apartman-6216-m2-prodaja-pogled-novo-lokacija-2\/\" \/>\n<meta property=\"og:locale\" content=\"hr_HR\" \/>\n<meta property=\"og:type\" content=\"article\" \/>\n<meta property=\"og:title\" content=\"PAG - POVLJANA, APARTMAN 62,16 M2, PRODAJA, POGLED, NOVO, LOKACIJA!!! - CARPE SOL IMMOBILIEN\" \/>\n<meta property=\"og:description\" content=\"Pag - Povljana, prodaje se dvosobni apartman od 62,16 m2 na drugom katu stambenog objekta sa ukupno \u0161est apartmana u izgradnji, planirano useljenje\" \/>\n<meta property=\"og:url\" content=\"https:\/\/carpe-sol.com\/hr\/vlasni\u0161tvo\/pag-povljana-apartman-6216-m2-prodaja-pogled-novo-lokacija-2\/\" \/>\n<meta property=\"og:site_name\" content=\"CARPE SOL IMMOBILIEN\" \/>\n<meta property=\"article:modified_time\" content=\"2025-11-21T07:56:21+00:00\" \/>\n<meta property=\"og:image\" content=\"https:\/\/carpe-sol.com\/wp-content\/uploads\/2025\/11\/renato-sabljic-glavni-projekt-zgrada-1-picture2xjveunj2-1024x76868d50e74b510d68d50fda8dd6568d51ada__68d51b7d54b01-1.png\" \/>\n\t<meta property=\"og:image:width\" content=\"1\" \/>\n\t<meta property=\"og:image:height\" content=\"1\" \/>\n\t<meta property=\"og:image:type\" content=\"image\/png\" \/>\n<meta name=\"twitter:card\" content=\"summary_large_image\" \/>\n<meta name=\"twitter:label1\" content=\"Procijenjeno vrijeme \u010ditanja\" \/>\n\t<meta name=\"twitter:data1\" content=\"2 minute\" \/>\n<script type=\"application\/ld+json\" class=\"yoast-schema-graph\">{\"@context\":\"https:\/\/schema.org\",\"@graph\":[{\"@type\":\"WebPage\",\"@id\":\"https:\/\/carpe-sol.com\/hr\/vlasni\u0161tvo\/pag-povljana-apartman-6216-m2-prodaja-pogled-novo-lokacija-2\/\",\"url\":\"https:\/\/carpe-sol.com\/hr\/vlasni\u0161tvo\/pag-povljana-apartman-6216-m2-prodaja-pogled-novo-lokacija-2\/\",\"name\":\"PAG - POVLJANA, APARTMAN 62,16 M2, PRODAJA, POGLED, NOVO, LOKACIJA!!! - CARPE SOL IMMOBILIEN\",\"isPartOf\":{\"@id\":\"https:\/\/carpe-sol.com\/hr\/#website\"},\"primaryImageOfPage\":{\"@id\":\"https:\/\/carpe-sol.com\/hr\/vlasni\u0161tvo\/pag-povljana-apartman-6216-m2-prodaja-pogled-novo-lokacija-2\/#primaryimage\"},\"image\":{\"@id\":\"https:\/\/carpe-sol.com\/hr\/vlasni\u0161tvo\/pag-povljana-apartman-6216-m2-prodaja-pogled-novo-lokacija-2\/#primaryimage\"},\"thumbnailUrl\":\"https:\/\/carpe-sol.com\/wp-content\/uploads\/2025\/11\/renato-sabljic-glavni-projekt-zgrada-1-picture2xjveunj2-1024x76868d50e74b510d68d50fda8dd6568d51ada__68d51b7d54b01-1.png\",\"datePublished\":\"2025-11-21T07:56:03+00:00\",\"dateModified\":\"2025-11-21T07:56:21+00:00\",\"description\":\"Pag - Povljana, prodaje se dvosobni apartman od 62,16 m2 na drugom katu stambenog objekta sa ukupno \u0161est apartmana u izgradnji, planirano useljenje\",\"breadcrumb\":{\"@id\":\"https:\/\/carpe-sol.com\/hr\/vlasni\u0161tvo\/pag-povljana-apartman-6216-m2-prodaja-pogled-novo-lokacija-2\/#breadcrumb\"},\"inLanguage\":\"hr\",\"potentialAction\":[{\"@type\":\"ReadAction\",\"target\":[\"https:\/\/carpe-sol.com\/hr\/vlasni\u0161tvo\/pag-povljana-apartman-6216-m2-prodaja-pogled-novo-lokacija-2\/\"]}]},{\"@type\":\"ImageObject\",\"inLanguage\":\"hr\",\"@id\":\"https:\/\/carpe-sol.com\/hr\/vlasni\u0161tvo\/pag-povljana-apartman-6216-m2-prodaja-pogled-novo-lokacija-2\/#primaryimage\",\"url\":\"https:\/\/carpe-sol.com\/wp-content\/uploads\/2025\/11\/renato-sabljic-glavni-projekt-zgrada-1-picture2xjveunj2-1024x76868d50e74b510d68d50fda8dd6568d51ada__68d51b7d54b01-1.png\",\"contentUrl\":\"https:\/\/carpe-sol.com\/wp-content\/uploads\/2025\/11\/renato-sabljic-glavni-projekt-zgrada-1-picture2xjveunj2-1024x76868d50e74b510d68d50fda8dd6568d51ada__68d51b7d54b01-1.png\",\"width\":1024,\"height\":768},{\"@type\":\"BreadcrumbList\",\"@id\":\"https:\/\/carpe-sol.com\/hr\/vlasni\u0161tvo\/pag-povljana-apartman-6216-m2-prodaja-pogled-novo-lokacija-2\/#breadcrumb\",\"itemListElement\":[{\"@type\":\"ListItem\",\"position\":1,\"name\":\"Home\",\"item\":\"https:\/\/carpe-sol.com\/hr\/\"},{\"@type\":\"ListItem\",\"position\":2,\"name\":\"Immobilien\",\"item\":\"https:\/\/carpe-sol.com\/hr\/vlasni\u0161tvo\/\"},{\"@type\":\"ListItem\",\"position\":3,\"name\":\"PAG &#8211; POVLJANA, APARTMAN 62,16 M2, PRODAJA, POGLED, NOVO, LOKACIJA!!!\"}]},{\"@type\":\"WebSite\",\"@id\":\"https:\/\/carpe-sol.com\/hr\/#website\",\"url\":\"https:\/\/carpe-sol.com\/hr\/\",\"name\":\"CARPE SOL IMMOBILIEN\",\"description\":\"Leben in Kroatien - Immobilien in Kroatien\",\"publisher\":{\"@id\":\"https:\/\/carpe-sol.com\/hr\/#organization\"},\"potentialAction\":[{\"@type\":\"SearchAction\",\"target\":{\"@type\":\"EntryPoint\",\"urlTemplate\":\"https:\/\/carpe-sol.com\/hr\/?s={search_term_string}\"},\"query-input\":{\"@type\":\"PropertyValueSpecification\",\"valueRequired\":true,\"valueName\":\"search_term_string\"}}],\"inLanguage\":\"hr\"},{\"@type\":\"Organization\",\"@id\":\"https:\/\/carpe-sol.com\/hr\/#organization\",\"name\":\"CARPE SOL IMMOBILIEN\",\"url\":\"https:\/\/carpe-sol.com\/hr\/\",\"logo\":{\"@type\":\"ImageObject\",\"inLanguage\":\"hr\",\"@id\":\"https:\/\/carpe-sol.com\/hr\/#\/schema\/logo\/image\/\",\"url\":\"https:\/\/carpe-sol.com\/wp-content\/uploads\/2023\/04\/logo.png\",\"contentUrl\":\"https:\/\/carpe-sol.com\/wp-content\/uploads\/2023\/04\/logo.png\",\"width\":393,\"height\":72,\"caption\":\"CARPE SOL IMMOBILIEN\"},\"image\":{\"@id\":\"https:\/\/carpe-sol.com\/hr\/#\/schema\/logo\/image\/\"}}]}<\/script>\n<!-- \/ Yoast SEO plugin. -->","yoast_head_json":{"title":"PAG - POVLJANA, APARTMAN 62,16 M2, PRODAJA, POGLED, NOVO, LOKACIJA!!! - CARPE SOL IMMOBILIEN","description":"Pag - Povljana, prodaje se dvosobni apartman od 62,16 m2 na drugom katu stambenog objekta sa ukupno \u0161est apartmana u izgradnji, planirano useljenje","robots":{"index":"index","follow":"follow","max-snippet":"max-snippet:-1","max-image-preview":"max-image-preview:large","max-video-preview":"max-video-preview:-1"},"canonical":"https:\/\/carpe-sol.com\/hr\/vlasni\u0161tvo\/pag-povljana-apartman-6216-m2-prodaja-pogled-novo-lokacija-2\/","og_locale":"hr_HR","og_type":"article","og_title":"PAG - POVLJANA, APARTMAN 62,16 M2, PRODAJA, POGLED, NOVO, LOKACIJA!!! - CARPE SOL IMMOBILIEN","og_description":"Pag - Povljana, prodaje se dvosobni apartman od 62,16 m2 na drugom katu stambenog objekta sa ukupno \u0161est apartmana u izgradnji, planirano useljenje","og_url":"https:\/\/carpe-sol.com\/hr\/vlasni\u0161tvo\/pag-povljana-apartman-6216-m2-prodaja-pogled-novo-lokacija-2\/","og_site_name":"CARPE SOL IMMOBILIEN","article_modified_time":"2025-11-21T07:56:21+00:00","og_image":[{"url":"https:\/\/carpe-sol.com\/wp-content\/uploads\/2025\/11\/renato-sabljic-glavni-projekt-zgrada-1-picture2xjveunj2-1024x76868d50e74b510d68d50fda8dd6568d51ada__68d51b7d54b01-1.png","width":1,"height":1,"type":"image\/png"}],"twitter_card":"summary_large_image","twitter_misc":{"Procijenjeno vrijeme \u010ditanja":"2 minute"},"schema":{"@context":"https:\/\/schema.org","@graph":[{"@type":"WebPage","@id":"https:\/\/carpe-sol.com\/hr\/vlasni\u0161tvo\/pag-povljana-apartman-6216-m2-prodaja-pogled-novo-lokacija-2\/","url":"https:\/\/carpe-sol.com\/hr\/vlasni\u0161tvo\/pag-povljana-apartman-6216-m2-prodaja-pogled-novo-lokacija-2\/","name":"PAG - POVLJANA, APARTMAN 62,16 M2, PRODAJA, POGLED, NOVO, LOKACIJA!!! - CARPE SOL IMMOBILIEN","isPartOf":{"@id":"https:\/\/carpe-sol.com\/hr\/#website"},"primaryImageOfPage":{"@id":"https:\/\/carpe-sol.com\/hr\/vlasni\u0161tvo\/pag-povljana-apartman-6216-m2-prodaja-pogled-novo-lokacija-2\/#primaryimage"},"image":{"@id":"https:\/\/carpe-sol.com\/hr\/vlasni\u0161tvo\/pag-povljana-apartman-6216-m2-prodaja-pogled-novo-lokacija-2\/#primaryimage"},"thumbnailUrl":"https:\/\/carpe-sol.com\/wp-content\/uploads\/2025\/11\/renato-sabljic-glavni-projekt-zgrada-1-picture2xjveunj2-1024x76868d50e74b510d68d50fda8dd6568d51ada__68d51b7d54b01-1.png","datePublished":"2025-11-21T07:56:03+00:00","dateModified":"2025-11-21T07:56:21+00:00","description":"Pag - Povljana, prodaje se dvosobni apartman od 62,16 m2 na drugom katu stambenog objekta sa ukupno \u0161est apartmana u izgradnji, planirano useljenje","breadcrumb":{"@id":"https:\/\/carpe-sol.com\/hr\/vlasni\u0161tvo\/pag-povljana-apartman-6216-m2-prodaja-pogled-novo-lokacija-2\/#breadcrumb"},"inLanguage":"hr","potentialAction":[{"@type":"ReadAction","target":["https:\/\/carpe-sol.com\/hr\/vlasni\u0161tvo\/pag-povljana-apartman-6216-m2-prodaja-pogled-novo-lokacija-2\/"]}]},{"@type":"ImageObject","inLanguage":"hr","@id":"https:\/\/carpe-sol.com\/hr\/vlasni\u0161tvo\/pag-povljana-apartman-6216-m2-prodaja-pogled-novo-lokacija-2\/#primaryimage","url":"https:\/\/carpe-sol.com\/wp-content\/uploads\/2025\/11\/renato-sabljic-glavni-projekt-zgrada-1-picture2xjveunj2-1024x76868d50e74b510d68d50fda8dd6568d51ada__68d51b7d54b01-1.png","contentUrl":"https:\/\/carpe-sol.com\/wp-content\/uploads\/2025\/11\/renato-sabljic-glavni-projekt-zgrada-1-picture2xjveunj2-1024x76868d50e74b510d68d50fda8dd6568d51ada__68d51b7d54b01-1.png","width":1024,"height":768},{"@type":"BreadcrumbList","@id":"https:\/\/carpe-sol.com\/hr\/vlasni\u0161tvo\/pag-povljana-apartman-6216-m2-prodaja-pogled-novo-lokacija-2\/#breadcrumb","itemListElement":[{"@type":"ListItem","position":1,"name":"Home","item":"https:\/\/carpe-sol.com\/hr\/"},{"@type":"ListItem","position":2,"name":"Immobilien","item":"https:\/\/carpe-sol.com\/hr\/vlasni\u0161tvo\/"},{"@type":"ListItem","position":3,"name":"PAG &#8211; POVLJANA, APARTMAN 62,16 M2, PRODAJA, POGLED, NOVO, LOKACIJA!!!"}]},{"@type":"WebSite","@id":"https:\/\/carpe-sol.com\/hr\/#website","url":"https:\/\/carpe-sol.com\/hr\/","name":"CARPE SOL IMMOBILIEN","description":"Leben in Kroatien - Immobilien in Kroatien","publisher":{"@id":"https:\/\/carpe-sol.com\/hr\/#organization"},"potentialAction":[{"@type":"SearchAction","target":{"@type":"EntryPoint","urlTemplate":"https:\/\/carpe-sol.com\/hr\/?s={search_term_string}"},"query-input":{"@type":"PropertyValueSpecification","valueRequired":true,"valueName":"search_term_string"}}],"inLanguage":"hr"},{"@type":"Organization","@id":"https:\/\/carpe-sol.com\/hr\/#organization","name":"CARPE SOL IMMOBILIEN","url":"https:\/\/carpe-sol.com\/hr\/","logo":{"@type":"ImageObject","inLanguage":"hr","@id":"https:\/\/carpe-sol.com\/hr\/#\/schema\/logo\/image\/","url":"https:\/\/carpe-sol.com\/wp-content\/uploads\/2023\/04\/logo.png","contentUrl":"https:\/\/carpe-sol.com\/wp-content\/uploads\/2023\/04\/logo.png","width":393,"height":72,"caption":"CARPE SOL IMMOBILIEN"},"image":{"@id":"https:\/\/carpe-sol.com\/hr\/#\/schema\/logo\/image\/"}}]}},"_links":{"self":[{"href":"https:\/\/carpe-sol.com\/hr\/wp-json\/wp\/v2\/immobilien\/981159","targetHints":{"allow":["GET"]}}],"collection":[{"href":"https:\/\/carpe-sol.com\/hr\/wp-json\/wp\/v2\/immobilien"}],"about":[{"href":"https:\/\/carpe-sol.com\/hr\/wp-json\/wp\/v2\/types\/immobilien"}],"version-history":[{"count":1,"href":"https:\/\/carpe-sol.com\/hr\/wp-json\/wp\/v2\/immobilien\/981159\/revisions"}],"predecessor-version":[{"id":1042562,"href":"https:\/\/carpe-sol.com\/hr\/wp-json\/wp\/v2\/immobilien\/981159\/revisions\/1042562"}],"wp:featuredmedia":[{"embeddable":true,"href":"https:\/\/carpe-sol.com\/hr\/wp-json\/wp\/v2\/media\/1042581"}],"wp:attachment":[{"href":"https:\/\/carpe-sol.com\/hr\/wp-json\/wp\/v2\/media?parent=981159"}],"wp:term":[{"taxonomy":"building_condition","embeddable":true,"href":"https:\/\/carpe-sol.com\/hr\/wp-json\/wp\/v2\/building_condition?post=981159"},{"taxonomy":"features","embeddable":true,"href":"https:\/\/carpe-sol.com\/hr\/wp-json\/wp\/v2\/features?post=981159"},{"taxonomy":"haus_typ","embeddable":true,"href":"https:\/\/carpe-sol.com\/hr\/wp-json\/wp\/v2\/haus_typ?post=981159"},{"taxonomy":"heating","embeddable":true,"href":"https:\/\/carpe-sol.com\/hr\/wp-json\/wp\/v2\/heating?post=981159"},{"taxonomy":"kategorie","embeddable":true,"href":"https:\/\/carpe-sol.com\/hr\/wp-json\/wp\/v2\/kategorie?post=981159"},{"taxonomy":"location_feature","embeddable":true,"href":"https:\/\/carpe-sol.com\/hr\/wp-json\/wp\/v2\/location_feature?post=981159"},{"taxonomy":"parking","embeddable":true,"href":"https:\/\/carpe-sol.com\/hr\/wp-json\/wp\/v2\/parking?post=981159"},{"taxonomy":"utility","embeddable":true,"href":"https:\/\/carpe-sol.com\/hr\/wp-json\/wp\/v2\/utility?post=981159"}],"curies":[{"name":"wp","href":"https:\/\/api.w.org\/{rel}","templated":true}]}}